{"id":1471,"date":"2021-06-12T03:34:25","date_gmt":"2021-06-12T03:34:25","guid":{"rendered":"https:\/\/igrejavidacomdeus.com\/site\/?page_id=1471"},"modified":"2021-06-12T03:38:29","modified_gmt":"2021-06-12T03:38:29","slug":"podcasts","status":"publish","type":"page","link":"https:\/\/igrejavidacomdeus.com\/site\/podcasts\/","title":{"rendered":"Podcasts"},"content":{"rendered":"<div class=\"wpb-content-wrapper\"><p>[vc_row][vc_column width=&#8221;2\/3&#8243;]<div  class=\"jeg_breakingnews clearfix jnews_module__0_69f2761842a12   \">\n                <div class=\"jeg_breakingnews_title\"><i class=\"fas fa-bolt\">&nbsp;<\/i> <span>NEWSFLASH<\/span><\/div>\n\n                <div class=\"jeg_news_ticker\" data-autoplay='true' data-delay='3000' data-animation='vertical'>\n                    <div class=\"jeg_news_ticker_items\">\n                        <div class=\"jeg_news_ticker_item jeg_news_ticker_animated jeg_news_ticker_active format-standard\">\n                <span>\n                    <a href=\"https:\/\/igrejavidacomdeus.com\/site\/oracao-da-meia-noite\/\" >Ora\u00e7\u00e3o da Meia noite<\/a>\n                <\/span>\n                <span class=\"post-date\">\n                    3 anos ago\n                <\/span>\n            <\/div><div class=\"jeg_news_ticker_item jeg_news_ticker_animated  format-standard\">\n                <span>\n                    <a href=\"https:\/\/igrejavidacomdeus.com\/site\/a-troca-do-espirito\/\" >A Troca do Esp\u00edrito<\/a>\n                <\/span>\n                <span class=\"post-date\">\n                    3 anos ago\n                <\/span>\n            <\/div><div class=\"jeg_news_ticker_item jeg_news_ticker_animated  format-standard\">\n                <span>\n                    <a href=\"https:\/\/igrejavidacomdeus.com\/site\/reencontro\/\" >REENCONTRO<\/a>\n                <\/span>\n                <span class=\"post-date\">\n                    3 anos ago\n                <\/span>\n            <\/div><div class=\"jeg_news_ticker_item jeg_news_ticker_animated  format-standard\">\n                <span>\n                    <a href=\"https:\/\/igrejavidacomdeus.com\/site\/verdade-seja-dita\/\" >Verdade Seja Dita<\/a>\n                <\/span>\n                <span class=\"post-date\">\n                    4 anos ago\n                <\/span>\n            <\/div><div class=\"jeg_news_ticker_item jeg_news_ticker_animated  format-standard\">\n                <span>\n                    <a href=\"https:\/\/igrejavidacomdeus.com\/site\/termino-da-campanha-de-21-dias-de-jejum-e-oracao-deus-abencoe-a-todos-que-tiveram-a-oportunidade-de-participar-ouvindo-algumas-mensagens\/\" >T\u00e9rmino da campanha de 21 dias de jejum e ora\u00e7\u00e3o. Deus aben\u00e7oe a todos que tiveram a oportunidade de participar ouvindo algumas mensagens<\/a>\n                <\/span>\n                <span class=\"post-date\">\n                    4 anos ago\n                <\/span>\n            <\/div>\n                    <\/div>\n                    <div class=\"jeg_news_ticker_control\">\n                        <div class=\"jeg_news_ticker_next jeg_news_ticker_arrow\"><span>Next<\/span><\/div>\n                        <div class=\"jeg_news_ticker_prev jeg_news_ticker_arrow\"><span>Prev<\/span><\/div>\n                    <\/div>\n                <\/div>\n                \n            <\/div><div  class=\"jeg_slider_wrapper jeg_slider_type_1_wrapper jnews_module__1_69f27618448f1  \">\n                    <div class=\"jeg_slider_type_1 jeg_slider\" data-autoplay=\"true\" data-delay=\"6000\" data-hover-action=\"\">\n                        <div class=\"jeg_slide_item\">\n                    \n                    <a href=\"https:\/\/igrejavidacomdeus.com\/site\/oracao-da-meia-noite\/\" class=\"jeg_slide_img\"><div class=\"thumbnail-container size-500 \"><img loading=\"lazy\" decoding=\"async\" width=\"600\" height=\"375\" src=\"https:\/\/igrejavidacomdeus.com\/site\/wp-content\/themes\/jnews\/assets\/img\/jeg-empty.png\" class=\"attachment-jnews-750x375 size-jnews-750x375 owl-lazy lazyload\" alt=\"Ora\u00e7\u00e3o da Meia noite\" sizes=\"auto, (max-width: 600px) 100vw, 600px\" data-src=\"https:\/\/igrejavidacomdeus.com\/site\/wp-content\/uploads\/2023\/06\/oracao00.jpg\" \/><\/div><\/a>\n                    <div class=\"jeg_slide_caption\">\n                        <div class=\"jeg_caption_container\">\n                            <div class=\"jeg_post_category\">\n                                <a href=\"https:\/\/igrejavidacomdeus.com\/site\/category\/blog\/\" class=\"category-blog\">Blog<\/a>\n                            <\/div>\n                            <h2 class=\"jeg_post_title\">\n                                <a href=\"https:\/\/igrejavidacomdeus.com\/site\/oracao-da-meia-noite\/\" >Ora\u00e7\u00e3o da Meia noite<\/a>\n                            <\/h2>\n                            <div class=\"jeg_post_meta\"><span class=\"jeg_meta_author\">by <a href=\"https:\/\/igrejavidacomdeus.com\/site\/author\/igrejavidacomdeus\/\">igrejavidacomdeus<\/a><\/span><span class=\"jeg_meta_date\"><\/span><\/div>\n                        <\/div>\n                    <\/div>\n                <\/div><div class=\"jeg_slide_item\">\n                    \n                    <a href=\"https:\/\/igrejavidacomdeus.com\/site\/a-troca-do-espirito\/\" class=\"jeg_slide_img\"><div class=\"thumbnail-container size-500 \"><img loading=\"lazy\" decoding=\"async\" width=\"600\" height=\"375\" src=\"https:\/\/igrejavidacomdeus.com\/site\/wp-content\/themes\/jnews\/assets\/img\/jeg-empty.png\" class=\"attachment-jnews-750x375 size-jnews-750x375 owl-lazy lazyload\" alt=\"A Troca do Esp\u00edrito\" sizes=\"auto, (max-width: 600px) 100vw, 600px\" data-src=\"https:\/\/igrejavidacomdeus.com\/site\/wp-content\/uploads\/2023\/06\/trocadeespirito.jpg\" \/><\/div><\/a>\n                    <div class=\"jeg_slide_caption\">\n                        <div class=\"jeg_caption_container\">\n                            <div class=\"jeg_post_category\">\n                                <a href=\"https:\/\/igrejavidacomdeus.com\/site\/category\/blog\/\" class=\"category-blog\">Blog<\/a>\n                            <\/div>\n                            <h2 class=\"jeg_post_title\">\n                                <a href=\"https:\/\/igrejavidacomdeus.com\/site\/a-troca-do-espirito\/\" >A Troca do Esp\u00edrito<\/a>\n                            <\/h2>\n                            <div class=\"jeg_post_meta\"><span class=\"jeg_meta_author\">by <a href=\"https:\/\/igrejavidacomdeus.com\/site\/author\/igrejavidacomdeus\/\">igrejavidacomdeus<\/a><\/span><span class=\"jeg_meta_date\"><\/span><\/div>\n                        <\/div>\n                    <\/div>\n                <\/div><div class=\"jeg_slide_item\">\n                    \n                    <a href=\"https:\/\/igrejavidacomdeus.com\/site\/reencontro\/\" class=\"jeg_slide_img\"><div class=\"thumbnail-container size-500 \"><img loading=\"lazy\" decoding=\"async\" width=\"600\" height=\"375\" src=\"https:\/\/igrejavidacomdeus.com\/site\/wp-content\/themes\/jnews\/assets\/img\/jeg-empty.png\" class=\"attachment-jnews-750x375 size-jnews-750x375 owl-lazy lazyload\" alt=\"REENCONTRO\" sizes=\"auto, (max-width: 600px) 100vw, 600px\" data-src=\"https:\/\/igrejavidacomdeus.com\/site\/wp-content\/uploads\/2023\/03\/reecontro-no-site.jpg\" \/><\/div><\/a>\n                    <div class=\"jeg_slide_caption\">\n                        <div class=\"jeg_caption_container\">\n                            <div class=\"jeg_post_category\">\n                                <a href=\"https:\/\/igrejavidacomdeus.com\/site\/category\/blog\/\" class=\"category-blog\">Blog<\/a>\n                            <\/div>\n                            <h2 class=\"jeg_post_title\">\n                                <a href=\"https:\/\/igrejavidacomdeus.com\/site\/reencontro\/\" >REENCONTRO<\/a>\n                            <\/h2>\n                            <div class=\"jeg_post_meta\"><span class=\"jeg_meta_author\">by <a href=\"https:\/\/igrejavidacomdeus.com\/site\/author\/igrejavidacomdeus\/\">igrejavidacomdeus<\/a><\/span><span class=\"jeg_meta_date\"><\/span><\/div>\n                        <\/div>\n                    <\/div>\n                <\/div><div class=\"jeg_slide_item\">\n                    \n                    <a href=\"https:\/\/igrejavidacomdeus.com\/site\/verdade-seja-dita\/\" class=\"jeg_slide_img\"><div class=\"thumbnail-container size-500 \"><img loading=\"lazy\" decoding=\"async\" width=\"750\" height=\"375\" src=\"https:\/\/igrejavidacomdeus.com\/site\/wp-content\/themes\/jnews\/assets\/img\/jeg-empty.png\" class=\"attachment-jnews-750x375 size-jnews-750x375 owl-lazy lazyload\" alt=\"Verdade Seja Dita\" sizes=\"auto, (max-width: 750px) 100vw, 750px\" data-src=\"https:\/\/igrejavidacomdeus.com\/site\/wp-content\/uploads\/2022\/08\/terca-750x375.jpg\" \/><\/div><\/a>\n                    <div class=\"jeg_slide_caption\">\n                        <div class=\"jeg_caption_container\">\n                            <div class=\"jeg_post_category\">\n                                <a href=\"https:\/\/igrejavidacomdeus.com\/site\/category\/blog\/\" class=\"category-blog\">Blog<\/a>\n                            <\/div>\n                            <h2 class=\"jeg_post_title\">\n                                <a href=\"https:\/\/igrejavidacomdeus.com\/site\/verdade-seja-dita\/\" >Verdade Seja Dita<\/a>\n                            <\/h2>\n                            <div class=\"jeg_post_meta\"><span class=\"jeg_meta_author\">by <a href=\"https:\/\/igrejavidacomdeus.com\/site\/author\/igrejavidacomdeus\/\">igrejavidacomdeus<\/a><\/span><span class=\"jeg_meta_date\"><\/span><\/div>\n                        <\/div>\n                    <\/div>\n                <\/div><div class=\"jeg_slide_item\">\n                    \n                    <a href=\"https:\/\/igrejavidacomdeus.com\/site\/termino-da-campanha-de-21-dias-de-jejum-e-oracao-deus-abencoe-a-todos-que-tiveram-a-oportunidade-de-participar-ouvindo-algumas-mensagens\/\" class=\"jeg_slide_img\"><div class=\"thumbnail-container size-500 \"><img loading=\"lazy\" decoding=\"async\" width=\"600\" height=\"375\" src=\"https:\/\/igrejavidacomdeus.com\/site\/wp-content\/themes\/jnews\/assets\/img\/jeg-empty.png\" class=\"attachment-jnews-750x375 size-jnews-750x375 owl-lazy lazyload\" alt=\"T\u00e9rmino da campanha de 21 dias de jejum e ora\u00e7\u00e3o. Deus aben\u00e7oe a todos que tiveram a oportunidade de participar ouvindo algumas mensagens\" data-src=\"https:\/\/igrejavidacomdeus.com\/site\/wp-content\/uploads\/2022\/08\/jejum-dia-21-600x375.jpg\" \/><\/div><\/a>\n                    <div class=\"jeg_slide_caption\">\n                        <div class=\"jeg_caption_container\">\n                            <div class=\"jeg_post_category\">\n                                <a href=\"https:\/\/igrejavidacomdeus.com\/site\/category\/21-dias-de-jejum-2022\/\" class=\"category-21-dias-de-jejum-2022\">21 dias de Jejum 2022<\/a>\n                            <\/div>\n                            <h2 class=\"jeg_post_title\">\n                                <a href=\"https:\/\/igrejavidacomdeus.com\/site\/termino-da-campanha-de-21-dias-de-jejum-e-oracao-deus-abencoe-a-todos-que-tiveram-a-oportunidade-de-participar-ouvindo-algumas-mensagens\/\" >T\u00e9rmino da campanha de 21 dias de jejum e ora\u00e7\u00e3o. Deus aben\u00e7oe a todos que tiveram a oportunidade de participar ouvindo algumas mensagens<\/a>\n                            <\/h2>\n                            <div class=\"jeg_post_meta\"><span class=\"jeg_meta_author\">by <a href=\"https:\/\/igrejavidacomdeus.com\/site\/author\/igrejavidacomdeus\/\">igrejavidacomdeus<\/a><\/span><span class=\"jeg_meta_date\"><\/span><\/div>\n                        <\/div>\n                    <\/div>\n                <\/div><div class=\"jeg_slide_item\">\n                    \n                    <a href=\"https:\/\/igrejavidacomdeus.com\/site\/20o-dia-do-jejum-penultima-mensagem-da-campanha-ouca-ate-o-final\/\" class=\"jeg_slide_img\"><div class=\"thumbnail-container size-500 \"><img loading=\"lazy\" decoding=\"async\" width=\"600\" height=\"375\" src=\"https:\/\/igrejavidacomdeus.com\/site\/wp-content\/themes\/jnews\/assets\/img\/jeg-empty.png\" class=\"attachment-jnews-750x375 size-jnews-750x375 owl-lazy lazyload\" alt=\"20\u00ba dia do Jejum Pen\u00faltima mensagem da campanha ou\u00e7a at\u00e9 o final\" data-src=\"https:\/\/igrejavidacomdeus.com\/site\/wp-content\/uploads\/2022\/08\/jejum-dia-20-600x375.jpg\" \/><\/div><\/a>\n                    <div class=\"jeg_slide_caption\">\n                        <div class=\"jeg_caption_container\">\n                            <div class=\"jeg_post_category\">\n                                <a href=\"https:\/\/igrejavidacomdeus.com\/site\/category\/21-dias-de-jejum-2022\/\" class=\"category-21-dias-de-jejum-2022\">21 dias de Jejum 2022<\/a>\n                            <\/div>\n                            <h2 class=\"jeg_post_title\">\n                                <a href=\"https:\/\/igrejavidacomdeus.com\/site\/20o-dia-do-jejum-penultima-mensagem-da-campanha-ouca-ate-o-final\/\" >20\u00ba dia do Jejum Pen\u00faltima mensagem da campanha ou\u00e7a at\u00e9 o final<\/a>\n                            <\/h2>\n                            <div class=\"jeg_post_meta\"><span class=\"jeg_meta_author\">by <a href=\"https:\/\/igrejavidacomdeus.com\/site\/author\/igrejavidacomdeus\/\">igrejavidacomdeus<\/a><\/span><span class=\"jeg_meta_date\"><\/span><\/div>\n                        <\/div>\n                    <\/div>\n                <\/div><div class=\"jeg_slide_item\">\n                    \n                    <a href=\"https:\/\/igrejavidacomdeus.com\/site\/19o-dia-do-jejum-pedacinho-mensagem-de-libertacao-sexta-feira\/\" class=\"jeg_slide_img\"><div class=\"thumbnail-container size-500 \"><img loading=\"lazy\" decoding=\"async\" width=\"600\" height=\"375\" src=\"https:\/\/igrejavidacomdeus.com\/site\/wp-content\/themes\/jnews\/assets\/img\/jeg-empty.png\" class=\"attachment-jnews-750x375 size-jnews-750x375 owl-lazy lazyload\" alt=\"19\u00ba dia do Jejum Pedacinho mensagem de liberta\u00e7\u00e3o sexta feira\" data-src=\"https:\/\/igrejavidacomdeus.com\/site\/wp-content\/uploads\/2022\/08\/jejum-dia-19-600x375.jpg\" \/><\/div><\/a>\n                    <div class=\"jeg_slide_caption\">\n                        <div class=\"jeg_caption_container\">\n                            <div class=\"jeg_post_category\">\n                                <a href=\"https:\/\/igrejavidacomdeus.com\/site\/category\/21-dias-de-jejum-2022\/\" class=\"category-21-dias-de-jejum-2022\">21 dias de Jejum 2022<\/a>\n                            <\/div>\n                            <h2 class=\"jeg_post_title\">\n                                <a href=\"https:\/\/igrejavidacomdeus.com\/site\/19o-dia-do-jejum-pedacinho-mensagem-de-libertacao-sexta-feira\/\" >19\u00ba dia do Jejum Pedacinho mensagem de liberta\u00e7\u00e3o sexta feira<\/a>\n                            <\/h2>\n                            <div class=\"jeg_post_meta\"><span class=\"jeg_meta_author\">by <a href=\"https:\/\/igrejavidacomdeus.com\/site\/author\/igrejavidacomdeus\/\">igrejavidacomdeus<\/a><\/span><span class=\"jeg_meta_date\"><\/span><\/div>\n                        <\/div>\n                    <\/div>\n                <\/div><div class=\"jeg_slide_item\">\n                    \n                    <a href=\"https:\/\/igrejavidacomdeus.com\/site\/18o-dia-de-jejum-vamos-amigos-ouca-a-fe-e-se-inscreva-no-canal\/\" class=\"jeg_slide_img\"><div class=\"thumbnail-container size-500 \"><img loading=\"lazy\" decoding=\"async\" width=\"480\" height=\"360\" src=\"https:\/\/igrejavidacomdeus.com\/site\/wp-content\/themes\/jnews\/assets\/img\/jeg-empty.png\" class=\"attachment-jnews-750x375 size-jnews-750x375 owl-lazy lazyload\" alt=\"18\u00ba dia de Jejum vamos amigos ou\u00e7a a F\u00c9 e se inscreva no canal\" sizes=\"auto, (max-width: 480px) 100vw, 480px\" data-src=\"https:\/\/igrejavidacomdeus.com\/site\/wp-content\/uploads\/2022\/07\/jyqofr8e-pi.jpg\" \/><\/div><\/a>\n                    <div class=\"jeg_slide_caption\">\n                        <div class=\"jeg_caption_container\">\n                            <div class=\"jeg_post_category\">\n                                <a href=\"https:\/\/igrejavidacomdeus.com\/site\/category\/21-dias-de-jejum-2022\/\" class=\"category-21-dias-de-jejum-2022\">21 dias de Jejum 2022<\/a>\n                            <\/div>\n                            <h2 class=\"jeg_post_title\">\n                                <a href=\"https:\/\/igrejavidacomdeus.com\/site\/18o-dia-de-jejum-vamos-amigos-ouca-a-fe-e-se-inscreva-no-canal\/\" >18\u00ba dia de Jejum vamos amigos ou\u00e7a a F\u00c9 e se inscreva no canal<\/a>\n                            <\/h2>\n                            <div class=\"jeg_post_meta\"><span class=\"jeg_meta_author\">by <a href=\"https:\/\/igrejavidacomdeus.com\/site\/author\/igrejavidacomdeus\/\">igrejavidacomdeus<\/a><\/span><span class=\"jeg_meta_date\"><\/span><\/div>\n                        <\/div>\n                    <\/div>\n                <\/div>\n                    <\/div>\n                    <div class=\"jeg_slider_thumbnail_wrapper\">\n                        <div class=\"jeg_slider_thumbnail\">\n                            <div class=\"jeg_slide_thumbnail_item_wrapper\" ><div  class=\"jeg_slide_thumbnail_item format-standard\"><a href=\"https:\/\/igrejavidacomdeus.com\/site\/oracao-da-meia-noite\/\"><div class=\"thumbnail-container size-715 \"><img loading=\"lazy\" decoding=\"async\" width=\"120\" height=\"86\" src=\"https:\/\/igrejavidacomdeus.com\/site\/wp-content\/themes\/jnews\/assets\/img\/jeg-empty.png\" class=\"attachment-jnews-120x86 size-jnews-120x86 owl-lazy lazyload\" alt=\"Ora\u00e7\u00e3o da Meia noite\" sizes=\"auto, (max-width: 120px) 100vw, 120px\" data-src=\"https:\/\/igrejavidacomdeus.com\/site\/wp-content\/uploads\/2023\/06\/oracao00-120x86.jpg\" \/><\/div><\/a><\/div><\/div><div class=\"jeg_slide_thumbnail_item_wrapper\" ><div  class=\"jeg_slide_thumbnail_item format-standard\"><a href=\"https:\/\/igrejavidacomdeus.com\/site\/a-troca-do-espirito\/\"><div class=\"thumbnail-container size-715 \"><img loading=\"lazy\" decoding=\"async\" width=\"120\" height=\"86\" src=\"https:\/\/igrejavidacomdeus.com\/site\/wp-content\/themes\/jnews\/assets\/img\/jeg-empty.png\" class=\"attachment-jnews-120x86 size-jnews-120x86 owl-lazy lazyload\" alt=\"A Troca do Esp\u00edrito\" sizes=\"auto, (max-width: 120px) 100vw, 120px\" data-src=\"https:\/\/igrejavidacomdeus.com\/site\/wp-content\/uploads\/2023\/06\/trocadeespirito-120x86.jpg\" \/><\/div><\/a><\/div><\/div><div class=\"jeg_slide_thumbnail_item_wrapper\" ><div  class=\"jeg_slide_thumbnail_item format-standard\"><a href=\"https:\/\/igrejavidacomdeus.com\/site\/reencontro\/\"><div class=\"thumbnail-container size-715 \"><img loading=\"lazy\" decoding=\"async\" width=\"120\" height=\"86\" src=\"https:\/\/igrejavidacomdeus.com\/site\/wp-content\/themes\/jnews\/assets\/img\/jeg-empty.png\" class=\"attachment-jnews-120x86 size-jnews-120x86 owl-lazy lazyload\" alt=\"REENCONTRO\" sizes=\"auto, (max-width: 120px) 100vw, 120px\" data-src=\"https:\/\/igrejavidacomdeus.com\/site\/wp-content\/uploads\/2023\/03\/reecontro-no-site-120x86.jpg\" \/><\/div><\/a><\/div><\/div><div class=\"jeg_slide_thumbnail_item_wrapper\" ><div  class=\"jeg_slide_thumbnail_item format-standard\"><a href=\"https:\/\/igrejavidacomdeus.com\/site\/verdade-seja-dita\/\"><div class=\"thumbnail-container size-715 \"><img loading=\"lazy\" decoding=\"async\" width=\"120\" height=\"86\" src=\"https:\/\/igrejavidacomdeus.com\/site\/wp-content\/themes\/jnews\/assets\/img\/jeg-empty.png\" class=\"attachment-jnews-120x86 size-jnews-120x86 owl-lazy lazyload\" alt=\"Verdade Seja Dita\" sizes=\"auto, (max-width: 120px) 100vw, 120px\" data-src=\"https:\/\/igrejavidacomdeus.com\/site\/wp-content\/uploads\/2022\/08\/terca-120x86.jpg\" \/><\/div><\/a><\/div><\/div><div class=\"jeg_slide_thumbnail_item_wrapper\" ><div  class=\"jeg_slide_thumbnail_item format-standard\"><a href=\"https:\/\/igrejavidacomdeus.com\/site\/termino-da-campanha-de-21-dias-de-jejum-e-oracao-deus-abencoe-a-todos-que-tiveram-a-oportunidade-de-participar-ouvindo-algumas-mensagens\/\"><div class=\"thumbnail-container size-715 \"><img loading=\"lazy\" decoding=\"async\" width=\"120\" height=\"86\" src=\"https:\/\/igrejavidacomdeus.com\/site\/wp-content\/themes\/jnews\/assets\/img\/jeg-empty.png\" class=\"attachment-jnews-120x86 size-jnews-120x86 owl-lazy lazyload\" alt=\"T\u00e9rmino da campanha de 21 dias de jejum e ora\u00e7\u00e3o. Deus aben\u00e7oe a todos que tiveram a oportunidade de participar ouvindo algumas mensagens\" sizes=\"auto, (max-width: 120px) 100vw, 120px\" data-src=\"https:\/\/igrejavidacomdeus.com\/site\/wp-content\/uploads\/2022\/08\/jejum-dia-21-120x86.jpg\" \/><\/div><\/a><\/div><\/div><div class=\"jeg_slide_thumbnail_item_wrapper\" ><div  class=\"jeg_slide_thumbnail_item format-standard\"><a href=\"https:\/\/igrejavidacomdeus.com\/site\/20o-dia-do-jejum-penultima-mensagem-da-campanha-ouca-ate-o-final\/\"><div class=\"thumbnail-container size-715 \"><img loading=\"lazy\" decoding=\"async\" width=\"120\" height=\"86\" src=\"https:\/\/igrejavidacomdeus.com\/site\/wp-content\/themes\/jnews\/assets\/img\/jeg-empty.png\" class=\"attachment-jnews-120x86 size-jnews-120x86 owl-lazy lazyload\" alt=\"20\u00ba dia do Jejum Pen\u00faltima mensagem da campanha ou\u00e7a at\u00e9 o final\" sizes=\"auto, (max-width: 120px) 100vw, 120px\" data-src=\"https:\/\/igrejavidacomdeus.com\/site\/wp-content\/uploads\/2022\/08\/jejum-dia-20-120x86.jpg\" \/><\/div><\/a><\/div><\/div><div class=\"jeg_slide_thumbnail_item_wrapper\" ><div  class=\"jeg_slide_thumbnail_item format-standard\"><a href=\"https:\/\/igrejavidacomdeus.com\/site\/19o-dia-do-jejum-pedacinho-mensagem-de-libertacao-sexta-feira\/\"><div class=\"thumbnail-container size-715 \"><img loading=\"lazy\" decoding=\"async\" width=\"120\" height=\"86\" src=\"https:\/\/igrejavidacomdeus.com\/site\/wp-content\/themes\/jnews\/assets\/img\/jeg-empty.png\" class=\"attachment-jnews-120x86 size-jnews-120x86 owl-lazy lazyload\" alt=\"19\u00ba dia do Jejum Pedacinho mensagem de liberta\u00e7\u00e3o sexta feira\" sizes=\"auto, (max-width: 120px) 100vw, 120px\" data-src=\"https:\/\/igrejavidacomdeus.com\/site\/wp-content\/uploads\/2022\/08\/jejum-dia-19-120x86.jpg\" \/><\/div><\/a><\/div><\/div><div class=\"jeg_slide_thumbnail_item_wrapper\" ><div  class=\"jeg_slide_thumbnail_item format-standard\"><a href=\"https:\/\/igrejavidacomdeus.com\/site\/18o-dia-de-jejum-vamos-amigos-ouca-a-fe-e-se-inscreva-no-canal\/\"><div class=\"thumbnail-container size-715 \"><img loading=\"lazy\" decoding=\"async\" width=\"120\" height=\"86\" src=\"https:\/\/igrejavidacomdeus.com\/site\/wp-content\/themes\/jnews\/assets\/img\/jeg-empty.png\" class=\"attachment-jnews-120x86 size-jnews-120x86 owl-lazy lazyload\" alt=\"18\u00ba dia de Jejum vamos amigos ou\u00e7a a F\u00c9 e se inscreva no canal\" sizes=\"auto, (max-width: 120px) 100vw, 120px\" data-src=\"https:\/\/igrejavidacomdeus.com\/site\/wp-content\/uploads\/2022\/07\/jyqofr8e-pi-120x86.jpg\" \/><\/div><\/a><\/div><\/div>\n                        <\/div>\n                    <\/div>\n                <\/div><div  class=\"jeg_postblock_5 jeg_postblock jeg_module_hook jeg_pagination_disable jeg_col_2o3 jnews_module__2_69f2761848fc2   \" data-unique=\"jnews_module__2_69f2761848fc2\">\n\t\t\t\t\t<div class=\"jeg_block_heading jeg_block_heading_2 jeg_subcat_right\">\n                     <h3 class=\"jeg_block_title\"><span><i class='fas fa-braille'><\/i>Mensagens<strong>Destacadas<\/strong><\/span><\/h3>\n                     <div class=\"jeg_subcat\">\n                    <ul class=\"jeg_subcat_list\">\n                        <li><a class=\"subclass-filter current\" href=\"#\" data-type='all' data-id='0'>Todas<\/a><\/li><li><a class=\"subclass-filter\" href=\"https:\/\/igrejavidacomdeus.com\/site\/category\/videos\/\" data-type='category' data-id='43'>Galeria de V\u00eddeos<\/a><\/li><li><a class=\"subclass-filter\" href=\"https:\/\/igrejavidacomdeus.com\/site\/category\/programas-radio\/\" data-type='category' data-id='51'>Programas R\u00e1dio<\/a><\/li>\n                    <\/ul>\n                <\/div>\n                 <\/div>\n\t\t\t\t\t<div class=\"jeg_block_container\">\n                    \n                    <div class=\"jeg_posts jeg_load_more_flag\"><article class=\"jeg_post jeg_pl_lg_2 format-standard\">\n                    <div class=\"jeg_thumb\">\n                        \n                        <a href=\"https:\/\/igrejavidacomdeus.com\/site\/17o-dia-de-jejum-ouca-sobre-um-velho-espirito\/\"><div class=\"thumbnail-container animate-lazy  size-715 \"><img loading=\"lazy\" decoding=\"async\" width=\"350\" height=\"250\" src=\"https:\/\/igrejavidacomdeus.com\/site\/wp-content\/themes\/jnews\/assets\/img\/jeg-empty.png\" class=\"attachment-jnews-350x250 size-jnews-350x250 lazyload wp-post-image\" alt=\"17\u00ba dia de Jejum Ou\u00e7a sobre um velho espirito\" sizes=\"auto, (max-width: 350px) 100vw, 350px\" data-src=\"https:\/\/igrejavidacomdeus.com\/site\/wp-content\/uploads\/2022\/07\/jejum-dia-17-350x250.jpg\" data-srcset=\"https:\/\/igrejavidacomdeus.com\/site\/wp-content\/uploads\/2022\/07\/jejum-dia-17-350x250.jpg 350w, https:\/\/igrejavidacomdeus.com\/site\/wp-content\/uploads\/2022\/07\/jejum-dia-17-120x86.jpg 120w\" data-sizes=\"auto\" data-expand=\"700\" \/><\/div><\/a>\n                        <div class=\"jeg_post_category\">\n                            <span><a href=\"https:\/\/igrejavidacomdeus.com\/site\/category\/21-dias-de-jejum-2022\/\" class=\"category-21-dias-de-jejum-2022\">21 dias de Jejum 2022<\/a><\/span>\n                        <\/div>\n                    <\/div>\n                    <div class=\"jeg_postblock_content\">\n                        <h3 class=\"jeg_post_title\">\n                            <a href=\"https:\/\/igrejavidacomdeus.com\/site\/17o-dia-de-jejum-ouca-sobre-um-velho-espirito\/\">17\u00ba dia de Jejum Ou\u00e7a sobre um velho espirito<\/a>\n                        <\/h3>\n                        <div class=\"jeg_post_meta\"><div class=\"jeg_meta_author\"><span class=\"by\">by<\/span> <a href=\"https:\/\/igrejavidacomdeus.com\/site\/author\/igrejavidacomdeus\/\">igrejavidacomdeus<\/a><\/div><div class=\"jeg_meta_date\"><a href=\"https:\/\/igrejavidacomdeus.com\/site\/17o-dia-de-jejum-ouca-sobre-um-velho-espirito\/\"><i class=\"fa fa-clock-o\"><\/i> <\/a><\/div><div class=\"jeg_meta_comment\"><a href=\"https:\/\/igrejavidacomdeus.com\/site\/17o-dia-de-jejum-ouca-sobre-um-velho-espirito\/\" ><i class=\"fa fa-comment-o\"><\/i> 0 <\/a><\/div><\/div>\n                        <div class=\"jeg_post_excerpt\">\n                            <p><\/p>\n                            <a href=\"https:\/\/igrejavidacomdeus.com\/site\/17o-dia-de-jejum-ouca-sobre-um-velho-espirito\/\" class=\"jeg_readmore\">Read more<\/a>\n                        <\/div>\n                    <\/div>\n                <\/article><\/div>\n                    <div class='module-overlay'>\n\t\t\t\t    <div class='preloader_type preloader_dot'>\n\t\t\t\t        <div class=\"module-preloader jeg_preloader dot\">\n\t\t\t\t            <span><\/span><span><\/span><span><\/span>\n\t\t\t\t        <\/div>\n\t\t\t\t        <div class=\"module-preloader jeg_preloader circle\">\n\t\t\t\t            <div class=\"jnews_preloader_circle_outer\">\n\t\t\t\t                <div class=\"jnews_preloader_circle_inner\"><\/div>\n\t\t\t\t            <\/div>\n\t\t\t\t        <\/div>\n\t\t\t\t        <div class=\"module-preloader jeg_preloader square\">\n\t\t\t\t            <div class=\"jeg_square\">\n\t\t\t\t                <div class=\"jeg_square_inner\"><\/div>\n\t\t\t\t            <\/div>\n\t\t\t\t        <\/div>\n\t\t\t\t    <\/div>\n\t\t\t\t<\/div>\n                <\/div>\n                <div class=\"jeg_block_navigation\">\n                    <div class='navigation_overlay'><div class='module-preloader jeg_preloader'><span><\/span><span><\/span><span><\/span><\/div><\/div>\n                    \n                    \n                <\/div>\n\t\t\t\t\t\n\t\t\t\t\t<script>var jnews_module__2_69f2761848fc2 = {\"header_icon\":\"fas fa-braille\",\"first_title\":\"Mensagens\",\"second_title\":\"Destacadas\",\"url\":\"\",\"header_type\":\"heading_2\",\"header_background\":\"\",\"header_secondary_background\":\"\",\"header_text_color\":\"\",\"header_line_color\":\"\",\"header_accent_color\":\"\",\"header_filter_category\":\"43,51\",\"header_filter_author\":\"\",\"header_filter_tag\":\"\",\"header_filter_text\":\"Todas\",\"post_type\":\"post\",\"content_type\":\"all\",\"number_post\":\"1\",\"post_offset\":\"0\",\"unique_content\":\"unique1\",\"include_post\":\"\",\"exclude_post\":\"3204,3201,3195,3102,3096,3092,3088,3083\",\"include_category\":\"\",\"exclude_category\":\"\",\"include_author\":\"\",\"include_tag\":\"\",\"exclude_tag\":\"\",\"product_brand\":\"\",\"product_cat\":\"\",\"product_tag\":\"\",\"sort_by\":\"latest\",\"date_format\":\"default\",\"date_format_custom\":\"Y\\\/m\\\/d\",\"excerpt_length\":\"20\",\"excerpt_ellipsis\":\"...\",\"force_normal_image_load\":\"\",\"pagination_mode\":\"disable\",\"pagination_nextprev_showtext\":\"\",\"pagination_number_post\":4,\"pagination_scroll_limit\":0,\"ads_type\":\"disable\",\"ads_position\":1,\"ads_random\":\"\",\"ads_image\":\"\",\"ads_image_tablet\":\"\",\"ads_image_phone\":\"\",\"ads_image_link\":\"\",\"ads_image_alt\":\"\",\"ads_image_new_tab\":\"\",\"google_publisher_id\":\"\",\"google_slot_id\":\"\",\"google_desktop\":\"auto\",\"google_tab\":\"auto\",\"google_phone\":\"auto\",\"content\":\"\",\"ads_bottom_text\":\"\",\"boxed\":\"\",\"boxed_shadow\":\"\",\"el_id\":\"\",\"el_class\":\"\",\"scheme\":\"\",\"column_width\":\"auto\",\"title_color\":\"\",\"accent_color\":\"\",\"alt_color\":\"\",\"excerpt_color\":\"\",\"css\":\"\",\"compatible_column_notice\":\"\",\"paged\":1,\"column_class\":\"jeg_col_2o3\",\"class\":\"jnews_block_5\"};<\/script>\n\t\t\t\t<\/div><div  class=\"jeg_postblock_22 jeg_postblock jeg_module_hook jeg_pagination_loadmore jeg_col_2o3 jnews_module__3_69f276184aa23   \" data-unique=\"jnews_module__3_69f276184aa23\">\n\t\t\t\t\t\n\t\t\t\t\t<div class=\"jeg_block_container\">\n                    \n                    <div class=\"jeg_posts_wrap\">\n                    <div class=\"jeg_posts jeg_load_more_flag\"> \n                        <article class=\"jeg_post jeg_pl_md_5 format-standard\">\n                    <div class=\"jeg_thumb\">\n                        \n                        <a href=\"https:\/\/igrejavidacomdeus.com\/site\/16o-dia-da-campanha-de-21-dias-de-jejum-e-oracao-muito-forte\/\"><div class=\"thumbnail-container animate-lazy  size-715 \"><img loading=\"lazy\" decoding=\"async\" width=\"350\" height=\"250\" src=\"https:\/\/igrejavidacomdeus.com\/site\/wp-content\/themes\/jnews\/assets\/img\/jeg-empty.png\" class=\"attachment-jnews-350x250 size-jnews-350x250 lazyload wp-post-image\" alt=\"16\u00ba dia da campanha de 21 dias de jejum e ora\u00e7\u00e3o muito forte\" sizes=\"auto, (max-width: 350px) 100vw, 350px\" data-src=\"https:\/\/igrejavidacomdeus.com\/site\/wp-content\/uploads\/2022\/07\/jejum-dia-16-350x250.jpg\" data-srcset=\"https:\/\/igrejavidacomdeus.com\/site\/wp-content\/uploads\/2022\/07\/jejum-dia-16-350x250.jpg 350w, https:\/\/igrejavidacomdeus.com\/site\/wp-content\/uploads\/2022\/07\/jejum-dia-16-120x86.jpg 120w\" data-sizes=\"auto\" data-expand=\"700\" \/><\/div><\/a>\n                        <div class=\"jeg_post_category\">\n                            <span><a href=\"https:\/\/igrejavidacomdeus.com\/site\/category\/21-dias-de-jejum-2022\/\" class=\"category-21-dias-de-jejum-2022\">21 dias de Jejum 2022<\/a><\/span>\n                        <\/div>\n                    <\/div>\n                    <div class=\"jeg_postblock_content\">\n                        <h3 class=\"jeg_post_title\">\n                            <a href=\"https:\/\/igrejavidacomdeus.com\/site\/16o-dia-da-campanha-de-21-dias-de-jejum-e-oracao-muito-forte\/\">16\u00ba dia da campanha de 21 dias de jejum e ora\u00e7\u00e3o muito forte<\/a>\n                        <\/h3>\n                        <div class=\"jeg_post_meta\"><div class=\"jeg_meta_date\"><a href=\"https:\/\/igrejavidacomdeus.com\/site\/16o-dia-da-campanha-de-21-dias-de-jejum-e-oracao-muito-forte\/\" ><i class=\"fa fa-clock-o\"><\/i> <\/a><\/div><\/div>\n                    <\/div>\n                <\/article><article class=\"jeg_post jeg_pl_md_5 format-standard\">\n                    <div class=\"jeg_thumb\">\n                        \n                        <a href=\"https:\/\/igrejavidacomdeus.com\/site\/15o-dia-da-campanha-de-21-dias-de-jejum-e-oracao-muito-forte\/\"><div class=\"thumbnail-container animate-lazy  size-715 \"><img loading=\"lazy\" decoding=\"async\" width=\"350\" height=\"250\" src=\"https:\/\/igrejavidacomdeus.com\/site\/wp-content\/themes\/jnews\/assets\/img\/jeg-empty.png\" class=\"attachment-jnews-350x250 size-jnews-350x250 lazyload wp-post-image\" alt=\"15\u00ba dia da campanha de 21 dias de jejum e ora\u00e7\u00e3o muito forte\" sizes=\"auto, (max-width: 350px) 100vw, 350px\" data-src=\"https:\/\/igrejavidacomdeus.com\/site\/wp-content\/uploads\/2022\/07\/liwt5aure_4-350x250.jpg\" data-srcset=\"https:\/\/igrejavidacomdeus.com\/site\/wp-content\/uploads\/2022\/07\/liwt5aure_4-350x250.jpg 350w, https:\/\/igrejavidacomdeus.com\/site\/wp-content\/uploads\/2022\/07\/liwt5aure_4-120x86.jpg 120w\" data-sizes=\"auto\" data-expand=\"700\" \/><\/div><\/a>\n                        <div class=\"jeg_post_category\">\n                            <span><a href=\"https:\/\/igrejavidacomdeus.com\/site\/category\/21-dias-de-jejum-2022\/\" class=\"category-21-dias-de-jejum-2022\">21 dias de Jejum 2022<\/a><\/span>\n                        <\/div>\n                    <\/div>\n                    <div class=\"jeg_postblock_content\">\n                        <h3 class=\"jeg_post_title\">\n                            <a href=\"https:\/\/igrejavidacomdeus.com\/site\/15o-dia-da-campanha-de-21-dias-de-jejum-e-oracao-muito-forte\/\">15\u00ba dia da campanha de 21 dias de jejum e ora\u00e7\u00e3o muito forte<\/a>\n                        <\/h3>\n                        <div class=\"jeg_post_meta\"><div class=\"jeg_meta_date\"><a href=\"https:\/\/igrejavidacomdeus.com\/site\/15o-dia-da-campanha-de-21-dias-de-jejum-e-oracao-muito-forte\/\" ><i class=\"fa fa-clock-o\"><\/i> <\/a><\/div><\/div>\n                    <\/div>\n                <\/article><article class=\"jeg_post jeg_pl_md_5 format-standard\">\n                    <div class=\"jeg_thumb\">\n                        \n                        <a href=\"https:\/\/igrejavidacomdeus.com\/site\/14o-dia-da-campanha-de-21-dias-de-jejum-e-oracao\/\"><div class=\"thumbnail-container animate-lazy  size-715 \"><img loading=\"lazy\" decoding=\"async\" width=\"350\" height=\"250\" src=\"https:\/\/igrejavidacomdeus.com\/site\/wp-content\/themes\/jnews\/assets\/img\/jeg-empty.png\" class=\"attachment-jnews-350x250 size-jnews-350x250 lazyload wp-post-image\" alt=\"14\u00ba dia da campanha de 21 dias de jejum e ora\u00e7\u00e3o\" sizes=\"auto, (max-width: 350px) 100vw, 350px\" data-src=\"https:\/\/igrejavidacomdeus.com\/site\/wp-content\/uploads\/2022\/07\/jejum-dia-14-350x250.jpg\" data-srcset=\"https:\/\/igrejavidacomdeus.com\/site\/wp-content\/uploads\/2022\/07\/jejum-dia-14-350x250.jpg 350w, https:\/\/igrejavidacomdeus.com\/site\/wp-content\/uploads\/2022\/07\/jejum-dia-14-120x86.jpg 120w\" data-sizes=\"auto\" data-expand=\"700\" \/><\/div><\/a>\n                        <div class=\"jeg_post_category\">\n                            <span><a href=\"https:\/\/igrejavidacomdeus.com\/site\/category\/21-dias-de-jejum-2022\/\" class=\"category-21-dias-de-jejum-2022\">21 dias de Jejum 2022<\/a><\/span>\n                        <\/div>\n                    <\/div>\n                    <div class=\"jeg_postblock_content\">\n                        <h3 class=\"jeg_post_title\">\n                            <a href=\"https:\/\/igrejavidacomdeus.com\/site\/14o-dia-da-campanha-de-21-dias-de-jejum-e-oracao\/\">14\u00ba dia da campanha de 21 dias de jejum e ora\u00e7\u00e3o<\/a>\n                        <\/h3>\n                        <div class=\"jeg_post_meta\"><div class=\"jeg_meta_date\"><a href=\"https:\/\/igrejavidacomdeus.com\/site\/14o-dia-da-campanha-de-21-dias-de-jejum-e-oracao\/\" ><i class=\"fa fa-clock-o\"><\/i> <\/a><\/div><\/div>\n                    <\/div>\n                <\/article>\n                    <\/div>\n                <\/div>\n                    <div class='module-overlay'>\n\t\t\t\t    <div class='preloader_type preloader_dot'>\n\t\t\t\t        <div class=\"module-preloader jeg_preloader dot\">\n\t\t\t\t            <span><\/span><span><\/span><span><\/span>\n\t\t\t\t        <\/div>\n\t\t\t\t        <div class=\"module-preloader jeg_preloader circle\">\n\t\t\t\t            <div class=\"jnews_preloader_circle_outer\">\n\t\t\t\t                <div class=\"jnews_preloader_circle_inner\"><\/div>\n\t\t\t\t            <\/div>\n\t\t\t\t        <\/div>\n\t\t\t\t        <div class=\"module-preloader jeg_preloader square\">\n\t\t\t\t            <div class=\"jeg_square\">\n\t\t\t\t                <div class=\"jeg_square_inner\"><\/div>\n\t\t\t\t            <\/div>\n\t\t\t\t        <\/div>\n\t\t\t\t    <\/div>\n\t\t\t\t<\/div>\n                <\/div>\n                <div class=\"jeg_block_navigation\">\n                    <div class='navigation_overlay'><div class='module-preloader jeg_preloader'><span><\/span><span><\/span><span><\/span><\/div><\/div>\n                    <div class=\"jeg_block_loadmore \">\n                    <a href=\"#\" class='' data-load='Load More' data-loading='Loading...'> Load More<\/a>\n                <\/div>\n                    \n                <\/div>\n\t\t\t\t\t\n\t\t\t\t\t<script>var jnews_module__3_69f276184aa23 = {\"header_icon\":\"\",\"first_title\":\"\",\"second_title\":\"\",\"url\":\"\",\"header_type\":\"heading_6\",\"header_background\":\"\",\"header_secondary_background\":\"\",\"header_text_color\":\"\",\"header_line_color\":\"\",\"header_accent_color\":\"\",\"header_filter_category\":\"\",\"header_filter_author\":\"\",\"header_filter_tag\":\"\",\"header_filter_text\":\"Todos\",\"post_type\":\"post\",\"content_type\":\"all\",\"number_post\":\"3\",\"post_offset\":\"0\",\"unique_content\":\"unique1\",\"include_post\":\"\",\"exclude_post\":\"3204,3201,3195,3102,3096,3092,3088,3083,3079\",\"include_category\":\"\",\"exclude_category\":\"\",\"include_author\":\"\",\"include_tag\":\"\",\"exclude_tag\":\"\",\"product_brand\":\"\",\"product_cat\":\"\",\"product_tag\":\"\",\"sort_by\":\"latest\",\"date_format\":\"default\",\"date_format_custom\":\"Y\\\/m\\\/d\",\"force_normal_image_load\":\"\",\"pagination_mode\":\"loadmore\",\"pagination_nextprev_showtext\":\"\",\"pagination_number_post\":\"3\",\"pagination_scroll_limit\":0,\"boxed\":\"\",\"boxed_shadow\":\"\",\"el_id\":\"\",\"el_class\":\"\",\"scheme\":\"\",\"column_width\":\"auto\",\"title_color\":\"\",\"accent_color\":\"\",\"alt_color\":\"\",\"excerpt_color\":\"\",\"css\":\"\",\"compatible_column_notice\":\"\",\"paged\":1,\"column_class\":\"jeg_col_2o3\",\"class\":\"jnews_block_22\"};<\/script>\n\t\t\t\t<\/div><div  class=\"jeg_postblock_19 jeg_postblock jeg_module_hook jeg_pagination_disable jeg_col_2o3 jnews_module__4_69f276184cccc   \" data-unique=\"jnews_module__4_69f276184cccc\">\n\t\t\t\t\t<div class=\"jeg_block_heading jeg_block_heading_6 jeg_subcat_right\">\n                     <h3 class=\"jeg_block_title\"><span>+ Palavra de<strong>F\u00c9<\/strong><\/span><\/h3>\n                     <div class=\"jeg_subcat\">\n                    <ul class=\"jeg_subcat_list\">\n                        <li><a class=\"subclass-filter current\" href=\"#\" data-type='all' data-id='0'>Todos<\/a><\/li><li><a class=\"subclass-filter\" href=\"https:\/\/igrejavidacomdeus.com\/site\/category\/blog\/\" data-type='category' data-id='44'>Blog<\/a><\/li><li><a class=\"subclass-filter\" href=\"https:\/\/igrejavidacomdeus.com\/site\/category\/programas-radio\/\" data-type='category' data-id='51'>Programas R\u00e1dio<\/a><\/li>\n                    <\/ul>\n                <\/div>\n                 <\/div>\n\t\t\t\t\t<div class=\"jeg_block_container\">\n                \n                <div class=\"jeg_posts jeg_load_more_flag\">\n                    <article class=\"jeg_post jeg_pl_md_box format-standard\">\n                    <div class=\"box_wrap\">\n                    <div class=\"jeg_thumb\">\n                        \n                        <a href=\"https:\/\/igrejavidacomdeus.com\/site\/oracao-da-meia-noite\/\"><div class=\"thumbnail-container animate-lazy  size-715 \"><img loading=\"lazy\" decoding=\"async\" width=\"350\" height=\"250\" src=\"https:\/\/igrejavidacomdeus.com\/site\/wp-content\/themes\/jnews\/assets\/img\/jeg-empty.png\" class=\"attachment-jnews-350x250 size-jnews-350x250 lazyload wp-post-image\" alt=\"Ora\u00e7\u00e3o da Meia noite\" sizes=\"auto, (max-width: 350px) 100vw, 350px\" data-src=\"https:\/\/igrejavidacomdeus.com\/site\/wp-content\/uploads\/2023\/06\/oracao00-350x250.jpg\" data-srcset=\"https:\/\/igrejavidacomdeus.com\/site\/wp-content\/uploads\/2023\/06\/oracao00-350x250.jpg 350w, https:\/\/igrejavidacomdeus.com\/site\/wp-content\/uploads\/2023\/06\/oracao00-120x86.jpg 120w\" data-sizes=\"auto\" data-expand=\"700\" \/><\/div><\/a>\n                    <\/div>\n                    <div class=\"jeg_postblock_content\">\n                        <h3 class=\"jeg_post_title\">\n                            <a href=\"https:\/\/igrejavidacomdeus.com\/site\/oracao-da-meia-noite\/\">Ora\u00e7\u00e3o da Meia noite<\/a>\n                        <\/h3>\n                        <div class=\"jeg_post_meta\"><div class=\"jeg_meta_date\"><a href=\"https:\/\/igrejavidacomdeus.com\/site\/oracao-da-meia-noite\/\" ><i class=\"fa fa-clock-o\"><\/i> <\/a><\/div><\/div>\n                    <\/div> \n                    <\/div>\n                <\/article><article class=\"jeg_post jeg_pl_md_box format-standard\">\n                    <div class=\"box_wrap\">\n                    <div class=\"jeg_thumb\">\n                        \n                        <a href=\"https:\/\/igrejavidacomdeus.com\/site\/a-troca-do-espirito\/\"><div class=\"thumbnail-container animate-lazy  size-715 \"><img loading=\"lazy\" decoding=\"async\" width=\"350\" height=\"250\" src=\"https:\/\/igrejavidacomdeus.com\/site\/wp-content\/themes\/jnews\/assets\/img\/jeg-empty.png\" class=\"attachment-jnews-350x250 size-jnews-350x250 lazyload wp-post-image\" alt=\"A Troca do Esp\u00edrito\" sizes=\"auto, (max-width: 350px) 100vw, 350px\" data-src=\"https:\/\/igrejavidacomdeus.com\/site\/wp-content\/uploads\/2023\/06\/trocadeespirito-350x250.jpg\" data-srcset=\"https:\/\/igrejavidacomdeus.com\/site\/wp-content\/uploads\/2023\/06\/trocadeespirito-350x250.jpg 350w, https:\/\/igrejavidacomdeus.com\/site\/wp-content\/uploads\/2023\/06\/trocadeespirito-120x86.jpg 120w\" data-sizes=\"auto\" data-expand=\"700\" \/><\/div><\/a>\n                    <\/div>\n                    <div class=\"jeg_postblock_content\">\n                        <h3 class=\"jeg_post_title\">\n                            <a href=\"https:\/\/igrejavidacomdeus.com\/site\/a-troca-do-espirito\/\">A Troca do Esp\u00edrito<\/a>\n                        <\/h3>\n                        <div class=\"jeg_post_meta\"><div class=\"jeg_meta_date\"><a href=\"https:\/\/igrejavidacomdeus.com\/site\/a-troca-do-espirito\/\" ><i class=\"fa fa-clock-o\"><\/i> <\/a><\/div><\/div>\n                    <\/div> \n                    <\/div>\n                <\/article><article class=\"jeg_post jeg_pl_sm format-standard\">\n                <div class=\"jeg_thumb\">\n                        \n                        <a href=\"https:\/\/igrejavidacomdeus.com\/site\/reencontro\/\"><div class=\"thumbnail-container animate-lazy  size-715 \"><img loading=\"lazy\" decoding=\"async\" width=\"120\" height=\"86\" src=\"https:\/\/igrejavidacomdeus.com\/site\/wp-content\/themes\/jnews\/assets\/img\/jeg-empty.png\" class=\"attachment-jnews-120x86 size-jnews-120x86 lazyload wp-post-image\" alt=\"REENCONTRO\" sizes=\"auto, (max-width: 120px) 100vw, 120px\" data-src=\"https:\/\/igrejavidacomdeus.com\/site\/wp-content\/uploads\/2023\/03\/reecontro-no-site-120x86.jpg\" data-srcset=\"https:\/\/igrejavidacomdeus.com\/site\/wp-content\/uploads\/2023\/03\/reecontro-no-site-120x86.jpg 120w, https:\/\/igrejavidacomdeus.com\/site\/wp-content\/uploads\/2023\/03\/reecontro-no-site-350x250.jpg 350w\" data-sizes=\"auto\" data-expand=\"700\" \/><\/div><\/a>\n                    <\/div>\n                    <div class=\"jeg_postblock_content\">\n                        <h3 class=\"jeg_post_title\">\n                            <a href=\"https:\/\/igrejavidacomdeus.com\/site\/reencontro\/\">REENCONTRO<\/a>\n                        <\/h3>\n                        <div class=\"jeg_post_meta\"><div class=\"jeg_meta_date\"><a href=\"https:\/\/igrejavidacomdeus.com\/site\/reencontro\/\" ><i class=\"fa fa-clock-o\"><\/i> <\/a><\/div><\/div>\n                    <\/div>\n                <\/article><article class=\"jeg_post jeg_pl_sm format-standard\">\n                <div class=\"jeg_thumb\">\n                        \n                        <a href=\"https:\/\/igrejavidacomdeus.com\/site\/verdade-seja-dita\/\"><div class=\"thumbnail-container animate-lazy  size-715 \"><img loading=\"lazy\" decoding=\"async\" width=\"120\" height=\"86\" src=\"https:\/\/igrejavidacomdeus.com\/site\/wp-content\/themes\/jnews\/assets\/img\/jeg-empty.png\" class=\"attachment-jnews-120x86 size-jnews-120x86 lazyload wp-post-image\" alt=\"Verdade Seja Dita\" sizes=\"auto, (max-width: 120px) 100vw, 120px\" data-src=\"https:\/\/igrejavidacomdeus.com\/site\/wp-content\/uploads\/2022\/08\/terca-120x86.jpg\" data-srcset=\"https:\/\/igrejavidacomdeus.com\/site\/wp-content\/uploads\/2022\/08\/terca-120x86.jpg 120w, https:\/\/igrejavidacomdeus.com\/site\/wp-content\/uploads\/2022\/08\/terca-350x250.jpg 350w, https:\/\/igrejavidacomdeus.com\/site\/wp-content\/uploads\/2022\/08\/terca-750x536.jpg 750w\" data-sizes=\"auto\" data-expand=\"700\" \/><\/div><\/a>\n                    <\/div>\n                    <div class=\"jeg_postblock_content\">\n                        <h3 class=\"jeg_post_title\">\n                            <a href=\"https:\/\/igrejavidacomdeus.com\/site\/verdade-seja-dita\/\">Verdade Seja Dita<\/a>\n                        <\/h3>\n                        <div class=\"jeg_post_meta\"><div class=\"jeg_meta_date\"><a href=\"https:\/\/igrejavidacomdeus.com\/site\/verdade-seja-dita\/\" ><i class=\"fa fa-clock-o\"><\/i> <\/a><\/div><\/div>\n                    <\/div>\n                <\/article><article class=\"jeg_post jeg_pl_sm format-standard\">\n                <div class=\"jeg_thumb\">\n                        \n                        <a href=\"https:\/\/igrejavidacomdeus.com\/site\/termino-da-campanha-de-21-dias-de-jejum-e-oracao-deus-abencoe-a-todos-que-tiveram-a-oportunidade-de-participar-ouvindo-algumas-mensagens\/\"><div class=\"thumbnail-container animate-lazy  size-715 \"><img loading=\"lazy\" decoding=\"async\" width=\"120\" height=\"86\" src=\"https:\/\/igrejavidacomdeus.com\/site\/wp-content\/themes\/jnews\/assets\/img\/jeg-empty.png\" class=\"attachment-jnews-120x86 size-jnews-120x86 lazyload wp-post-image\" alt=\"T\u00e9rmino da campanha de 21 dias de jejum e ora\u00e7\u00e3o. Deus aben\u00e7oe a todos que tiveram a oportunidade de participar ouvindo algumas mensagens\" sizes=\"auto, (max-width: 120px) 100vw, 120px\" data-src=\"https:\/\/igrejavidacomdeus.com\/site\/wp-content\/uploads\/2022\/08\/jejum-dia-21-120x86.jpg\" data-srcset=\"https:\/\/igrejavidacomdeus.com\/site\/wp-content\/uploads\/2022\/08\/jejum-dia-21-120x86.jpg 120w, https:\/\/igrejavidacomdeus.com\/site\/wp-content\/uploads\/2022\/08\/jejum-dia-21-350x250.jpg 350w\" data-sizes=\"auto\" data-expand=\"700\" \/><\/div><\/a>\n                    <\/div>\n                    <div class=\"jeg_postblock_content\">\n                        <h3 class=\"jeg_post_title\">\n                            <a href=\"https:\/\/igrejavidacomdeus.com\/site\/termino-da-campanha-de-21-dias-de-jejum-e-oracao-deus-abencoe-a-todos-que-tiveram-a-oportunidade-de-participar-ouvindo-algumas-mensagens\/\">T\u00e9rmino da campanha de 21 dias de jejum e ora\u00e7\u00e3o. Deus aben\u00e7oe a todos que tiveram a oportunidade de participar ouvindo algumas mensagens<\/a>\n                        <\/h3>\n                        <div class=\"jeg_post_meta\"><div class=\"jeg_meta_date\"><a href=\"https:\/\/igrejavidacomdeus.com\/site\/termino-da-campanha-de-21-dias-de-jejum-e-oracao-deus-abencoe-a-todos-que-tiveram-a-oportunidade-de-participar-ouvindo-algumas-mensagens\/\" ><i class=\"fa fa-clock-o\"><\/i> <\/a><\/div><\/div>\n                    <\/div>\n                <\/article><article class=\"jeg_post jeg_pl_sm format-standard\">\n                <div class=\"jeg_thumb\">\n                        \n                        <a href=\"https:\/\/igrejavidacomdeus.com\/site\/20o-dia-do-jejum-penultima-mensagem-da-campanha-ouca-ate-o-final\/\"><div class=\"thumbnail-container animate-lazy  size-715 \"><img loading=\"lazy\" decoding=\"async\" width=\"120\" height=\"86\" src=\"https:\/\/igrejavidacomdeus.com\/site\/wp-content\/themes\/jnews\/assets\/img\/jeg-empty.png\" class=\"attachment-jnews-120x86 size-jnews-120x86 lazyload wp-post-image\" alt=\"20\u00ba dia do Jejum Pen\u00faltima mensagem da campanha ou\u00e7a at\u00e9 o final\" sizes=\"auto, (max-width: 120px) 100vw, 120px\" data-src=\"https:\/\/igrejavidacomdeus.com\/site\/wp-content\/uploads\/2022\/08\/jejum-dia-20-120x86.jpg\" data-srcset=\"https:\/\/igrejavidacomdeus.com\/site\/wp-content\/uploads\/2022\/08\/jejum-dia-20-120x86.jpg 120w, https:\/\/igrejavidacomdeus.com\/site\/wp-content\/uploads\/2022\/08\/jejum-dia-20-350x250.jpg 350w\" data-sizes=\"auto\" data-expand=\"700\" \/><\/div><\/a>\n                    <\/div>\n                    <div class=\"jeg_postblock_content\">\n                        <h3 class=\"jeg_post_title\">\n                            <a href=\"https:\/\/igrejavidacomdeus.com\/site\/20o-dia-do-jejum-penultima-mensagem-da-campanha-ouca-ate-o-final\/\">20\u00ba dia do Jejum Pen\u00faltima mensagem da campanha ou\u00e7a at\u00e9 o final<\/a>\n                        <\/h3>\n                        <div class=\"jeg_post_meta\"><div class=\"jeg_meta_date\"><a href=\"https:\/\/igrejavidacomdeus.com\/site\/20o-dia-do-jejum-penultima-mensagem-da-campanha-ouca-ate-o-final\/\" ><i class=\"fa fa-clock-o\"><\/i> <\/a><\/div><\/div>\n                    <\/div>\n                <\/article>\n                <\/div>\n                <div class='module-overlay'>\n\t\t\t\t    <div class='preloader_type preloader_dot'>\n\t\t\t\t        <div class=\"module-preloader jeg_preloader dot\">\n\t\t\t\t            <span><\/span><span><\/span><span><\/span>\n\t\t\t\t        <\/div>\n\t\t\t\t        <div class=\"module-preloader jeg_preloader circle\">\n\t\t\t\t            <div class=\"jnews_preloader_circle_outer\">\n\t\t\t\t                <div class=\"jnews_preloader_circle_inner\"><\/div>\n\t\t\t\t            <\/div>\n\t\t\t\t        <\/div>\n\t\t\t\t        <div class=\"module-preloader jeg_preloader square\">\n\t\t\t\t            <div class=\"jeg_square\">\n\t\t\t\t                <div class=\"jeg_square_inner\"><\/div>\n\t\t\t\t            <\/div>\n\t\t\t\t        <\/div>\n\t\t\t\t    <\/div>\n\t\t\t\t<\/div>\n            <\/div>\n            <div class=\"jeg_block_navigation\">\n                <div class='navigation_overlay'><div class='module-preloader jeg_preloader'><span><\/span><span><\/span><span><\/span><\/div><\/div>\n                \n                \n            <\/div>\n\t\t\t\t\t\n\t\t\t\t\t<script>var jnews_module__4_69f276184cccc = {\"header_icon\":\"\",\"first_title\":\"+ Palavra de\",\"second_title\":\"F\\u00c9\",\"url\":\"\",\"header_type\":\"heading_6\",\"header_background\":\"\",\"header_secondary_background\":\"\",\"header_text_color\":\"\",\"header_line_color\":\"\",\"header_accent_color\":\"\",\"header_filter_category\":\"44,51\",\"header_filter_author\":\"\",\"header_filter_tag\":\"\",\"header_filter_text\":\"Todos\",\"post_type\":\"post\",\"content_type\":\"all\",\"number_post\":\"6\",\"post_offset\":\"0\",\"unique_content\":\"unique2\",\"include_post\":\"\",\"exclude_post\":\"\",\"include_category\":\"\",\"exclude_category\":\"\",\"include_author\":\"\",\"include_tag\":\"\",\"exclude_tag\":\"\",\"product_brand\":\"\",\"product_cat\":\"\",\"product_tag\":\"\",\"sort_by\":\"latest\",\"date_format\":\"default\",\"date_format_custom\":\"Y\\\/m\\\/d\",\"force_normal_image_load\":\"\",\"pagination_mode\":\"disable\",\"pagination_nextprev_showtext\":\"\",\"pagination_number_post\":6,\"pagination_scroll_limit\":0,\"boxed\":\"\",\"boxed_shadow\":\"\",\"el_id\":\"\",\"el_class\":\"\",\"scheme\":\"\",\"column_width\":\"auto\",\"title_color\":\"\",\"accent_color\":\"\",\"alt_color\":\"\",\"excerpt_color\":\"\",\"css\":\"\",\"compatible_column_notice\":\"\",\"paged\":1,\"column_class\":\"jeg_col_2o3\",\"class\":\"jnews_block_19\"};<\/script>\n\t\t\t\t<\/div><div  class=\"jeg_postblock_1 jeg_postblock jeg_module_hook jeg_pagination_nextprev jeg_col_2o3 jnews_module__5_69f276184f214   \" data-unique=\"jnews_module__5_69f276184f214\">\n\t\t\t\t\t<div class=\"jeg_block_heading jeg_block_heading_6 jeg_subcat_right\">\n                     <h3 class=\"jeg_block_title\"><span>Pregai o<strong>Evangelho<\/strong><\/span><\/h3>\n                     \n                 <\/div>\n\t\t\t\t\t<div class=\"jeg_block_container jeg_load_more_flag\">\n\t\t\t\t\t\n\t\t\t\t\t<div class=\"jeg_posts row\">\n\t\t\t\t\t<article class=\"jeg_post jeg_pl_lg_1 col-sm-6 format-standard\">\n\t\t\t\t\t\t<div class=\"jeg_thumb\">\n\t\t\t\t\t\n\t\t\t\t\t<a href=\"https:\/\/igrejavidacomdeus.com\/site\/19o-dia-do-jejum-pedacinho-mensagem-de-libertacao-sexta-feira\/\"><div class=\"thumbnail-container animate-lazy  size-500 \"><img loading=\"lazy\" decoding=\"async\" width=\"360\" height=\"180\" src=\"https:\/\/igrejavidacomdeus.com\/site\/wp-content\/themes\/jnews\/assets\/img\/jeg-empty.png\" class=\"attachment-jnews-360x180 size-jnews-360x180 lazyload wp-post-image\" alt=\"19\u00ba dia do Jejum Pedacinho mensagem de liberta\u00e7\u00e3o sexta feira\" data-src=\"https:\/\/igrejavidacomdeus.com\/site\/wp-content\/uploads\/2022\/08\/jejum-dia-19-360x180.jpg\" data-srcset=\"\" data-sizes=\"auto\" data-expand=\"700\" \/><\/div><\/a>\n\t\t\t\t\t<div class=\"jeg_post_category\">\n\t\t\t\t\t\t<span><a href=\"https:\/\/igrejavidacomdeus.com\/site\/category\/21-dias-de-jejum-2022\/\" class=\"category-21-dias-de-jejum-2022\">21 dias de Jejum 2022<\/a><\/span>\n\t\t\t\t\t<\/div>\n\t\t\t\t<\/div>\n\t\t\t\t<div class=\"jeg_postblock_content\">\n\t\t\t\t\t<h3 property=\"headline\" class=\"jeg_post_title\">\n\t\t\t\t\t\t<a href=\"https:\/\/igrejavidacomdeus.com\/site\/19o-dia-do-jejum-pedacinho-mensagem-de-libertacao-sexta-feira\/\">19\u00ba dia do Jejum Pedacinho mensagem de liberta\u00e7\u00e3o sexta feira<\/a>\n\t\t\t\t\t<\/h3>\n\t\t\t\t\t<div class=\"jeg_post_meta\"><div class=\"jeg_meta_author\"><span class=\"by\">by<\/span> <a href=\"https:\/\/igrejavidacomdeus.com\/site\/author\/igrejavidacomdeus\/\">igrejavidacomdeus<\/a><\/div><div class=\"jeg_meta_date\"><a href=\"https:\/\/igrejavidacomdeus.com\/site\/19o-dia-do-jejum-pedacinho-mensagem-de-libertacao-sexta-feira\/\"><i class=\"fa fa-clock-o\"><\/i> <\/a><\/div><div class=\"jeg_meta_comment\"><a href=\"https:\/\/igrejavidacomdeus.com\/site\/19o-dia-do-jejum-pedacinho-mensagem-de-libertacao-sexta-feira\/\" ><i class=\"fa fa-comment-o\"><\/i> 0 <\/a><\/div><\/div>\n\t\t\t\t\t<div class=\"jeg_post_excerpt\">\n\t\t\t\t\t\t<p><\/p>\n\t\t\t\t\t\t<a href=\"https:\/\/igrejavidacomdeus.com\/site\/19o-dia-do-jejum-pedacinho-mensagem-de-libertacao-sexta-feira\/\" class=\"jeg_readmore\">Read more<\/a>\n\t\t\t\t\t<\/div>\n\t\t\t\t<\/div>\n\t\t\t\t\t<\/article>\n\t\t\t\t\t<div class=\"jeg_postsmall col-sm-6\">\n\t\t\t\t\t\t<article class=\"jeg_post jeg_pl_sm format-standard\">\n\t\t\t\t\t<div class=\"jeg_thumb\">\n\t\t\t\t\t\t\n\t\t\t\t\t\t<a href=\"https:\/\/igrejavidacomdeus.com\/site\/18o-dia-de-jejum-vamos-amigos-ouca-a-fe-e-se-inscreva-no-canal\/\">\n\t\t\t\t\t\t\t<div class=\"thumbnail-container animate-lazy  size-715 \"><img loading=\"lazy\" decoding=\"async\" width=\"120\" height=\"86\" src=\"https:\/\/igrejavidacomdeus.com\/site\/wp-content\/themes\/jnews\/assets\/img\/jeg-empty.png\" class=\"attachment-jnews-120x86 size-jnews-120x86 lazyload wp-post-image\" alt=\"18\u00ba dia de Jejum vamos amigos ou\u00e7a a F\u00c9 e se inscreva no canal\" sizes=\"auto, (max-width: 120px) 100vw, 120px\" data-src=\"https:\/\/igrejavidacomdeus.com\/site\/wp-content\/uploads\/2022\/07\/jyqofr8e-pi-120x86.jpg\" data-srcset=\"https:\/\/igrejavidacomdeus.com\/site\/wp-content\/uploads\/2022\/07\/jyqofr8e-pi-120x86.jpg 120w, https:\/\/igrejavidacomdeus.com\/site\/wp-content\/uploads\/2022\/07\/jyqofr8e-pi-350x250.jpg 350w\" data-sizes=\"auto\" data-expand=\"700\" \/><\/div>\n\t\t\t\t\t\t<\/a>\n\t\t\t\t\t<\/div>\n\t\t\t\t\t<div class=\"jeg_postblock_content\">\n\t\t\t\t\t\t<h3 class=\"jeg_post_title\">\n\t\t\t\t\t\t\t<a href=\"https:\/\/igrejavidacomdeus.com\/site\/18o-dia-de-jejum-vamos-amigos-ouca-a-fe-e-se-inscreva-no-canal\/\">18\u00ba dia de Jejum vamos amigos ou\u00e7a a F\u00c9 e se inscreva no canal<\/a>\n\t\t\t\t\t\t<\/h3>\n\t\t\t\t\t\t<div class=\"jeg_post_meta\"><div class=\"jeg_meta_date\"><a href=\"https:\/\/igrejavidacomdeus.com\/site\/18o-dia-de-jejum-vamos-amigos-ouca-a-fe-e-se-inscreva-no-canal\/\" ><i class=\"fa fa-clock-o\"><\/i> <\/a><\/div><\/div>\n\t\t\t\t\t<\/div>\n\t\t\t\t<\/article><article class=\"jeg_post jeg_pl_sm format-standard\">\n\t\t\t\t\t<div class=\"jeg_thumb\">\n\t\t\t\t\t\t\n\t\t\t\t\t\t<a href=\"https:\/\/igrejavidacomdeus.com\/site\/17o-dia-de-jejum-ouca-sobre-um-velho-espirito\/\">\n\t\t\t\t\t\t\t<div class=\"thumbnail-container animate-lazy  size-715 \"><img loading=\"lazy\" decoding=\"async\" width=\"120\" height=\"86\" src=\"https:\/\/igrejavidacomdeus.com\/site\/wp-content\/themes\/jnews\/assets\/img\/jeg-empty.png\" class=\"attachment-jnews-120x86 size-jnews-120x86 lazyload wp-post-image\" alt=\"17\u00ba dia de Jejum Ou\u00e7a sobre um velho espirito\" sizes=\"auto, (max-width: 120px) 100vw, 120px\" data-src=\"https:\/\/igrejavidacomdeus.com\/site\/wp-content\/uploads\/2022\/07\/jejum-dia-17-120x86.jpg\" data-srcset=\"https:\/\/igrejavidacomdeus.com\/site\/wp-content\/uploads\/2022\/07\/jejum-dia-17-120x86.jpg 120w, https:\/\/igrejavidacomdeus.com\/site\/wp-content\/uploads\/2022\/07\/jejum-dia-17-350x250.jpg 350w\" data-sizes=\"auto\" data-expand=\"700\" \/><\/div>\n\t\t\t\t\t\t<\/a>\n\t\t\t\t\t<\/div>\n\t\t\t\t\t<div class=\"jeg_postblock_content\">\n\t\t\t\t\t\t<h3 class=\"jeg_post_title\">\n\t\t\t\t\t\t\t<a href=\"https:\/\/igrejavidacomdeus.com\/site\/17o-dia-de-jejum-ouca-sobre-um-velho-espirito\/\">17\u00ba dia de Jejum Ou\u00e7a sobre um velho espirito<\/a>\n\t\t\t\t\t\t<\/h3>\n\t\t\t\t\t\t<div class=\"jeg_post_meta\"><div class=\"jeg_meta_date\"><a href=\"https:\/\/igrejavidacomdeus.com\/site\/17o-dia-de-jejum-ouca-sobre-um-velho-espirito\/\" ><i class=\"fa fa-clock-o\"><\/i> <\/a><\/div><\/div>\n\t\t\t\t\t<\/div>\n\t\t\t\t<\/article><article class=\"jeg_post jeg_pl_sm format-standard\">\n\t\t\t\t\t<div class=\"jeg_thumb\">\n\t\t\t\t\t\t\n\t\t\t\t\t\t<a href=\"https:\/\/igrejavidacomdeus.com\/site\/16o-dia-da-campanha-de-21-dias-de-jejum-e-oracao-muito-forte\/\">\n\t\t\t\t\t\t\t<div class=\"thumbnail-container animate-lazy  size-715 \"><img loading=\"lazy\" decoding=\"async\" width=\"120\" height=\"86\" src=\"https:\/\/igrejavidacomdeus.com\/site\/wp-content\/themes\/jnews\/assets\/img\/jeg-empty.png\" class=\"attachment-jnews-120x86 size-jnews-120x86 lazyload wp-post-image\" alt=\"16\u00ba dia da campanha de 21 dias de jejum e ora\u00e7\u00e3o muito forte\" sizes=\"auto, (max-width: 120px) 100vw, 120px\" data-src=\"https:\/\/igrejavidacomdeus.com\/site\/wp-content\/uploads\/2022\/07\/jejum-dia-16-120x86.jpg\" data-srcset=\"https:\/\/igrejavidacomdeus.com\/site\/wp-content\/uploads\/2022\/07\/jejum-dia-16-120x86.jpg 120w, https:\/\/igrejavidacomdeus.com\/site\/wp-content\/uploads\/2022\/07\/jejum-dia-16-350x250.jpg 350w\" data-sizes=\"auto\" data-expand=\"700\" \/><\/div>\n\t\t\t\t\t\t<\/a>\n\t\t\t\t\t<\/div>\n\t\t\t\t\t<div class=\"jeg_postblock_content\">\n\t\t\t\t\t\t<h3 class=\"jeg_post_title\">\n\t\t\t\t\t\t\t<a href=\"https:\/\/igrejavidacomdeus.com\/site\/16o-dia-da-campanha-de-21-dias-de-jejum-e-oracao-muito-forte\/\">16\u00ba dia da campanha de 21 dias de jejum e ora\u00e7\u00e3o muito forte<\/a>\n\t\t\t\t\t\t<\/h3>\n\t\t\t\t\t\t<div class=\"jeg_post_meta\"><div class=\"jeg_meta_date\"><a href=\"https:\/\/igrejavidacomdeus.com\/site\/16o-dia-da-campanha-de-21-dias-de-jejum-e-oracao-muito-forte\/\" ><i class=\"fa fa-clock-o\"><\/i> <\/a><\/div><\/div>\n\t\t\t\t\t<\/div>\n\t\t\t\t<\/article><article class=\"jeg_post jeg_pl_sm format-standard\">\n\t\t\t\t\t<div class=\"jeg_thumb\">\n\t\t\t\t\t\t\n\t\t\t\t\t\t<a href=\"https:\/\/igrejavidacomdeus.com\/site\/15o-dia-da-campanha-de-21-dias-de-jejum-e-oracao-muito-forte\/\">\n\t\t\t\t\t\t\t<div class=\"thumbnail-container animate-lazy  size-715 \"><img loading=\"lazy\" decoding=\"async\" width=\"120\" height=\"86\" src=\"https:\/\/igrejavidacomdeus.com\/site\/wp-content\/themes\/jnews\/assets\/img\/jeg-empty.png\" class=\"attachment-jnews-120x86 size-jnews-120x86 lazyload wp-post-image\" alt=\"15\u00ba dia da campanha de 21 dias de jejum e ora\u00e7\u00e3o muito forte\" sizes=\"auto, (max-width: 120px) 100vw, 120px\" data-src=\"https:\/\/igrejavidacomdeus.com\/site\/wp-content\/uploads\/2022\/07\/liwt5aure_4-120x86.jpg\" data-srcset=\"https:\/\/igrejavidacomdeus.com\/site\/wp-content\/uploads\/2022\/07\/liwt5aure_4-120x86.jpg 120w, https:\/\/igrejavidacomdeus.com\/site\/wp-content\/uploads\/2022\/07\/liwt5aure_4-350x250.jpg 350w\" data-sizes=\"auto\" data-expand=\"700\" \/><\/div>\n\t\t\t\t\t\t<\/a>\n\t\t\t\t\t<\/div>\n\t\t\t\t\t<div class=\"jeg_postblock_content\">\n\t\t\t\t\t\t<h3 class=\"jeg_post_title\">\n\t\t\t\t\t\t\t<a href=\"https:\/\/igrejavidacomdeus.com\/site\/15o-dia-da-campanha-de-21-dias-de-jejum-e-oracao-muito-forte\/\">15\u00ba dia da campanha de 21 dias de jejum e ora\u00e7\u00e3o muito forte<\/a>\n\t\t\t\t\t\t<\/h3>\n\t\t\t\t\t\t<div class=\"jeg_post_meta\"><div class=\"jeg_meta_date\"><a href=\"https:\/\/igrejavidacomdeus.com\/site\/15o-dia-da-campanha-de-21-dias-de-jejum-e-oracao-muito-forte\/\" ><i class=\"fa fa-clock-o\"><\/i> <\/a><\/div><\/div>\n\t\t\t\t\t<\/div>\n\t\t\t\t<\/article>\n\t\t\t\t\t<\/div>\n\t\t\t\t<\/div>\n\t\t\t\t\t<div class='module-overlay'>\n\t\t\t\t    <div class='preloader_type preloader_dot'>\n\t\t\t\t        <div class=\"module-preloader jeg_preloader dot\">\n\t\t\t\t            <span><\/span><span><\/span><span><\/span>\n\t\t\t\t        <\/div>\n\t\t\t\t        <div class=\"module-preloader jeg_preloader circle\">\n\t\t\t\t            <div class=\"jnews_preloader_circle_outer\">\n\t\t\t\t                <div class=\"jnews_preloader_circle_inner\"><\/div>\n\t\t\t\t            <\/div>\n\t\t\t\t        <\/div>\n\t\t\t\t        <div class=\"module-preloader jeg_preloader square\">\n\t\t\t\t            <div class=\"jeg_square\">\n\t\t\t\t                <div class=\"jeg_square_inner\"><\/div>\n\t\t\t\t            <\/div>\n\t\t\t\t        <\/div>\n\t\t\t\t    <\/div>\n\t\t\t\t<\/div>\n\t\t\t\t<\/div>\n\t\t\t\t<div class=\"jeg_block_navigation\">\n\t\t\t\t\t<div class='navigation_overlay'><div class='module-preloader jeg_preloader'><span><\/span><span><\/span><span><\/span><\/div><\/div>\n\t\t\t\t\t<div class=\"jeg_block_nav \">\n                    <a href=\"#\" class=\"prev disabled\" title=\"Previous\"><i class=\"fa fa-angle-left\"><\/i><\/a>\n                    <a href=\"#\" class=\"next \" title=\"Next\"><i class=\"fa fa-angle-right\"><\/i><\/a>\n                <\/div>\n\t\t\t\t\t\n\t\t\t\t<\/div>\n\t\t\t\t\t\n\t\t\t\t\t<script>var jnews_module__5_69f276184f214 = {\"header_icon\":\"\",\"first_title\":\"Pregai o\",\"second_title\":\"Evangelho\",\"url\":\"\",\"header_type\":\"heading_6\",\"header_background\":\"\",\"header_secondary_background\":\"\",\"header_text_color\":\"\",\"header_line_color\":\"\",\"header_accent_color\":\"\",\"header_filter_category\":\"\",\"header_filter_author\":\"\",\"header_filter_tag\":\"\",\"header_filter_text\":\"All\",\"post_type\":\"post\",\"content_type\":\"all\",\"number_post\":\"5\",\"post_offset\":\"0\",\"unique_content\":\"unique2\",\"include_post\":\"\",\"exclude_post\":\"3204,3201,3195,3102,3096,3092\",\"include_category\":\"\",\"exclude_category\":\"\",\"include_author\":\"\",\"include_tag\":\"\",\"exclude_tag\":\"\",\"product_brand\":\"\",\"product_cat\":\"\",\"product_tag\":\"\",\"sort_by\":\"latest\",\"date_format\":\"default\",\"date_format_custom\":\"Y\\\/m\\\/d\",\"excerpt_length\":\"20\",\"excerpt_ellipsis\":\"...\",\"force_normal_image_load\":\"\",\"pagination_mode\":\"nextprev\",\"pagination_nextprev_showtext\":\"\",\"pagination_number_post\":\"5\",\"pagination_scroll_limit\":0,\"boxed\":\"\",\"boxed_shadow\":\"\",\"el_id\":\"\",\"el_class\":\"\",\"scheme\":\"\",\"column_width\":\"auto\",\"title_color\":\"\",\"accent_color\":\"\",\"alt_color\":\"\",\"excerpt_color\":\"\",\"css\":\"\",\"compatible_column_notice\":\"\",\"paged\":1,\"column_class\":\"jeg_col_2o3\",\"class\":\"jnews_block_1\"};<\/script>\n\t\t\t\t<\/div><div  class=\"jeg_postblock_5 jeg_postblock jeg_module_hook jeg_pagination_disable jeg_col_2o3 jnews_module__6_69f2761850da5   \" data-unique=\"jnews_module__6_69f2761850da5\">\n\t\t\t\t\t<div class=\"jeg_block_heading jeg_block_heading_6 jeg_subcat_right\">\n                     <h3 class=\"jeg_block_title\"><span>Deus \u00e9<strong>GRANDE<\/strong><\/span><\/h3>\n                     \n                 <\/div>\n\t\t\t\t\t<div class=\"jeg_block_container\">\n                    \n                    <div class=\"jeg_posts jeg_load_more_flag\"><article class=\"jeg_post jeg_pl_lg_2 format-standard\">\n                    <div class=\"jeg_thumb\">\n                        \n                        <a href=\"https:\/\/igrejavidacomdeus.com\/site\/oracao-da-meia-noite\/\"><div class=\"thumbnail-container animate-lazy  size-715 \"><img loading=\"lazy\" decoding=\"async\" width=\"350\" height=\"250\" src=\"https:\/\/igrejavidacomdeus.com\/site\/wp-content\/themes\/jnews\/assets\/img\/jeg-empty.png\" class=\"attachment-jnews-350x250 size-jnews-350x250 lazyload wp-post-image\" alt=\"Ora\u00e7\u00e3o da Meia noite\" sizes=\"auto, (max-width: 350px) 100vw, 350px\" data-src=\"https:\/\/igrejavidacomdeus.com\/site\/wp-content\/uploads\/2023\/06\/oracao00-350x250.jpg\" data-srcset=\"https:\/\/igrejavidacomdeus.com\/site\/wp-content\/uploads\/2023\/06\/oracao00-350x250.jpg 350w, https:\/\/igrejavidacomdeus.com\/site\/wp-content\/uploads\/2023\/06\/oracao00-120x86.jpg 120w\" data-sizes=\"auto\" data-expand=\"700\" \/><\/div><\/a>\n                        <div class=\"jeg_post_category\">\n                            <span><a href=\"https:\/\/igrejavidacomdeus.com\/site\/category\/blog\/\" class=\"category-blog\">Blog<\/a><\/span>\n                        <\/div>\n                    <\/div>\n                    <div class=\"jeg_postblock_content\">\n                        <h3 class=\"jeg_post_title\">\n                            <a href=\"https:\/\/igrejavidacomdeus.com\/site\/oracao-da-meia-noite\/\">Ora\u00e7\u00e3o da Meia noite<\/a>\n                        <\/h3>\n                        <div class=\"jeg_post_meta\"><div class=\"jeg_meta_author\"><span class=\"by\">by<\/span> <a href=\"https:\/\/igrejavidacomdeus.com\/site\/author\/igrejavidacomdeus\/\">igrejavidacomdeus<\/a><\/div><div class=\"jeg_meta_date\"><a href=\"https:\/\/igrejavidacomdeus.com\/site\/oracao-da-meia-noite\/\"><i class=\"fa fa-clock-o\"><\/i> <\/a><\/div><div class=\"jeg_meta_comment\"><a href=\"https:\/\/igrejavidacomdeus.com\/site\/oracao-da-meia-noite\/\" ><i class=\"fa fa-comment-o\"><\/i> 0 <\/a><\/div><\/div>\n                        <div class=\"jeg_post_excerpt\">\n                            <p><\/p>\n                            <a href=\"https:\/\/igrejavidacomdeus.com\/site\/oracao-da-meia-noite\/\" class=\"jeg_readmore\">Read more<\/a>\n                        <\/div>\n                    <\/div>\n                <\/article><article class=\"jeg_post jeg_pl_lg_2 format-standard\">\n                    <div class=\"jeg_thumb\">\n                        \n                        <a href=\"https:\/\/igrejavidacomdeus.com\/site\/a-troca-do-espirito\/\"><div class=\"thumbnail-container animate-lazy  size-715 \"><img loading=\"lazy\" decoding=\"async\" width=\"350\" height=\"250\" src=\"https:\/\/igrejavidacomdeus.com\/site\/wp-content\/themes\/jnews\/assets\/img\/jeg-empty.png\" class=\"attachment-jnews-350x250 size-jnews-350x250 lazyload wp-post-image\" alt=\"A Troca do Esp\u00edrito\" sizes=\"auto, (max-width: 350px) 100vw, 350px\" data-src=\"https:\/\/igrejavidacomdeus.com\/site\/wp-content\/uploads\/2023\/06\/trocadeespirito-350x250.jpg\" data-srcset=\"https:\/\/igrejavidacomdeus.com\/site\/wp-content\/uploads\/2023\/06\/trocadeespirito-350x250.jpg 350w, https:\/\/igrejavidacomdeus.com\/site\/wp-content\/uploads\/2023\/06\/trocadeespirito-120x86.jpg 120w\" data-sizes=\"auto\" data-expand=\"700\" \/><\/div><\/a>\n                        <div class=\"jeg_post_category\">\n                            <span><a href=\"https:\/\/igrejavidacomdeus.com\/site\/category\/blog\/\" class=\"category-blog\">Blog<\/a><\/span>\n                        <\/div>\n                    <\/div>\n                    <div class=\"jeg_postblock_content\">\n                        <h3 class=\"jeg_post_title\">\n                            <a href=\"https:\/\/igrejavidacomdeus.com\/site\/a-troca-do-espirito\/\">A Troca do Esp\u00edrito<\/a>\n                        <\/h3>\n                        <div class=\"jeg_post_meta\"><div class=\"jeg_meta_author\"><span class=\"by\">by<\/span> <a href=\"https:\/\/igrejavidacomdeus.com\/site\/author\/igrejavidacomdeus\/\">igrejavidacomdeus<\/a><\/div><div class=\"jeg_meta_date\"><a href=\"https:\/\/igrejavidacomdeus.com\/site\/a-troca-do-espirito\/\"><i class=\"fa fa-clock-o\"><\/i> <\/a><\/div><div class=\"jeg_meta_comment\"><a href=\"https:\/\/igrejavidacomdeus.com\/site\/a-troca-do-espirito\/\" ><i class=\"fa fa-comment-o\"><\/i> 0 <\/a><\/div><\/div>\n                        <div class=\"jeg_post_excerpt\">\n                            <p><\/p>\n                            <a href=\"https:\/\/igrejavidacomdeus.com\/site\/a-troca-do-espirito\/\" class=\"jeg_readmore\">Read more<\/a>\n                        <\/div>\n                    <\/div>\n                <\/article><article class=\"jeg_post jeg_pl_lg_2 format-standard\">\n                    <div class=\"jeg_thumb\">\n                        \n                        <a href=\"https:\/\/igrejavidacomdeus.com\/site\/reencontro\/\"><div class=\"thumbnail-container animate-lazy  size-715 \"><img loading=\"lazy\" decoding=\"async\" width=\"350\" height=\"250\" src=\"https:\/\/igrejavidacomdeus.com\/site\/wp-content\/themes\/jnews\/assets\/img\/jeg-empty.png\" class=\"attachment-jnews-350x250 size-jnews-350x250 lazyload wp-post-image\" alt=\"REENCONTRO\" sizes=\"auto, (max-width: 350px) 100vw, 350px\" data-src=\"https:\/\/igrejavidacomdeus.com\/site\/wp-content\/uploads\/2023\/03\/reecontro-no-site-350x250.jpg\" data-srcset=\"https:\/\/igrejavidacomdeus.com\/site\/wp-content\/uploads\/2023\/03\/reecontro-no-site-350x250.jpg 350w, https:\/\/igrejavidacomdeus.com\/site\/wp-content\/uploads\/2023\/03\/reecontro-no-site-120x86.jpg 120w\" data-sizes=\"auto\" data-expand=\"700\" \/><\/div><\/a>\n                        <div class=\"jeg_post_category\">\n                            <span><a href=\"https:\/\/igrejavidacomdeus.com\/site\/category\/blog\/\" class=\"category-blog\">Blog<\/a><\/span>\n                        <\/div>\n                    <\/div>\n                    <div class=\"jeg_postblock_content\">\n                        <h3 class=\"jeg_post_title\">\n                            <a href=\"https:\/\/igrejavidacomdeus.com\/site\/reencontro\/\">REENCONTRO<\/a>\n                        <\/h3>\n                        <div class=\"jeg_post_meta\"><div class=\"jeg_meta_author\"><span class=\"by\">by<\/span> <a href=\"https:\/\/igrejavidacomdeus.com\/site\/author\/igrejavidacomdeus\/\">igrejavidacomdeus<\/a><\/div><div class=\"jeg_meta_date\"><a href=\"https:\/\/igrejavidacomdeus.com\/site\/reencontro\/\"><i class=\"fa fa-clock-o\"><\/i> <\/a><\/div><div class=\"jeg_meta_comment\"><a href=\"https:\/\/igrejavidacomdeus.com\/site\/reencontro\/\" ><i class=\"fa fa-comment-o\"><\/i> 0 <\/a><\/div><\/div>\n                        <div class=\"jeg_post_excerpt\">\n                            <p>Ol\u00e1 amigos gostaria de contar com a colabora\u00e7\u00e3o de TODOS para a realiza\u00e7\u00e3o deste culto REENCONTRO aberto para todos. Onde...<\/p>\n                            <a href=\"https:\/\/igrejavidacomdeus.com\/site\/reencontro\/\" class=\"jeg_readmore\">Read more<\/a>\n                        <\/div>\n                    <\/div>\n                <\/article><\/div>\n                    <div class='module-overlay'>\n\t\t\t\t    <div class='preloader_type preloader_dot'>\n\t\t\t\t        <div class=\"module-preloader jeg_preloader dot\">\n\t\t\t\t            <span><\/span><span><\/span><span><\/span>\n\t\t\t\t        <\/div>\n\t\t\t\t        <div class=\"module-preloader jeg_preloader circle\">\n\t\t\t\t            <div class=\"jnews_preloader_circle_outer\">\n\t\t\t\t                <div class=\"jnews_preloader_circle_inner\"><\/div>\n\t\t\t\t            <\/div>\n\t\t\t\t        <\/div>\n\t\t\t\t        <div class=\"module-preloader jeg_preloader square\">\n\t\t\t\t            <div class=\"jeg_square\">\n\t\t\t\t                <div class=\"jeg_square_inner\"><\/div>\n\t\t\t\t            <\/div>\n\t\t\t\t        <\/div>\n\t\t\t\t    <\/div>\n\t\t\t\t<\/div>\n                <\/div>\n                <div class=\"jeg_block_navigation\">\n                    <div class='navigation_overlay'><div class='module-preloader jeg_preloader'><span><\/span><span><\/span><span><\/span><\/div><\/div>\n                    \n                    \n                <\/div>\n\t\t\t\t\t\n\t\t\t\t\t<script>var jnews_module__6_69f2761850da5 = {\"header_icon\":\"\",\"first_title\":\"Deus \\u00e9\",\"second_title\":\"GRANDE\",\"url\":\"\",\"header_type\":\"heading_6\",\"header_background\":\"\",\"header_secondary_background\":\"\",\"header_text_color\":\"\",\"header_line_color\":\"\",\"header_accent_color\":\"\",\"header_filter_category\":\"\",\"header_filter_author\":\"\",\"header_filter_tag\":\"\",\"header_filter_text\":\"All\",\"post_type\":\"post\",\"content_type\":\"all\",\"number_post\":\"3\",\"post_offset\":\"0\",\"unique_content\":\"disable\",\"include_post\":\"\",\"exclude_post\":\"\",\"include_category\":\"\",\"exclude_category\":\"\",\"include_author\":\"\",\"include_tag\":\"\",\"exclude_tag\":\"\",\"product_brand\":\"\",\"product_cat\":\"\",\"product_tag\":\"\",\"sort_by\":\"latest\",\"date_format\":\"default\",\"date_format_custom\":\"Y\\\/m\\\/d\",\"excerpt_length\":\"20\",\"excerpt_ellipsis\":\"...\",\"force_normal_image_load\":\"\",\"pagination_mode\":\"disable\",\"pagination_nextprev_showtext\":\"\",\"pagination_number_post\":4,\"pagination_scroll_limit\":0,\"ads_type\":\"disable\",\"ads_position\":1,\"ads_random\":\"\",\"ads_image\":\"\",\"ads_image_tablet\":\"\",\"ads_image_phone\":\"\",\"ads_image_link\":\"\",\"ads_image_alt\":\"\",\"ads_image_new_tab\":\"\",\"google_publisher_id\":\"\",\"google_slot_id\":\"\",\"google_desktop\":\"auto\",\"google_tab\":\"auto\",\"google_phone\":\"auto\",\"content\":\"\",\"ads_bottom_text\":\"\",\"boxed\":\"\",\"boxed_shadow\":\"\",\"el_id\":\"\",\"el_class\":\"\",\"scheme\":\"\",\"column_width\":\"8\",\"title_color\":\"\",\"accent_color\":\"\",\"alt_color\":\"\",\"excerpt_color\":\"\",\"css\":\"\",\"compatible_column_notice\":\"\",\"paged\":1,\"column_class\":\"jeg_col_2o3\",\"class\":\"jnews_block_5\"};<\/script>\n\t\t\t\t<\/div><div  class=\"jeg_postblock_15 jeg_postblock jeg_module_hook jeg_pagination_disable jeg_col_2o3 jnews_module__7_69f2761852436   \" data-unique=\"jnews_module__7_69f2761852436\">\n\t\t\t\t\t<div class=\"jeg_block_heading jeg_block_heading_6 jeg_subcat_right\">\n                     <h3 class=\"jeg_block_title\"><span>DEUS \u00c9<strong>CONTIGO<\/strong><\/span><\/h3>\n                     \n                 <\/div>\n\t\t\t\t\t<div class=\"jeg_block_container\">\n                    \n                    <div class=\"jeg_posts_wrap\"><div class=\"jeg_posts jeg_load_more_flag\"><article class=\"jeg_post jeg_pl_md_box format-standard\">\n                    <div class=\"box_wrap\">\n                        <div class=\"jeg_thumb\">\n                            \n                            <a href=\"https:\/\/igrejavidacomdeus.com\/site\/12o-dia-do-jejum-vamos-alinhar-os-pensamentos-com-deus-ouca-isso\/\"><div class=\"thumbnail-container animate-lazy  size-715 \"><img loading=\"lazy\" decoding=\"async\" width=\"350\" height=\"250\" src=\"https:\/\/igrejavidacomdeus.com\/site\/wp-content\/themes\/jnews\/assets\/img\/jeg-empty.png\" class=\"attachment-jnews-350x250 size-jnews-350x250 lazyload wp-post-image\" alt=\"jejum dia 12\" sizes=\"auto, (max-width: 350px) 100vw, 350px\" data-src=\"https:\/\/igrejavidacomdeus.com\/site\/wp-content\/uploads\/2022\/07\/jejum-dia-12-350x250.jpg\" data-srcset=\"https:\/\/igrejavidacomdeus.com\/site\/wp-content\/uploads\/2022\/07\/jejum-dia-12-350x250.jpg 350w, https:\/\/igrejavidacomdeus.com\/site\/wp-content\/uploads\/2022\/07\/jejum-dia-12-120x86.jpg 120w\" data-sizes=\"auto\" data-expand=\"700\" \/><\/div><\/a>\n                            <div class=\"jeg_post_category\">\n                                <span><a href=\"https:\/\/igrejavidacomdeus.com\/site\/category\/21-dias-de-jejum-2022\/\" class=\"category-21-dias-de-jejum-2022\">21 dias de Jejum 2022<\/a><\/span>\n                            <\/div>\n                        <\/div>\n                        <div class=\"jeg_postblock_content\">\n                            <h3 class=\"jeg_post_title\">\n                                <a href=\"https:\/\/igrejavidacomdeus.com\/site\/12o-dia-do-jejum-vamos-alinhar-os-pensamentos-com-deus-ouca-isso\/\">12\u00ba dia do jejum vamos alinhar os pensamentos com Deus, ou\u00e7a isso<\/a>\n                            <\/h3>\n                            <div class=\"jeg_post_meta\"><div class=\"jeg_meta_date\"><a href=\"https:\/\/igrejavidacomdeus.com\/site\/12o-dia-do-jejum-vamos-alinhar-os-pensamentos-com-deus-ouca-isso\/\" ><i class=\"fa fa-clock-o\"><\/i> <\/a><\/div><\/div>\n                        <\/div>\n                    <\/div>\n                <\/article><article class=\"jeg_post jeg_pl_md_box format-standard\">\n                    <div class=\"box_wrap\">\n                        <div class=\"jeg_thumb\">\n                            \n                            <a href=\"https:\/\/igrejavidacomdeus.com\/site\/essa-mensagem-explica-o-porque-deus-permite-os-dias-dificeis-vale-apena-ouvir-ate-o-final-que-deus-te-abencoe\/\"><div class=\"thumbnail-container animate-lazy  size-715 \"><img loading=\"lazy\" decoding=\"async\" width=\"350\" height=\"250\" src=\"https:\/\/igrejavidacomdeus.com\/site\/wp-content\/themes\/jnews\/assets\/img\/jeg-empty.png\" class=\"attachment-jnews-350x250 size-jnews-350x250 lazyload wp-post-image\" alt=\"jejum dia 11\" sizes=\"auto, (max-width: 350px) 100vw, 350px\" data-src=\"https:\/\/igrejavidacomdeus.com\/site\/wp-content\/uploads\/2022\/07\/jejum-dia-11-350x250.jpg\" data-srcset=\"https:\/\/igrejavidacomdeus.com\/site\/wp-content\/uploads\/2022\/07\/jejum-dia-11-350x250.jpg 350w, https:\/\/igrejavidacomdeus.com\/site\/wp-content\/uploads\/2022\/07\/jejum-dia-11-120x86.jpg 120w\" data-sizes=\"auto\" data-expand=\"700\" \/><\/div><\/a>\n                            <div class=\"jeg_post_category\">\n                                <span><a href=\"https:\/\/igrejavidacomdeus.com\/site\/category\/21-dias-de-jejum-2022\/\" class=\"category-21-dias-de-jejum-2022\">21 dias de Jejum 2022<\/a><\/span>\n                            <\/div>\n                        <\/div>\n                        <div class=\"jeg_postblock_content\">\n                            <h3 class=\"jeg_post_title\">\n                                <a href=\"https:\/\/igrejavidacomdeus.com\/site\/essa-mensagem-explica-o-porque-deus-permite-os-dias-dificeis-vale-apena-ouvir-ate-o-final-que-deus-te-abencoe\/\">Essa mensagem explica o porque DEUS permite os dias dif\u00edceis vale apena ouvir at\u00e9 o final. Que Deus te aben\u00e7oe<\/a>\n                            <\/h3>\n                            <div class=\"jeg_post_meta\"><div class=\"jeg_meta_date\"><a href=\"https:\/\/igrejavidacomdeus.com\/site\/essa-mensagem-explica-o-porque-deus-permite-os-dias-dificeis-vale-apena-ouvir-ate-o-final-que-deus-te-abencoe\/\" ><i class=\"fa fa-clock-o\"><\/i> <\/a><\/div><\/div>\n                        <\/div>\n                    <\/div>\n                <\/article><article class=\"jeg_post jeg_pl_md_box format-standard\">\n                    <div class=\"box_wrap\">\n                        <div class=\"jeg_thumb\">\n                            \n                            <a href=\"https:\/\/igrejavidacomdeus.com\/site\/forca-deus-e-contigo\/\"><div class=\"thumbnail-container animate-lazy  size-715 \"><img loading=\"lazy\" decoding=\"async\" width=\"350\" height=\"250\" src=\"https:\/\/igrejavidacomdeus.com\/site\/wp-content\/themes\/jnews\/assets\/img\/jeg-empty.png\" class=\"attachment-jnews-350x250 size-jnews-350x250 lazyload wp-post-image\" alt=\"jejum dia 10\" sizes=\"auto, (max-width: 350px) 100vw, 350px\" data-src=\"https:\/\/igrejavidacomdeus.com\/site\/wp-content\/uploads\/2022\/07\/jejum-dia-10-350x250.jpg\" data-srcset=\"https:\/\/igrejavidacomdeus.com\/site\/wp-content\/uploads\/2022\/07\/jejum-dia-10-350x250.jpg 350w, https:\/\/igrejavidacomdeus.com\/site\/wp-content\/uploads\/2022\/07\/jejum-dia-10-120x86.jpg 120w\" data-sizes=\"auto\" data-expand=\"700\" \/><\/div><\/a>\n                            <div class=\"jeg_post_category\">\n                                <span><a href=\"https:\/\/igrejavidacomdeus.com\/site\/category\/21-dias-de-jejum-2022\/\" class=\"category-21-dias-de-jejum-2022\">21 dias de Jejum 2022<\/a><\/span>\n                            <\/div>\n                        <\/div>\n                        <div class=\"jeg_postblock_content\">\n                            <h3 class=\"jeg_post_title\">\n                                <a href=\"https:\/\/igrejavidacomdeus.com\/site\/forca-deus-e-contigo\/\">For\u00e7a Deus \u00e9 contigo<\/a>\n                            <\/h3>\n                            <div class=\"jeg_post_meta\"><div class=\"jeg_meta_date\"><a href=\"https:\/\/igrejavidacomdeus.com\/site\/forca-deus-e-contigo\/\" ><i class=\"fa fa-clock-o\"><\/i> <\/a><\/div><\/div>\n                        <\/div>\n                    <\/div>\n                <\/article><article class=\"jeg_post jeg_pl_md_box format-standard\">\n                    <div class=\"box_wrap\">\n                        <div class=\"jeg_thumb\">\n                            \n                            <a href=\"https:\/\/igrejavidacomdeus.com\/site\/muito-importante-ouvir-ate-o-fim\/\"><div class=\"thumbnail-container animate-lazy  size-715 \"><img loading=\"lazy\" decoding=\"async\" width=\"350\" height=\"250\" src=\"https:\/\/igrejavidacomdeus.com\/site\/wp-content\/themes\/jnews\/assets\/img\/jeg-empty.png\" class=\"attachment-jnews-350x250 size-jnews-350x250 lazyload wp-post-image\" alt=\"jejum dia 9\" sizes=\"auto, (max-width: 350px) 100vw, 350px\" data-src=\"https:\/\/igrejavidacomdeus.com\/site\/wp-content\/uploads\/2022\/07\/jejum-dia-9-350x250.jpg\" data-srcset=\"https:\/\/igrejavidacomdeus.com\/site\/wp-content\/uploads\/2022\/07\/jejum-dia-9-350x250.jpg 350w, https:\/\/igrejavidacomdeus.com\/site\/wp-content\/uploads\/2022\/07\/jejum-dia-9-120x86.jpg 120w\" data-sizes=\"auto\" data-expand=\"700\" \/><\/div><\/a>\n                            <div class=\"jeg_post_category\">\n                                <span><a href=\"https:\/\/igrejavidacomdeus.com\/site\/category\/21-dias-de-jejum-2022\/\" class=\"category-21-dias-de-jejum-2022\">21 dias de Jejum 2022<\/a><\/span>\n                            <\/div>\n                        <\/div>\n                        <div class=\"jeg_postblock_content\">\n                            <h3 class=\"jeg_post_title\">\n                                <a href=\"https:\/\/igrejavidacomdeus.com\/site\/muito-importante-ouvir-ate-o-fim\/\">Muito importante ouvir at\u00e9 o fim&#8230;<\/a>\n                            <\/h3>\n                            <div class=\"jeg_post_meta\"><div class=\"jeg_meta_date\"><a href=\"https:\/\/igrejavidacomdeus.com\/site\/muito-importante-ouvir-ate-o-fim\/\" ><i class=\"fa fa-clock-o\"><\/i> <\/a><\/div><\/div>\n                        <\/div>\n                    <\/div>\n                <\/article><\/div><\/div>\n                    <div class='module-overlay'>\n\t\t\t\t    <div class='preloader_type preloader_dot'>\n\t\t\t\t        <div class=\"module-preloader jeg_preloader dot\">\n\t\t\t\t            <span><\/span><span><\/span><span><\/span>\n\t\t\t\t        <\/div>\n\t\t\t\t        <div class=\"module-preloader jeg_preloader circle\">\n\t\t\t\t            <div class=\"jnews_preloader_circle_outer\">\n\t\t\t\t                <div class=\"jnews_preloader_circle_inner\"><\/div>\n\t\t\t\t            <\/div>\n\t\t\t\t        <\/div>\n\t\t\t\t        <div class=\"module-preloader jeg_preloader square\">\n\t\t\t\t            <div class=\"jeg_square\">\n\t\t\t\t                <div class=\"jeg_square_inner\"><\/div>\n\t\t\t\t            <\/div>\n\t\t\t\t        <\/div>\n\t\t\t\t    <\/div>\n\t\t\t\t<\/div>\n                <\/div>\n                <div class=\"jeg_block_navigation\">\n                    <div class='navigation_overlay'><div class='module-preloader jeg_preloader'><span><\/span><span><\/span><span><\/span><\/div><\/div>\n                    \n                    \n                <\/div>\n\t\t\t\t\t<style scoped>.jnews_module__7_69f2761852436 .jeg_block_heading_6 .jeg_block_title span, .jnews_module__7_69f2761852436 .jeg_block_heading_6 .jeg_block_title i { color: #8224e3; }<\/style>\n\t\t\t\t\t<script>var jnews_module__7_69f2761852436 = {\"header_icon\":\"\",\"first_title\":\"DEUS \\u00c9\",\"second_title\":\"CONTIGO\",\"url\":\"\",\"header_type\":\"heading_6\",\"header_background\":\"\",\"header_secondary_background\":\"\",\"header_text_color\":\"#8224e3\",\"header_line_color\":\"\",\"header_accent_color\":\"\",\"header_filter_category\":\"\",\"header_filter_author\":\"\",\"header_filter_tag\":\"\",\"header_filter_text\":\"All\",\"post_type\":\"post\",\"content_type\":\"all\",\"number_post\":\"4\",\"post_offset\":\"0\",\"unique_content\":\"unique1\",\"include_post\":\"\",\"exclude_post\":\"3204,3201,3195,3102,3096,3092,3088,3083,3079,3075,3071,3066\",\"include_category\":\"\",\"exclude_category\":\"\",\"include_author\":\"\",\"include_tag\":\"\",\"exclude_tag\":\"\",\"product_brand\":\"\",\"product_cat\":\"\",\"product_tag\":\"\",\"sort_by\":\"latest\",\"date_format\":\"default\",\"date_format_custom\":\"Y\\\/m\\\/d\",\"force_normal_image_load\":\"\",\"pagination_mode\":\"disable\",\"pagination_nextprev_showtext\":\"\",\"pagination_number_post\":4,\"pagination_scroll_limit\":0,\"el_id\":\"\",\"el_class\":\"\",\"scheme\":\"\",\"column_width\":\"auto\",\"title_color\":\"\",\"accent_color\":\"\",\"alt_color\":\"\",\"excerpt_color\":\"\",\"css\":\"\",\"compatible_column_notice\":\"\",\"paged\":1,\"column_class\":\"jeg_col_2o3\",\"class\":\"jnews_block_15\"};<\/script>\n\t\t\t\t<\/div>[\/vc_column][vc_column width=&#8221;1\/3&#8243; sticky_sidebar=&#8221;yes&#8221; set_as_sidebar=&#8221;yes&#8221;][vc_widget_sidebar sidebar_id=&#8221;home&#8221;][vc_widget_sidebar sidebar_id=&#8221;home-loop&#8221;]<div  class=\"jeg_postblock_carousel jeg_postblock_carousel_2 jeg_postblock jeg_col_8 jnews_module__8_69f2761854c2e  \">\n                    <div class=\"jeg_carousel_post\" data-nav='true' data-autoplay='' data-delay='3000' data-items='1' data-margin='0'>\n                        <div class=\"jeg_post_wrapper\">\n\t\t\t\t<article class=\"jeg_post format-standard\">\n                    <div class=\"jeg_thumb\">\n                        \n                        <a href=\"https:\/\/igrejavidacomdeus.com\/site\/oracao-da-meia-noite\/\" ><div class=\"thumbnail-container animate-lazy  size-715 \"><img loading=\"lazy\" decoding=\"async\" width=\"350\" height=\"250\" src=\"https:\/\/igrejavidacomdeus.com\/site\/wp-content\/themes\/jnews\/assets\/img\/jeg-empty.png\" class=\"attachment-jnews-350x250 size-jnews-350x250 lazyload wp-post-image\" alt=\"Ora\u00e7\u00e3o da Meia noite\" sizes=\"auto, (max-width: 350px) 100vw, 350px\" data-src=\"https:\/\/igrejavidacomdeus.com\/site\/wp-content\/uploads\/2023\/06\/oracao00-350x250.jpg\" data-srcset=\"https:\/\/igrejavidacomdeus.com\/site\/wp-content\/uploads\/2023\/06\/oracao00-350x250.jpg 350w, https:\/\/igrejavidacomdeus.com\/site\/wp-content\/uploads\/2023\/06\/oracao00-120x86.jpg 120w\" data-sizes=\"auto\" data-expand=\"700\" \/><\/div><\/a>\n                    <\/div>\n                    <div class=\"overlay_content\">\n                        <div class=\"jeg_postblock_content\">\n                            <div class=\"jeg_post_category\"><a href=\"https:\/\/igrejavidacomdeus.com\/site\/category\/blog\/\" class=\"category-blog\">Blog<\/a><\/div>\n                            <h3 class=\"jeg_post_title\"><a href=\"https:\/\/igrejavidacomdeus.com\/site\/oracao-da-meia-noite\/\">Ora\u00e7\u00e3o da Meia noite<\/a><\/h3>\n                            <div class=\"jeg_post_meta\"><div class=\"jeg_meta_date\"><a href=\"https:\/\/igrejavidacomdeus.com\/site\/oracao-da-meia-noite\/\" ><i class=\"fa fa-clock-o\"><\/i> <\/a><\/div><\/div>\n                        <\/div>\n                    <\/div>\n\t\t\t\t<\/article>\n\t\t\t\t<\/div><div class=\"jeg_post_wrapper\">\n\t\t\t\t<article class=\"jeg_post format-standard\">\n                    <div class=\"jeg_thumb\">\n                        \n                        <a href=\"https:\/\/igrejavidacomdeus.com\/site\/a-troca-do-espirito\/\" ><div class=\"thumbnail-container animate-lazy  size-715 \"><img loading=\"lazy\" decoding=\"async\" width=\"350\" height=\"250\" src=\"https:\/\/igrejavidacomdeus.com\/site\/wp-content\/themes\/jnews\/assets\/img\/jeg-empty.png\" class=\"attachment-jnews-350x250 size-jnews-350x250 lazyload wp-post-image\" alt=\"A Troca do Esp\u00edrito\" sizes=\"auto, (max-width: 350px) 100vw, 350px\" data-src=\"https:\/\/igrejavidacomdeus.com\/site\/wp-content\/uploads\/2023\/06\/trocadeespirito-350x250.jpg\" data-srcset=\"https:\/\/igrejavidacomdeus.com\/site\/wp-content\/uploads\/2023\/06\/trocadeespirito-350x250.jpg 350w, https:\/\/igrejavidacomdeus.com\/site\/wp-content\/uploads\/2023\/06\/trocadeespirito-120x86.jpg 120w\" data-sizes=\"auto\" data-expand=\"700\" \/><\/div><\/a>\n                    <\/div>\n                    <div class=\"overlay_content\">\n                        <div class=\"jeg_postblock_content\">\n                            <div class=\"jeg_post_category\"><a href=\"https:\/\/igrejavidacomdeus.com\/site\/category\/blog\/\" class=\"category-blog\">Blog<\/a><\/div>\n                            <h3 class=\"jeg_post_title\"><a href=\"https:\/\/igrejavidacomdeus.com\/site\/a-troca-do-espirito\/\">A Troca do Esp\u00edrito<\/a><\/h3>\n                            <div class=\"jeg_post_meta\"><div class=\"jeg_meta_date\"><a href=\"https:\/\/igrejavidacomdeus.com\/site\/a-troca-do-espirito\/\" ><i class=\"fa fa-clock-o\"><\/i> <\/a><\/div><\/div>\n                        <\/div>\n                    <\/div>\n\t\t\t\t<\/article>\n\t\t\t\t<\/div><div class=\"jeg_post_wrapper\">\n\t\t\t\t<article class=\"jeg_post format-standard\">\n                    <div class=\"jeg_thumb\">\n                        \n                        <a href=\"https:\/\/igrejavidacomdeus.com\/site\/reencontro\/\" ><div class=\"thumbnail-container animate-lazy  size-715 \"><img loading=\"lazy\" decoding=\"async\" width=\"350\" height=\"250\" src=\"https:\/\/igrejavidacomdeus.com\/site\/wp-content\/themes\/jnews\/assets\/img\/jeg-empty.png\" class=\"attachment-jnews-350x250 size-jnews-350x250 lazyload wp-post-image\" alt=\"REENCONTRO\" sizes=\"auto, (max-width: 350px) 100vw, 350px\" data-src=\"https:\/\/igrejavidacomdeus.com\/site\/wp-content\/uploads\/2023\/03\/reecontro-no-site-350x250.jpg\" data-srcset=\"https:\/\/igrejavidacomdeus.com\/site\/wp-content\/uploads\/2023\/03\/reecontro-no-site-350x250.jpg 350w, https:\/\/igrejavidacomdeus.com\/site\/wp-content\/uploads\/2023\/03\/reecontro-no-site-120x86.jpg 120w\" data-sizes=\"auto\" data-expand=\"700\" \/><\/div><\/a>\n                    <\/div>\n                    <div class=\"overlay_content\">\n                        <div class=\"jeg_postblock_content\">\n                            <div class=\"jeg_post_category\"><a href=\"https:\/\/igrejavidacomdeus.com\/site\/category\/blog\/\" class=\"category-blog\">Blog<\/a><\/div>\n                            <h3 class=\"jeg_post_title\"><a href=\"https:\/\/igrejavidacomdeus.com\/site\/reencontro\/\">REENCONTRO<\/a><\/h3>\n                            <div class=\"jeg_post_meta\"><div class=\"jeg_meta_date\"><a href=\"https:\/\/igrejavidacomdeus.com\/site\/reencontro\/\" ><i class=\"fa fa-clock-o\"><\/i> <\/a><\/div><\/div>\n                        <\/div>\n                    <\/div>\n\t\t\t\t<\/article>\n\t\t\t\t<\/div><div class=\"jeg_post_wrapper\">\n\t\t\t\t<article class=\"jeg_post format-standard\">\n                    <div class=\"jeg_thumb\">\n                        \n                        <a href=\"https:\/\/igrejavidacomdeus.com\/site\/verdade-seja-dita\/\" ><div class=\"thumbnail-container animate-lazy  size-715 \"><img loading=\"lazy\" decoding=\"async\" width=\"350\" height=\"250\" src=\"https:\/\/igrejavidacomdeus.com\/site\/wp-content\/themes\/jnews\/assets\/img\/jeg-empty.png\" class=\"attachment-jnews-350x250 size-jnews-350x250 lazyload wp-post-image\" alt=\"Verdade Seja Dita\" sizes=\"auto, (max-width: 350px) 100vw, 350px\" data-src=\"https:\/\/igrejavidacomdeus.com\/site\/wp-content\/uploads\/2022\/08\/terca-350x250.jpg\" data-srcset=\"https:\/\/igrejavidacomdeus.com\/site\/wp-content\/uploads\/2022\/08\/terca-350x250.jpg 350w, https:\/\/igrejavidacomdeus.com\/site\/wp-content\/uploads\/2022\/08\/terca-120x86.jpg 120w, https:\/\/igrejavidacomdeus.com\/site\/wp-content\/uploads\/2022\/08\/terca-750x536.jpg 750w\" data-sizes=\"auto\" data-expand=\"700\" \/><\/div><\/a>\n                    <\/div>\n                    <div class=\"overlay_content\">\n                        <div class=\"jeg_postblock_content\">\n                            <div class=\"jeg_post_category\"><a href=\"https:\/\/igrejavidacomdeus.com\/site\/category\/blog\/\" class=\"category-blog\">Blog<\/a><\/div>\n                            <h3 class=\"jeg_post_title\"><a href=\"https:\/\/igrejavidacomdeus.com\/site\/verdade-seja-dita\/\">Verdade Seja Dita<\/a><\/h3>\n                            <div class=\"jeg_post_meta\"><div class=\"jeg_meta_date\"><a href=\"https:\/\/igrejavidacomdeus.com\/site\/verdade-seja-dita\/\" ><i class=\"fa fa-clock-o\"><\/i> <\/a><\/div><\/div>\n                        <\/div>\n                    <\/div>\n\t\t\t\t<\/article>\n\t\t\t\t<\/div><div class=\"jeg_post_wrapper\">\n\t\t\t\t<article class=\"jeg_post format-standard\">\n                    <div class=\"jeg_thumb\">\n                        \n                        <a href=\"https:\/\/igrejavidacomdeus.com\/site\/termino-da-campanha-de-21-dias-de-jejum-e-oracao-deus-abencoe-a-todos-que-tiveram-a-oportunidade-de-participar-ouvindo-algumas-mensagens\/\" ><div class=\"thumbnail-container animate-lazy  size-715 \"><img loading=\"lazy\" decoding=\"async\" width=\"350\" height=\"250\" src=\"https:\/\/igrejavidacomdeus.com\/site\/wp-content\/themes\/jnews\/assets\/img\/jeg-empty.png\" class=\"attachment-jnews-350x250 size-jnews-350x250 lazyload wp-post-image\" alt=\"T\u00e9rmino da campanha de 21 dias de jejum e ora\u00e7\u00e3o. Deus aben\u00e7oe a todos que tiveram a oportunidade de participar ouvindo algumas mensagens\" sizes=\"auto, (max-width: 350px) 100vw, 350px\" data-src=\"https:\/\/igrejavidacomdeus.com\/site\/wp-content\/uploads\/2022\/08\/jejum-dia-21-350x250.jpg\" data-srcset=\"https:\/\/igrejavidacomdeus.com\/site\/wp-content\/uploads\/2022\/08\/jejum-dia-21-350x250.jpg 350w, https:\/\/igrejavidacomdeus.com\/site\/wp-content\/uploads\/2022\/08\/jejum-dia-21-120x86.jpg 120w\" data-sizes=\"auto\" data-expand=\"700\" \/><\/div><\/a>\n                    <\/div>\n                    <div class=\"overlay_content\">\n                        <div class=\"jeg_postblock_content\">\n                            <div class=\"jeg_post_category\"><a href=\"https:\/\/igrejavidacomdeus.com\/site\/category\/21-dias-de-jejum-2022\/\" class=\"category-21-dias-de-jejum-2022\">21 dias de Jejum 2022<\/a><\/div>\n                            <h3 class=\"jeg_post_title\"><a href=\"https:\/\/igrejavidacomdeus.com\/site\/termino-da-campanha-de-21-dias-de-jejum-e-oracao-deus-abencoe-a-todos-que-tiveram-a-oportunidade-de-participar-ouvindo-algumas-mensagens\/\">T\u00e9rmino da campanha de 21 dias de jejum e ora\u00e7\u00e3o. Deus aben\u00e7oe a todos que tiveram a oportunidade de participar ouvindo algumas mensagens<\/a><\/h3>\n                            <div class=\"jeg_post_meta\"><div class=\"jeg_meta_date\"><a href=\"https:\/\/igrejavidacomdeus.com\/site\/termino-da-campanha-de-21-dias-de-jejum-e-oracao-deus-abencoe-a-todos-que-tiveram-a-oportunidade-de-participar-ouvindo-algumas-mensagens\/\" ><i class=\"fa fa-clock-o\"><\/i> <\/a><\/div><\/div>\n                        <\/div>\n                    <\/div>\n\t\t\t\t<\/article>\n\t\t\t\t<\/div>\n                    <\/div>\n                <\/div><div  class=\"jeg_postblock_9 jeg_postblock jeg_module_hook jeg_pagination_disable jeg_col_2o3 jnews_module__9_69f2761856736   \" data-unique=\"jnews_module__9_69f2761856736\">\n\t\t\t\t\t<div class=\"jeg_block_heading jeg_block_heading_6 jeg_subcat_right\">\n                     <h3 class=\"jeg_block_title\"><span>R\u00e1dio<\/span><\/h3>\n                     <div class=\"jeg_subcat\">\n                    <ul class=\"jeg_subcat_list\">\n                        <li><a class=\"subclass-filter current\" href=\"#\" data-type='all' data-id='0'>All<\/a><\/li><li><a class=\"subclass-filter\" href=\"https:\/\/igrejavidacomdeus.com\/site\/category\/programas-radio\/\" data-type='category' data-id='51'>Programas R\u00e1dio<\/a><\/li>\n                    <\/ul>\n                <\/div>\n                 <\/div>\n\t\t\t\t\t<div class=\"jeg_block_container\">\n                    \n                    <div class=\"jeg_posts_wrap\"><div class=\"jeg_posts jeg_load_more_flag\"><article class=\"jeg_post jeg_pl_md_1 format-standard\">\n                    <div class=\"jeg_thumb\">\n                        \n                        <a href=\"https:\/\/igrejavidacomdeus.com\/site\/oracao-da-meia-noite\/\"><div class=\"thumbnail-container animate-lazy  size-500 \"><img loading=\"lazy\" decoding=\"async\" width=\"360\" height=\"180\" src=\"https:\/\/igrejavidacomdeus.com\/site\/wp-content\/themes\/jnews\/assets\/img\/jeg-empty.png\" class=\"attachment-jnews-360x180 size-jnews-360x180 lazyload wp-post-image\" alt=\"Ora\u00e7\u00e3o da Meia noite\" data-src=\"https:\/\/igrejavidacomdeus.com\/site\/wp-content\/uploads\/2023\/06\/oracao00-360x180.jpg\" data-srcset=\"\" data-sizes=\"auto\" data-expand=\"700\" \/><\/div><\/a>\n                        <div class=\"jeg_post_category\">\n                            <span><a href=\"https:\/\/igrejavidacomdeus.com\/site\/category\/blog\/\" class=\"category-blog\">Blog<\/a><\/span>\n                        <\/div>\n                    <\/div>\n                    <div class=\"jeg_postblock_content\">\n                        <h3 class=\"jeg_post_title\">\n                            <a href=\"https:\/\/igrejavidacomdeus.com\/site\/oracao-da-meia-noite\/\">Ora\u00e7\u00e3o da Meia noite<\/a>\n                        <\/h3>\n                        <div class=\"jeg_post_meta\"><div class=\"jeg_meta_date\"><a href=\"https:\/\/igrejavidacomdeus.com\/site\/oracao-da-meia-noite\/\" ><i class=\"fa fa-clock-o\"><\/i> <\/a><\/div><\/div>\n                    <\/div>\n                <\/article><article class=\"jeg_post jeg_pl_md_1 format-standard\">\n                    <div class=\"jeg_thumb\">\n                        \n                        <a href=\"https:\/\/igrejavidacomdeus.com\/site\/a-troca-do-espirito\/\"><div class=\"thumbnail-container animate-lazy  size-500 \"><img loading=\"lazy\" decoding=\"async\" width=\"360\" height=\"180\" src=\"https:\/\/igrejavidacomdeus.com\/site\/wp-content\/themes\/jnews\/assets\/img\/jeg-empty.png\" class=\"attachment-jnews-360x180 size-jnews-360x180 lazyload wp-post-image\" alt=\"A Troca do Esp\u00edrito\" data-src=\"https:\/\/igrejavidacomdeus.com\/site\/wp-content\/uploads\/2023\/06\/trocadeespirito-360x180.jpg\" data-srcset=\"\" data-sizes=\"auto\" data-expand=\"700\" \/><\/div><\/a>\n                        <div class=\"jeg_post_category\">\n                            <span><a href=\"https:\/\/igrejavidacomdeus.com\/site\/category\/blog\/\" class=\"category-blog\">Blog<\/a><\/span>\n                        <\/div>\n                    <\/div>\n                    <div class=\"jeg_postblock_content\">\n                        <h3 class=\"jeg_post_title\">\n                            <a href=\"https:\/\/igrejavidacomdeus.com\/site\/a-troca-do-espirito\/\">A Troca do Esp\u00edrito<\/a>\n                        <\/h3>\n                        <div class=\"jeg_post_meta\"><div class=\"jeg_meta_date\"><a href=\"https:\/\/igrejavidacomdeus.com\/site\/a-troca-do-espirito\/\" ><i class=\"fa fa-clock-o\"><\/i> <\/a><\/div><\/div>\n                    <\/div>\n                <\/article><\/div><\/div>\n                    <div class='module-overlay'>\n\t\t\t\t    <div class='preloader_type preloader_dot'>\n\t\t\t\t        <div class=\"module-preloader jeg_preloader dot\">\n\t\t\t\t            <span><\/span><span><\/span><span><\/span>\n\t\t\t\t        <\/div>\n\t\t\t\t        <div class=\"module-preloader jeg_preloader circle\">\n\t\t\t\t            <div class=\"jnews_preloader_circle_outer\">\n\t\t\t\t                <div class=\"jnews_preloader_circle_inner\"><\/div>\n\t\t\t\t            <\/div>\n\t\t\t\t        <\/div>\n\t\t\t\t        <div class=\"module-preloader jeg_preloader square\">\n\t\t\t\t            <div class=\"jeg_square\">\n\t\t\t\t                <div class=\"jeg_square_inner\"><\/div>\n\t\t\t\t            <\/div>\n\t\t\t\t        <\/div>\n\t\t\t\t    <\/div>\n\t\t\t\t<\/div>\n                <\/div>\n                <div class=\"jeg_block_navigation\">\n                    <div class='navigation_overlay'><div class='module-preloader jeg_preloader'><span><\/span><span><\/span><span><\/span><\/div><\/div>\n                    \n                    \n                <\/div>\n\t\t\t\t\t\n\t\t\t\t\t<script>var jnews_module__9_69f2761856736 = {\"header_icon\":\"\",\"first_title\":\"R\\u00e1dio\",\"second_title\":\"\",\"url\":\"\",\"header_type\":\"heading_6\",\"header_background\":\"\",\"header_secondary_background\":\"\",\"header_text_color\":\"\",\"header_line_color\":\"\",\"header_accent_color\":\"\",\"header_filter_category\":\"51\",\"header_filter_author\":\"\",\"header_filter_tag\":\"\",\"header_filter_text\":\"All\",\"post_type\":\"post\",\"content_type\":\"all\",\"number_post\":\"2\",\"post_offset\":\"0\",\"unique_content\":\"disable\",\"include_post\":\"\",\"exclude_post\":\"\",\"include_category\":\"\",\"exclude_category\":\"\",\"include_author\":\"\",\"include_tag\":\"\",\"exclude_tag\":\"\",\"product_brand\":\"\",\"product_cat\":\"\",\"product_tag\":\"\",\"sort_by\":\"latest\",\"date_format\":\"default\",\"date_format_custom\":\"Y\\\/m\\\/d\",\"force_normal_image_load\":\"\",\"pagination_mode\":\"disable\",\"pagination_nextprev_showtext\":\"\",\"pagination_number_post\":4,\"pagination_scroll_limit\":0,\"boxed\":\"\",\"boxed_shadow\":\"\",\"el_id\":\"\",\"el_class\":\"\",\"scheme\":\"\",\"column_width\":\"auto\",\"title_color\":\"\",\"accent_color\":\"\",\"alt_color\":\"\",\"excerpt_color\":\"\",\"css\":\"\",\"compatible_column_notice\":\"\",\"paged\":1,\"column_class\":\"jeg_col_2o3\",\"class\":\"jnews_block_9\"};<\/script>\n\t\t\t\t<\/div><div  class=\"jeg_postblock_21 jeg_postblock jeg_module_hook jeg_pagination_disable jeg_col_2o3 jnews_module__10_69f276185776c   \" data-unique=\"jnews_module__10_69f276185776c\">\n\t\t\t\t\t<div class=\"jeg_block_heading jeg_block_heading_6 jeg_subcat_right\">\n                     <h3 class=\"jeg_block_title\"><span>Importante<\/span><\/h3>\n                     \n                 <\/div>\n\t\t\t\t\t<div class=\"jeg_block_container\">\n                    \n                    <div class=\"jeg_posts jeg_load_more_flag\"><article class=\"jeg_post jeg_pl_sm format-standard\">\n                    <div class=\"jeg_thumb\">\n                        \n                        <a href=\"https:\/\/igrejavidacomdeus.com\/site\/oracao-da-meia-noite\/\"><div class=\"thumbnail-container animate-lazy  size-715 \"><img loading=\"lazy\" decoding=\"async\" width=\"120\" height=\"86\" src=\"https:\/\/igrejavidacomdeus.com\/site\/wp-content\/themes\/jnews\/assets\/img\/jeg-empty.png\" class=\"attachment-jnews-120x86 size-jnews-120x86 lazyload wp-post-image\" alt=\"Ora\u00e7\u00e3o da Meia noite\" sizes=\"auto, (max-width: 120px) 100vw, 120px\" data-src=\"https:\/\/igrejavidacomdeus.com\/site\/wp-content\/uploads\/2023\/06\/oracao00-120x86.jpg\" data-srcset=\"https:\/\/igrejavidacomdeus.com\/site\/wp-content\/uploads\/2023\/06\/oracao00-120x86.jpg 120w, https:\/\/igrejavidacomdeus.com\/site\/wp-content\/uploads\/2023\/06\/oracao00-350x250.jpg 350w\" data-sizes=\"auto\" data-expand=\"700\" \/><\/div><\/a>\n                    <\/div>\n                    <div class=\"jeg_postblock_content\">\n                        <h3 class=\"jeg_post_title\">\n                            <a href=\"https:\/\/igrejavidacomdeus.com\/site\/oracao-da-meia-noite\/\">Ora\u00e7\u00e3o da Meia noite<\/a>\n                        <\/h3>\n                        <div class=\"jeg_post_meta\"><div class=\"jeg_meta_date\"><a href=\"https:\/\/igrejavidacomdeus.com\/site\/oracao-da-meia-noite\/\" ><i class=\"fa fa-clock-o\"><\/i> <\/a><\/div><\/div>\n                    <\/div>\n                <\/article><article class=\"jeg_post jeg_pl_sm format-standard\">\n                    <div class=\"jeg_thumb\">\n                        \n                        <a href=\"https:\/\/igrejavidacomdeus.com\/site\/a-troca-do-espirito\/\"><div class=\"thumbnail-container animate-lazy  size-715 \"><img loading=\"lazy\" decoding=\"async\" width=\"120\" height=\"86\" src=\"https:\/\/igrejavidacomdeus.com\/site\/wp-content\/themes\/jnews\/assets\/img\/jeg-empty.png\" class=\"attachment-jnews-120x86 size-jnews-120x86 lazyload wp-post-image\" alt=\"A Troca do Esp\u00edrito\" sizes=\"auto, (max-width: 120px) 100vw, 120px\" data-src=\"https:\/\/igrejavidacomdeus.com\/site\/wp-content\/uploads\/2023\/06\/trocadeespirito-120x86.jpg\" data-srcset=\"https:\/\/igrejavidacomdeus.com\/site\/wp-content\/uploads\/2023\/06\/trocadeespirito-120x86.jpg 120w, https:\/\/igrejavidacomdeus.com\/site\/wp-content\/uploads\/2023\/06\/trocadeespirito-350x250.jpg 350w\" data-sizes=\"auto\" data-expand=\"700\" \/><\/div><\/a>\n                    <\/div>\n                    <div class=\"jeg_postblock_content\">\n                        <h3 class=\"jeg_post_title\">\n                            <a href=\"https:\/\/igrejavidacomdeus.com\/site\/a-troca-do-espirito\/\">A Troca do Esp\u00edrito<\/a>\n                        <\/h3>\n                        <div class=\"jeg_post_meta\"><div class=\"jeg_meta_date\"><a href=\"https:\/\/igrejavidacomdeus.com\/site\/a-troca-do-espirito\/\" ><i class=\"fa fa-clock-o\"><\/i> <\/a><\/div><\/div>\n                    <\/div>\n                <\/article><article class=\"jeg_post jeg_pl_sm format-standard\">\n                    <div class=\"jeg_thumb\">\n                        \n                        <a href=\"https:\/\/igrejavidacomdeus.com\/site\/reencontro\/\"><div class=\"thumbnail-container animate-lazy  size-715 \"><img loading=\"lazy\" decoding=\"async\" width=\"120\" height=\"86\" src=\"https:\/\/igrejavidacomdeus.com\/site\/wp-content\/themes\/jnews\/assets\/img\/jeg-empty.png\" class=\"attachment-jnews-120x86 size-jnews-120x86 lazyload wp-post-image\" alt=\"REENCONTRO\" sizes=\"auto, (max-width: 120px) 100vw, 120px\" data-src=\"https:\/\/igrejavidacomdeus.com\/site\/wp-content\/uploads\/2023\/03\/reecontro-no-site-120x86.jpg\" data-srcset=\"https:\/\/igrejavidacomdeus.com\/site\/wp-content\/uploads\/2023\/03\/reecontro-no-site-120x86.jpg 120w, https:\/\/igrejavidacomdeus.com\/site\/wp-content\/uploads\/2023\/03\/reecontro-no-site-350x250.jpg 350w\" data-sizes=\"auto\" data-expand=\"700\" \/><\/div><\/a>\n                    <\/div>\n                    <div class=\"jeg_postblock_content\">\n                        <h3 class=\"jeg_post_title\">\n                            <a href=\"https:\/\/igrejavidacomdeus.com\/site\/reencontro\/\">REENCONTRO<\/a>\n                        <\/h3>\n                        <div class=\"jeg_post_meta\"><div class=\"jeg_meta_date\"><a href=\"https:\/\/igrejavidacomdeus.com\/site\/reencontro\/\" ><i class=\"fa fa-clock-o\"><\/i> <\/a><\/div><\/div>\n                    <\/div>\n                <\/article><article class=\"jeg_post jeg_pl_sm format-standard\">\n                    <div class=\"jeg_thumb\">\n                        \n                        <a href=\"https:\/\/igrejavidacomdeus.com\/site\/verdade-seja-dita\/\"><div class=\"thumbnail-container animate-lazy  size-715 \"><img loading=\"lazy\" decoding=\"async\" width=\"120\" height=\"86\" src=\"https:\/\/igrejavidacomdeus.com\/site\/wp-content\/themes\/jnews\/assets\/img\/jeg-empty.png\" class=\"attachment-jnews-120x86 size-jnews-120x86 lazyload wp-post-image\" alt=\"Verdade Seja Dita\" sizes=\"auto, (max-width: 120px) 100vw, 120px\" data-src=\"https:\/\/igrejavidacomdeus.com\/site\/wp-content\/uploads\/2022\/08\/terca-120x86.jpg\" data-srcset=\"https:\/\/igrejavidacomdeus.com\/site\/wp-content\/uploads\/2022\/08\/terca-120x86.jpg 120w, https:\/\/igrejavidacomdeus.com\/site\/wp-content\/uploads\/2022\/08\/terca-350x250.jpg 350w, https:\/\/igrejavidacomdeus.com\/site\/wp-content\/uploads\/2022\/08\/terca-750x536.jpg 750w\" data-sizes=\"auto\" data-expand=\"700\" \/><\/div><\/a>\n                    <\/div>\n                    <div class=\"jeg_postblock_content\">\n                        <h3 class=\"jeg_post_title\">\n                            <a href=\"https:\/\/igrejavidacomdeus.com\/site\/verdade-seja-dita\/\">Verdade Seja Dita<\/a>\n                        <\/h3>\n                        <div class=\"jeg_post_meta\"><div class=\"jeg_meta_date\"><a href=\"https:\/\/igrejavidacomdeus.com\/site\/verdade-seja-dita\/\" ><i class=\"fa fa-clock-o\"><\/i> <\/a><\/div><\/div>\n                    <\/div>\n                <\/article><\/div>\n                    <div class='module-overlay'>\n\t\t\t\t    <div class='preloader_type preloader_dot'>\n\t\t\t\t        <div class=\"module-preloader jeg_preloader dot\">\n\t\t\t\t            <span><\/span><span><\/span><span><\/span>\n\t\t\t\t        <\/div>\n\t\t\t\t        <div class=\"module-preloader jeg_preloader circle\">\n\t\t\t\t            <div class=\"jnews_preloader_circle_outer\">\n\t\t\t\t                <div class=\"jnews_preloader_circle_inner\"><\/div>\n\t\t\t\t            <\/div>\n\t\t\t\t        <\/div>\n\t\t\t\t        <div class=\"module-preloader jeg_preloader square\">\n\t\t\t\t            <div class=\"jeg_square\">\n\t\t\t\t                <div class=\"jeg_square_inner\"><\/div>\n\t\t\t\t            <\/div>\n\t\t\t\t        <\/div>\n\t\t\t\t    <\/div>\n\t\t\t\t<\/div>\n                <\/div>\n                <div class=\"jeg_block_navigation\">\n                    <div class='navigation_overlay'><div class='module-preloader jeg_preloader'><span><\/span><span><\/span><span><\/span><\/div><\/div>\n                    \n                    \n                <\/div>\n\t\t\t\t\t\n\t\t\t\t\t<script>var jnews_module__10_69f276185776c = {\"header_icon\":\"\",\"first_title\":\"Importante\",\"second_title\":\"\",\"url\":\"\",\"header_type\":\"heading_6\",\"header_background\":\"\",\"header_secondary_background\":\"\",\"header_text_color\":\"\",\"header_line_color\":\"\",\"header_accent_color\":\"\",\"header_filter_category\":\"\",\"header_filter_author\":\"\",\"header_filter_tag\":\"\",\"header_filter_text\":\"All\",\"post_type\":\"post\",\"content_type\":\"all\",\"number_post\":\"4\",\"post_offset\":\"0\",\"unique_content\":\"disable\",\"include_post\":\"\",\"exclude_post\":\"\",\"include_category\":\"\",\"exclude_category\":\"\",\"include_author\":\"\",\"include_tag\":\"\",\"exclude_tag\":\"\",\"product_brand\":\"\",\"product_cat\":\"\",\"product_tag\":\"\",\"sort_by\":\"latest\",\"date_format\":\"default\",\"date_format_custom\":\"Y\\\/m\\\/d\",\"force_normal_image_load\":\"\",\"pagination_mode\":\"disable\",\"pagination_nextprev_showtext\":\"\",\"pagination_number_post\":6,\"pagination_scroll_limit\":0,\"boxed\":\"\",\"boxed_shadow\":\"\",\"el_id\":\"\",\"el_class\":\"\",\"scheme\":\"\",\"column_width\":\"auto\",\"title_color\":\"\",\"accent_color\":\"\",\"alt_color\":\"\",\"excerpt_color\":\"\",\"css\":\"\",\"compatible_column_notice\":\"\",\"paged\":1,\"column_class\":\"jeg_col_2o3\",\"class\":\"jnews_block_21\"};<\/script>\n\t\t\t\t<\/div><div  class='jeg_ad jeg_ad_module jnews_module__11_69f2761858d26   '><div class='ads-wrapper'><\/div><\/div>[\/vc_column][\/vc_row][vc_row full_width=&#8221;stretch_row&#8221; css=&#8221;.vc_custom_1483584986908{margin-bottom: 40px !important;padding-top: 40px !important;background-color: #212121 !important;}&#8221;][vc_column]<div  class=\"jeg_heroblock jeg_heroblock_2 jeg_col_2o3 jeg_hero_style_1 jnews_module__12_69f27618593f3  \" data-margin=\"2\" >\n                <div class=\"jeg_hero_wrapper\"><div class=\"jeg_heroblock_wrapper\" style='margin: 0px 0px -2px -2px;'>\n\t                <article class=\"jeg_post jeg_hero_item_1 format-standard\" style=\"padding: 0 0 2px 2px;\">\n                        <div class=\"jeg_block_container\">\n                            \n                            <span class=\"jeg_postformat_icon\"><\/span>\n                            <div class=\"jeg_thumb\">\n                                <a href=\"https:\/\/igrejavidacomdeus.com\/site\/oracao-da-meia-noite\/\" ><div class=\"thumbnail-container thumbnail-background\" data-src=\"https:\/\/igrejavidacomdeus.com\/site\/wp-content\/uploads\/2023\/06\/oracao00.jpg\" >\n                        <div class=\"lazyloaded\" data-src=\"https:\/\/igrejavidacomdeus.com\/site\/wp-content\/uploads\/2023\/06\/oracao00.jpg\" style=\"background-image: url(https:\/\/igrejavidacomdeus.com\/site\/wp-content\/uploads\/2023\/06\/oracao00.jpg)\"><\/div>\n                    <\/div><\/a>\n                            <\/div>\n                            <div class=\"jeg_postblock_content\">\n                                <div class=\"jeg_post_category\"><a href=\"https:\/\/igrejavidacomdeus.com\/site\/category\/blog\/\" class=\"category-blog\">Blog<\/a><\/div>\n                                <div class=\"jeg_post_info\">\n                                    <h2 class=\"jeg_post_title\">\n                                        <a href=\"https:\/\/igrejavidacomdeus.com\/site\/oracao-da-meia-noite\/\" >Ora\u00e7\u00e3o da Meia noite<\/a>\n                                    <\/h2>\n                                    <div class=\"jeg_post_meta\"><div class=\"jeg_meta_author\"><span class=\"by\">by<\/span> <a href=\"https:\/\/igrejavidacomdeus.com\/site\/author\/igrejavidacomdeus\/\">igrejavidacomdeus<\/a><\/div><div class=\"jeg_meta_date\"><a href=\"https:\/\/igrejavidacomdeus.com\/site\/oracao-da-meia-noite\/\"><i class=\"fa fa-clock-o\"><\/i> <\/a><\/div><\/div>\n                                <\/div>\n                            <\/div>\n                        <\/div>\n                    <\/article>\n                <div class=\"jeg_heroblock_scroller\">\n                    <article class=\"jeg_post jeg_hero_item_2 format-standard\" style=\"padding: 0 0 2px 2px;\">\n                        <div class=\"jeg_block_container\">\n                            \n                            <span class=\"jeg_postformat_icon\"><\/span>\n                            <div class=\"jeg_thumb\">\n                                <a href=\"https:\/\/igrejavidacomdeus.com\/site\/a-troca-do-espirito\/\" ><div class=\"thumbnail-container thumbnail-background\" data-src=\"https:\/\/igrejavidacomdeus.com\/site\/wp-content\/uploads\/2023\/06\/trocadeespirito-350x250.jpg\" >\n                        <div class=\"lazyloaded\" data-src=\"https:\/\/igrejavidacomdeus.com\/site\/wp-content\/uploads\/2023\/06\/trocadeespirito-350x250.jpg\" style=\"background-image: url(https:\/\/igrejavidacomdeus.com\/site\/wp-content\/uploads\/2023\/06\/trocadeespirito-350x250.jpg)\"><\/div>\n                    <\/div><\/a>\n                            <\/div>\n                            <div class=\"jeg_postblock_content\">\n                                <div class=\"jeg_post_category\"><a href=\"https:\/\/igrejavidacomdeus.com\/site\/category\/blog\/\" class=\"category-blog\">Blog<\/a><\/div>\n                                <div class=\"jeg_post_info\">\n                                    <h2 class=\"jeg_post_title\">\n                                        <a href=\"https:\/\/igrejavidacomdeus.com\/site\/a-troca-do-espirito\/\" >A Troca do Esp\u00edrito<\/a>\n                                    <\/h2>\n                                    <div class=\"jeg_post_meta\"><div class=\"jeg_meta_date\"><a href=\"https:\/\/igrejavidacomdeus.com\/site\/a-troca-do-espirito\/\" ><i class=\"fa fa-clock-o\"><\/i> <\/a><\/div><\/div>\n                                <\/div>\n                            <\/div>\n                        <\/div>\n                    <\/article><article class=\"jeg_post jeg_hero_item_3 format-standard\" style=\"padding: 0 0 2px 2px;\">\n                        <div class=\"jeg_block_container\">\n                            \n                            <span class=\"jeg_postformat_icon\"><\/span>\n                            <div class=\"jeg_thumb\">\n                                <a href=\"https:\/\/igrejavidacomdeus.com\/site\/reencontro\/\" ><div class=\"thumbnail-container thumbnail-background\" data-src=\"https:\/\/igrejavidacomdeus.com\/site\/wp-content\/uploads\/2023\/03\/reecontro-no-site-350x250.jpg\" >\n                        <div class=\"lazyloaded\" data-src=\"https:\/\/igrejavidacomdeus.com\/site\/wp-content\/uploads\/2023\/03\/reecontro-no-site-350x250.jpg\" style=\"background-image: url(https:\/\/igrejavidacomdeus.com\/site\/wp-content\/uploads\/2023\/03\/reecontro-no-site-350x250.jpg)\"><\/div>\n                    <\/div><\/a>\n                            <\/div>\n                            <div class=\"jeg_postblock_content\">\n                                <div class=\"jeg_post_category\"><a href=\"https:\/\/igrejavidacomdeus.com\/site\/category\/blog\/\" class=\"category-blog\">Blog<\/a><\/div>\n                                <div class=\"jeg_post_info\">\n                                    <h2 class=\"jeg_post_title\">\n                                        <a href=\"https:\/\/igrejavidacomdeus.com\/site\/reencontro\/\" >REENCONTRO<\/a>\n                                    <\/h2>\n                                    <div class=\"jeg_post_meta\"><div class=\"jeg_meta_date\"><a href=\"https:\/\/igrejavidacomdeus.com\/site\/reencontro\/\" ><i class=\"fa fa-clock-o\"><\/i> <\/a><\/div><\/div>\n                                <\/div>\n                            <\/div>\n                        <\/div>\n                    <\/article><article class=\"jeg_post jeg_hero_item_4 format-standard\" style=\"padding: 0 0 2px 2px;\">\n                        <div class=\"jeg_block_container\">\n                            \n                            <span class=\"jeg_postformat_icon\"><\/span>\n                            <div class=\"jeg_thumb\">\n                                <a href=\"https:\/\/igrejavidacomdeus.com\/site\/verdade-seja-dita\/\" ><div class=\"thumbnail-container thumbnail-background\" data-src=\"https:\/\/igrejavidacomdeus.com\/site\/wp-content\/uploads\/2022\/08\/terca-350x250.jpg\" >\n                        <div class=\"lazyloaded\" data-src=\"https:\/\/igrejavidacomdeus.com\/site\/wp-content\/uploads\/2022\/08\/terca-350x250.jpg\" style=\"background-image: url(https:\/\/igrejavidacomdeus.com\/site\/wp-content\/uploads\/2022\/08\/terca-350x250.jpg)\"><\/div>\n                    <\/div><\/a>\n                            <\/div>\n                            <div class=\"jeg_postblock_content\">\n                                <div class=\"jeg_post_category\"><a href=\"https:\/\/igrejavidacomdeus.com\/site\/category\/blog\/\" class=\"category-blog\">Blog<\/a><\/div>\n                                <div class=\"jeg_post_info\">\n                                    <h2 class=\"jeg_post_title\">\n                                        <a href=\"https:\/\/igrejavidacomdeus.com\/site\/verdade-seja-dita\/\" >Verdade Seja Dita<\/a>\n                                    <\/h2>\n                                    <div class=\"jeg_post_meta\"><div class=\"jeg_meta_date\"><a href=\"https:\/\/igrejavidacomdeus.com\/site\/verdade-seja-dita\/\" ><i class=\"fa fa-clock-o\"><\/i> <\/a><\/div><\/div>\n                                <\/div>\n                            <\/div>\n                        <\/div>\n                    <\/article><article class=\"jeg_post jeg_hero_item_5 format-standard\" style=\"padding: 0 0 2px 2px;\">\n                        <div class=\"jeg_block_container\">\n                            \n                            <span class=\"jeg_postformat_icon\"><\/span>\n                            <div class=\"jeg_thumb\">\n                                <a href=\"https:\/\/igrejavidacomdeus.com\/site\/termino-da-campanha-de-21-dias-de-jejum-e-oracao-deus-abencoe-a-todos-que-tiveram-a-oportunidade-de-participar-ouvindo-algumas-mensagens\/\" ><div class=\"thumbnail-container thumbnail-background\" data-src=\"https:\/\/igrejavidacomdeus.com\/site\/wp-content\/uploads\/2022\/08\/jejum-dia-21-350x250.jpg\" >\n                        <div class=\"lazyloaded\" data-src=\"https:\/\/igrejavidacomdeus.com\/site\/wp-content\/uploads\/2022\/08\/jejum-dia-21-350x250.jpg\" style=\"background-image: url(https:\/\/igrejavidacomdeus.com\/site\/wp-content\/uploads\/2022\/08\/jejum-dia-21-350x250.jpg)\"><\/div>\n                    <\/div><\/a>\n                            <\/div>\n                            <div class=\"jeg_postblock_content\">\n                                <div class=\"jeg_post_category\"><a href=\"https:\/\/igrejavidacomdeus.com\/site\/category\/21-dias-de-jejum-2022\/\" class=\"category-21-dias-de-jejum-2022\">21 dias de Jejum 2022<\/a><\/div>\n                                <div class=\"jeg_post_info\">\n                                    <h2 class=\"jeg_post_title\">\n                                        <a href=\"https:\/\/igrejavidacomdeus.com\/site\/termino-da-campanha-de-21-dias-de-jejum-e-oracao-deus-abencoe-a-todos-que-tiveram-a-oportunidade-de-participar-ouvindo-algumas-mensagens\/\" >T\u00e9rmino da campanha de 21 dias de jejum e ora\u00e7\u00e3o. Deus aben\u00e7oe a todos que tiveram a oportunidade de participar ouvindo algumas mensagens<\/a>\n                                    <\/h2>\n                                    <div class=\"jeg_post_meta\"><div class=\"jeg_meta_date\"><a href=\"https:\/\/igrejavidacomdeus.com\/site\/termino-da-campanha-de-21-dias-de-jejum-e-oracao-deus-abencoe-a-todos-que-tiveram-a-oportunidade-de-participar-ouvindo-algumas-mensagens\/\" ><i class=\"fa fa-clock-o\"><\/i> <\/a><\/div><\/div>\n                                <\/div>\n                            <\/div>\n                        <\/div>\n                    <\/article>\n                <\/div>\n\t            <\/div><\/div>\n            <\/div>\n            [\/vc_column][\/vc_row][vc_row][vc_column width=&#8221;2\/3&#8243;]<div  class=\"jeg_postblock_2 jeg_postblock jeg_module_hook jeg_pagination_loadmore jeg_col_2o3 jnews_module__13_69f276185ad52   \" data-unique=\"jnews_module__13_69f276185ad52\">\n\t\t\t\t\t<div class=\"jeg_block_heading jeg_block_heading_6 jeg_subcat_right\">\n                     <h3 class=\"jeg_block_title\"><span>Viva pela<strong>F\u00c9<\/strong><\/span><\/h3>\n                     \n                 <\/div>\n\t\t\t\t\t<div class=\"jeg_block_container\">\n                    \n                    <article class=\"jeg_post jeg_pl_lg_2 format-standard\">\n                        <div class=\"jeg_thumb\">\n                    \n                    <a href=\"https:\/\/igrejavidacomdeus.com\/site\/oracao-da-meia-noite\/\"><div class=\"thumbnail-container animate-lazy  size-715 \"><img loading=\"lazy\" decoding=\"async\" width=\"350\" height=\"250\" src=\"https:\/\/igrejavidacomdeus.com\/site\/wp-content\/themes\/jnews\/assets\/img\/jeg-empty.png\" class=\"attachment-jnews-350x250 size-jnews-350x250 lazyload wp-post-image\" alt=\"Ora\u00e7\u00e3o da Meia noite\" sizes=\"auto, (max-width: 350px) 100vw, 350px\" data-src=\"https:\/\/igrejavidacomdeus.com\/site\/wp-content\/uploads\/2023\/06\/oracao00-350x250.jpg\" data-srcset=\"https:\/\/igrejavidacomdeus.com\/site\/wp-content\/uploads\/2023\/06\/oracao00-350x250.jpg 350w, https:\/\/igrejavidacomdeus.com\/site\/wp-content\/uploads\/2023\/06\/oracao00-120x86.jpg 120w\" data-sizes=\"auto\" data-expand=\"700\" \/><\/div><\/a>\n                    <div class=\"jeg_post_category\">\n                        <span><a href=\"https:\/\/igrejavidacomdeus.com\/site\/category\/blog\/\" class=\"category-blog\">Blog<\/a><\/span>\n                    <\/div>\n                <\/div>\n                <div class=\"jeg_postblock_content\">\n                    <h3 class=\"jeg_post_title\">\n                        <a href=\"https:\/\/igrejavidacomdeus.com\/site\/oracao-da-meia-noite\/\">Ora\u00e7\u00e3o da Meia noite<\/a>\n                    <\/h3>\n                    <div class=\"jeg_post_meta\"><div class=\"jeg_meta_author\"><span class=\"by\">by<\/span> <a href=\"https:\/\/igrejavidacomdeus.com\/site\/author\/igrejavidacomdeus\/\">igrejavidacomdeus<\/a><\/div><div class=\"jeg_meta_date\"><a href=\"https:\/\/igrejavidacomdeus.com\/site\/oracao-da-meia-noite\/\"><i class=\"fa fa-clock-o\"><\/i> <\/a><\/div><div class=\"jeg_meta_comment\"><a href=\"https:\/\/igrejavidacomdeus.com\/site\/oracao-da-meia-noite\/\" ><i class=\"fa fa-comment-o\"><\/i> 0 <\/a><\/div><\/div>\n                    <div class=\"jeg_post_excerpt\">\n                        <p><\/p>\n                        <a href=\"https:\/\/igrejavidacomdeus.com\/site\/oracao-da-meia-noite\/\" class=\"jeg_readmore\">Read more<\/a>\n                    <\/div>\n                <\/div>\n                    <\/article>\n                    <div class=\"jeg_posts_wrap jeg_load_more_flag\">\n                        <article class=\"jeg_post jeg_pl_sm format-standard\">\n                    <div class=\"jeg_thumb\">\n                        \n                        <a href=\"https:\/\/igrejavidacomdeus.com\/site\/a-troca-do-espirito\/\">\n                            <div class=\"thumbnail-container animate-lazy  size-715 \"><img loading=\"lazy\" decoding=\"async\" width=\"120\" height=\"86\" src=\"https:\/\/igrejavidacomdeus.com\/site\/wp-content\/themes\/jnews\/assets\/img\/jeg-empty.png\" class=\"attachment-jnews-120x86 size-jnews-120x86 lazyload wp-post-image\" alt=\"A Troca do Esp\u00edrito\" sizes=\"auto, (max-width: 120px) 100vw, 120px\" data-src=\"https:\/\/igrejavidacomdeus.com\/site\/wp-content\/uploads\/2023\/06\/trocadeespirito-120x86.jpg\" data-srcset=\"https:\/\/igrejavidacomdeus.com\/site\/wp-content\/uploads\/2023\/06\/trocadeespirito-120x86.jpg 120w, https:\/\/igrejavidacomdeus.com\/site\/wp-content\/uploads\/2023\/06\/trocadeespirito-350x250.jpg 350w\" data-sizes=\"auto\" data-expand=\"700\" \/><\/div>\n                        <\/a>\n                    <\/div>\n                    <div class=\"jeg_postblock_content\">\n                        <h3 class=\"jeg_post_title\">\n                            <a href=\"https:\/\/igrejavidacomdeus.com\/site\/a-troca-do-espirito\/\">A Troca do Esp\u00edrito<\/a>\n                        <\/h3>\n                        <div class=\"jeg_post_meta\"><div class=\"jeg_meta_date\"><a href=\"https:\/\/igrejavidacomdeus.com\/site\/a-troca-do-espirito\/\" ><i class=\"fa fa-clock-o\"><\/i> <\/a><\/div><\/div>\n                    <\/div>\n                <\/article><article class=\"jeg_post jeg_pl_sm format-standard\">\n                    <div class=\"jeg_thumb\">\n                        \n                        <a href=\"https:\/\/igrejavidacomdeus.com\/site\/reencontro\/\">\n                            <div class=\"thumbnail-container animate-lazy  size-715 \"><img loading=\"lazy\" decoding=\"async\" width=\"120\" height=\"86\" src=\"https:\/\/igrejavidacomdeus.com\/site\/wp-content\/themes\/jnews\/assets\/img\/jeg-empty.png\" class=\"attachment-jnews-120x86 size-jnews-120x86 lazyload wp-post-image\" alt=\"REENCONTRO\" sizes=\"auto, (max-width: 120px) 100vw, 120px\" data-src=\"https:\/\/igrejavidacomdeus.com\/site\/wp-content\/uploads\/2023\/03\/reecontro-no-site-120x86.jpg\" data-srcset=\"https:\/\/igrejavidacomdeus.com\/site\/wp-content\/uploads\/2023\/03\/reecontro-no-site-120x86.jpg 120w, https:\/\/igrejavidacomdeus.com\/site\/wp-content\/uploads\/2023\/03\/reecontro-no-site-350x250.jpg 350w\" data-sizes=\"auto\" data-expand=\"700\" \/><\/div>\n                        <\/a>\n                    <\/div>\n                    <div class=\"jeg_postblock_content\">\n                        <h3 class=\"jeg_post_title\">\n                            <a href=\"https:\/\/igrejavidacomdeus.com\/site\/reencontro\/\">REENCONTRO<\/a>\n                        <\/h3>\n                        <div class=\"jeg_post_meta\"><div class=\"jeg_meta_date\"><a href=\"https:\/\/igrejavidacomdeus.com\/site\/reencontro\/\" ><i class=\"fa fa-clock-o\"><\/i> <\/a><\/div><\/div>\n                    <\/div>\n                <\/article><article class=\"jeg_post jeg_pl_sm format-standard\">\n                    <div class=\"jeg_thumb\">\n                        \n                        <a href=\"https:\/\/igrejavidacomdeus.com\/site\/verdade-seja-dita\/\">\n                            <div class=\"thumbnail-container animate-lazy  size-715 \"><img loading=\"lazy\" decoding=\"async\" width=\"120\" height=\"86\" src=\"https:\/\/igrejavidacomdeus.com\/site\/wp-content\/themes\/jnews\/assets\/img\/jeg-empty.png\" class=\"attachment-jnews-120x86 size-jnews-120x86 lazyload wp-post-image\" alt=\"Verdade Seja Dita\" sizes=\"auto, (max-width: 120px) 100vw, 120px\" data-src=\"https:\/\/igrejavidacomdeus.com\/site\/wp-content\/uploads\/2022\/08\/terca-120x86.jpg\" data-srcset=\"https:\/\/igrejavidacomdeus.com\/site\/wp-content\/uploads\/2022\/08\/terca-120x86.jpg 120w, https:\/\/igrejavidacomdeus.com\/site\/wp-content\/uploads\/2022\/08\/terca-350x250.jpg 350w, https:\/\/igrejavidacomdeus.com\/site\/wp-content\/uploads\/2022\/08\/terca-750x536.jpg 750w\" data-sizes=\"auto\" data-expand=\"700\" \/><\/div>\n                        <\/a>\n                    <\/div>\n                    <div class=\"jeg_postblock_content\">\n                        <h3 class=\"jeg_post_title\">\n                            <a href=\"https:\/\/igrejavidacomdeus.com\/site\/verdade-seja-dita\/\">Verdade Seja Dita<\/a>\n                        <\/h3>\n                        <div class=\"jeg_post_meta\"><div class=\"jeg_meta_date\"><a href=\"https:\/\/igrejavidacomdeus.com\/site\/verdade-seja-dita\/\" ><i class=\"fa fa-clock-o\"><\/i> <\/a><\/div><\/div>\n                    <\/div>\n                <\/article><article class=\"jeg_post jeg_pl_sm format-standard\">\n                    <div class=\"jeg_thumb\">\n                        \n                        <a href=\"https:\/\/igrejavidacomdeus.com\/site\/termino-da-campanha-de-21-dias-de-jejum-e-oracao-deus-abencoe-a-todos-que-tiveram-a-oportunidade-de-participar-ouvindo-algumas-mensagens\/\">\n                            <div class=\"thumbnail-container animate-lazy  size-715 \"><img loading=\"lazy\" decoding=\"async\" width=\"120\" height=\"86\" src=\"https:\/\/igrejavidacomdeus.com\/site\/wp-content\/themes\/jnews\/assets\/img\/jeg-empty.png\" class=\"attachment-jnews-120x86 size-jnews-120x86 lazyload wp-post-image\" alt=\"T\u00e9rmino da campanha de 21 dias de jejum e ora\u00e7\u00e3o. Deus aben\u00e7oe a todos que tiveram a oportunidade de participar ouvindo algumas mensagens\" sizes=\"auto, (max-width: 120px) 100vw, 120px\" data-src=\"https:\/\/igrejavidacomdeus.com\/site\/wp-content\/uploads\/2022\/08\/jejum-dia-21-120x86.jpg\" data-srcset=\"https:\/\/igrejavidacomdeus.com\/site\/wp-content\/uploads\/2022\/08\/jejum-dia-21-120x86.jpg 120w, https:\/\/igrejavidacomdeus.com\/site\/wp-content\/uploads\/2022\/08\/jejum-dia-21-350x250.jpg 350w\" data-sizes=\"auto\" data-expand=\"700\" \/><\/div>\n                        <\/a>\n                    <\/div>\n                    <div class=\"jeg_postblock_content\">\n                        <h3 class=\"jeg_post_title\">\n                            <a href=\"https:\/\/igrejavidacomdeus.com\/site\/termino-da-campanha-de-21-dias-de-jejum-e-oracao-deus-abencoe-a-todos-que-tiveram-a-oportunidade-de-participar-ouvindo-algumas-mensagens\/\">T\u00e9rmino da campanha de 21 dias de jejum e ora\u00e7\u00e3o. Deus aben\u00e7oe a todos que tiveram a oportunidade de participar ouvindo algumas mensagens<\/a>\n                        <\/h3>\n                        <div class=\"jeg_post_meta\"><div class=\"jeg_meta_date\"><a href=\"https:\/\/igrejavidacomdeus.com\/site\/termino-da-campanha-de-21-dias-de-jejum-e-oracao-deus-abencoe-a-todos-que-tiveram-a-oportunidade-de-participar-ouvindo-algumas-mensagens\/\" ><i class=\"fa fa-clock-o\"><\/i> <\/a><\/div><\/div>\n                    <\/div>\n                <\/article>\n                    <\/div>\n                    <div class='module-overlay'>\n\t\t\t\t    <div class='preloader_type preloader_dot'>\n\t\t\t\t        <div class=\"module-preloader jeg_preloader dot\">\n\t\t\t\t            <span><\/span><span><\/span><span><\/span>\n\t\t\t\t        <\/div>\n\t\t\t\t        <div class=\"module-preloader jeg_preloader circle\">\n\t\t\t\t            <div class=\"jnews_preloader_circle_outer\">\n\t\t\t\t                <div class=\"jnews_preloader_circle_inner\"><\/div>\n\t\t\t\t            <\/div>\n\t\t\t\t        <\/div>\n\t\t\t\t        <div class=\"module-preloader jeg_preloader square\">\n\t\t\t\t            <div class=\"jeg_square\">\n\t\t\t\t                <div class=\"jeg_square_inner\"><\/div>\n\t\t\t\t            <\/div>\n\t\t\t\t        <\/div>\n\t\t\t\t    <\/div>\n\t\t\t\t<\/div>\n                <\/div>\n                <div class=\"jeg_block_navigation\">\n                    <div class='navigation_overlay'><div class='module-preloader jeg_preloader'><span><\/span><span><\/span><span><\/span><\/div><\/div>\n                    <div class=\"jeg_block_loadmore \">\n                    <a href=\"#\" class='' data-load='Load More' data-loading='Loading...'> Load More<\/a>\n                <\/div>\n                    \n                <\/div>\n\t\t\t\t\t\n\t\t\t\t\t<script>var jnews_module__13_69f276185ad52 = {\"header_icon\":\"\",\"first_title\":\"Viva pela\",\"second_title\":\"F\\u00c9\",\"url\":\"\",\"header_type\":\"heading_6\",\"header_background\":\"\",\"header_secondary_background\":\"\",\"header_text_color\":\"\",\"header_line_color\":\"\",\"header_accent_color\":\"\",\"header_filter_category\":\"\",\"header_filter_author\":\"\",\"header_filter_tag\":\"\",\"header_filter_text\":\"All\",\"post_type\":\"post\",\"content_type\":\"all\",\"number_post\":\"5\",\"post_offset\":\"0\",\"unique_content\":\"disable\",\"include_post\":\"\",\"exclude_post\":\"\",\"include_category\":\"\",\"exclude_category\":\"\",\"include_author\":\"\",\"include_tag\":\"\",\"exclude_tag\":\"\",\"product_brand\":\"\",\"product_cat\":\"\",\"product_tag\":\"\",\"sort_by\":\"latest\",\"date_format\":\"default\",\"date_format_custom\":\"Y\\\/m\\\/d\",\"excerpt_length\":\"20\",\"excerpt_ellipsis\":\"...\",\"force_normal_image_load\":\"\",\"pagination_mode\":\"loadmore\",\"pagination_nextprev_showtext\":\"\",\"pagination_number_post\":\"4\",\"pagination_scroll_limit\":0,\"boxed\":\"\",\"boxed_shadow\":\"\",\"el_id\":\"\",\"el_class\":\"\",\"scheme\":\"\",\"column_width\":\"auto\",\"title_color\":\"\",\"accent_color\":\"\",\"alt_color\":\"\",\"excerpt_color\":\"\",\"css\":\"\",\"compatible_column_notice\":\"\",\"paged\":1,\"column_class\":\"jeg_col_2o3\",\"class\":\"jnews_block_2\"};<\/script>\n\t\t\t\t<\/div>[\/vc_column][vc_column width=&#8221;1\/3&#8243; set_as_sidebar=&#8221;yes&#8221;]<div  class=\"jeg_postblock_9 jeg_postblock jeg_module_hook jeg_pagination_disable jeg_col_2o3 jnews_module__14_69f276185c853   \" data-unique=\"jnews_module__14_69f276185c853\">\n\t\t\t\t\t<div class=\"jeg_block_heading jeg_block_heading_6 jeg_subcat_right\">\n                     <h3 class=\"jeg_block_title\"><span>Entertainment<\/span><\/h3>\n                     \n                 <\/div>\n\t\t\t\t\t<div class=\"jeg_block_container\">\n                    \n                    <div class=\"jeg_posts_wrap\"><div class=\"jeg_posts jeg_load_more_flag\"><article class=\"jeg_post jeg_pl_md_1 format-standard\">\n                    <div class=\"jeg_thumb\">\n                        \n                        <a href=\"https:\/\/igrejavidacomdeus.com\/site\/oracao-da-meia-noite\/\"><div class=\"thumbnail-container animate-lazy  size-500 \"><img loading=\"lazy\" decoding=\"async\" width=\"360\" height=\"180\" src=\"https:\/\/igrejavidacomdeus.com\/site\/wp-content\/themes\/jnews\/assets\/img\/jeg-empty.png\" class=\"attachment-jnews-360x180 size-jnews-360x180 lazyload wp-post-image\" alt=\"Ora\u00e7\u00e3o da Meia noite\" data-src=\"https:\/\/igrejavidacomdeus.com\/site\/wp-content\/uploads\/2023\/06\/oracao00-360x180.jpg\" data-srcset=\"\" data-sizes=\"auto\" data-expand=\"700\" \/><\/div><\/a>\n                        <div class=\"jeg_post_category\">\n                            <span><a href=\"https:\/\/igrejavidacomdeus.com\/site\/category\/blog\/\" class=\"category-blog\">Blog<\/a><\/span>\n                        <\/div>\n                    <\/div>\n                    <div class=\"jeg_postblock_content\">\n                        <h3 class=\"jeg_post_title\">\n                            <a href=\"https:\/\/igrejavidacomdeus.com\/site\/oracao-da-meia-noite\/\">Ora\u00e7\u00e3o da Meia noite<\/a>\n                        <\/h3>\n                        <div class=\"jeg_post_meta\"><div class=\"jeg_meta_date\"><a href=\"https:\/\/igrejavidacomdeus.com\/site\/oracao-da-meia-noite\/\" ><i class=\"fa fa-clock-o\"><\/i> <\/a><\/div><\/div>\n                    <\/div>\n                <\/article><article class=\"jeg_post jeg_pl_md_1 format-standard\">\n                    <div class=\"jeg_thumb\">\n                        \n                        <a href=\"https:\/\/igrejavidacomdeus.com\/site\/a-troca-do-espirito\/\"><div class=\"thumbnail-container animate-lazy  size-500 \"><img loading=\"lazy\" decoding=\"async\" width=\"360\" height=\"180\" src=\"https:\/\/igrejavidacomdeus.com\/site\/wp-content\/themes\/jnews\/assets\/img\/jeg-empty.png\" class=\"attachment-jnews-360x180 size-jnews-360x180 lazyload wp-post-image\" alt=\"A Troca do Esp\u00edrito\" data-src=\"https:\/\/igrejavidacomdeus.com\/site\/wp-content\/uploads\/2023\/06\/trocadeespirito-360x180.jpg\" data-srcset=\"\" data-sizes=\"auto\" data-expand=\"700\" \/><\/div><\/a>\n                        <div class=\"jeg_post_category\">\n                            <span><a href=\"https:\/\/igrejavidacomdeus.com\/site\/category\/blog\/\" class=\"category-blog\">Blog<\/a><\/span>\n                        <\/div>\n                    <\/div>\n                    <div class=\"jeg_postblock_content\">\n                        <h3 class=\"jeg_post_title\">\n                            <a href=\"https:\/\/igrejavidacomdeus.com\/site\/a-troca-do-espirito\/\">A Troca do Esp\u00edrito<\/a>\n                        <\/h3>\n                        <div class=\"jeg_post_meta\"><div class=\"jeg_meta_date\"><a href=\"https:\/\/igrejavidacomdeus.com\/site\/a-troca-do-espirito\/\" ><i class=\"fa fa-clock-o\"><\/i> <\/a><\/div><\/div>\n                    <\/div>\n                <\/article><\/div><\/div>\n                    <div class='module-overlay'>\n\t\t\t\t    <div class='preloader_type preloader_dot'>\n\t\t\t\t        <div class=\"module-preloader jeg_preloader dot\">\n\t\t\t\t            <span><\/span><span><\/span><span><\/span>\n\t\t\t\t        <\/div>\n\t\t\t\t        <div class=\"module-preloader jeg_preloader circle\">\n\t\t\t\t            <div class=\"jnews_preloader_circle_outer\">\n\t\t\t\t                <div class=\"jnews_preloader_circle_inner\"><\/div>\n\t\t\t\t            <\/div>\n\t\t\t\t        <\/div>\n\t\t\t\t        <div class=\"module-preloader jeg_preloader square\">\n\t\t\t\t            <div class=\"jeg_square\">\n\t\t\t\t                <div class=\"jeg_square_inner\"><\/div>\n\t\t\t\t            <\/div>\n\t\t\t\t        <\/div>\n\t\t\t\t    <\/div>\n\t\t\t\t<\/div>\n                <\/div>\n                <div class=\"jeg_block_navigation\">\n                    <div class='navigation_overlay'><div class='module-preloader jeg_preloader'><span><\/span><span><\/span><span><\/span><\/div><\/div>\n                    \n                    \n                <\/div>\n\t\t\t\t\t\n\t\t\t\t\t<script>var jnews_module__14_69f276185c853 = {\"header_icon\":\"\",\"first_title\":\"Entertainment\",\"second_title\":\"\",\"url\":\"\",\"header_type\":\"heading_6\",\"header_background\":\"\",\"header_secondary_background\":\"\",\"header_text_color\":\"\",\"header_line_color\":\"\",\"header_accent_color\":\"\",\"header_filter_category\":\"\",\"header_filter_author\":\"\",\"header_filter_tag\":\"\",\"header_filter_text\":\"All\",\"post_type\":\"post\",\"content_type\":\"all\",\"number_post\":\"2\",\"post_offset\":\"0\",\"unique_content\":\"disable\",\"include_post\":\"\",\"exclude_post\":\"\",\"include_category\":\"\",\"exclude_category\":\"\",\"include_author\":\"\",\"include_tag\":\"\",\"exclude_tag\":\"\",\"product_brand\":\"\",\"product_cat\":\"\",\"product_tag\":\"\",\"sort_by\":\"latest\",\"date_format\":\"default\",\"date_format_custom\":\"Y\\\/m\\\/d\",\"force_normal_image_load\":\"\",\"pagination_mode\":\"disable\",\"pagination_nextprev_showtext\":\"\",\"pagination_number_post\":4,\"pagination_scroll_limit\":0,\"boxed\":\"\",\"boxed_shadow\":\"\",\"el_id\":\"\",\"el_class\":\"\",\"scheme\":\"\",\"column_width\":\"auto\",\"title_color\":\"\",\"accent_color\":\"\",\"alt_color\":\"\",\"excerpt_color\":\"\",\"css\":\"\",\"paged\":1,\"column_class\":\"jeg_col_2o3\",\"class\":\"jnews_block_9\"};<\/script>\n\t\t\t\t<\/div>[\/vc_column][\/vc_row][vc_row full_width=&#8221;stretch_row&#8221; css=&#8221;.vc_custom_1483585071691{margin-bottom: 40px !important;padding-top: 40px !important;background-color: #f5f5f5 !important;}&#8221;][vc_column]<div  class='jeg_ad jeg_ad_module jnews_module__15_69f276185d1ba   '><div class='ads-wrapper'><\/div><\/div>[\/vc_column][\/vc_row]<\/p>\n<\/div>","protected":false},"excerpt":{"rendered":"<p>[vc_row][vc_column width=&#8221;2\/3&#8243;][\/vc_column][vc_column width=&#8221;1\/3&#8243; sticky_sidebar=&#8221;yes&#8221; set_as_sidebar=&#8221;yes&#8221;][vc_widget_sidebar sidebar_id=&#8221;home&#8221;][vc_widget_sidebar sidebar_id=&#8221;home-loop&#8221;][\/vc_column][\/vc_row][vc_row full_width=&#8221;stretch_row&#8221; css=&#8221;.vc_custom_1483584986908{margin-bottom: 40px !important;padding-top: 40px !important;background-color: #212121 !important;}&#8221;][vc_column][\/vc_column][\/vc_row][vc_row][vc_column width=&#8221;2\/3&#8243;][\/vc_column][vc_column width=&#8221;1\/3&#8243; set_as_sidebar=&#8221;yes&#8221;][\/vc_column][\/vc_row][vc_row full_width=&#8221;stretch_row&#8221; css=&#8221;.vc_custom_1483585071691{margin-bottom: 40px !important;padding-top: 40px !important;background-color: #f5f5f5 !important;}&#8221;][vc_column][\/vc_column][\/vc_row]<\/p>\n","protected":false},"author":8,"featured_media":0,"parent":0,"menu_order":0,"comment_status":"closed","ping_status":"closed","template":"","meta":{"footnotes":""},"class_list":["post-1471","page","type-page","status-publish","hentry"],"_links":{"self":[{"href":"https:\/\/igrejavidacomdeus.com\/site\/wp-json\/wp\/v2\/pages\/1471","targetHints":{"allow":["GET"]}}],"collection":[{"href":"https:\/\/igrejavidacomdeus.com\/site\/wp-json\/wp\/v2\/pages"}],"about":[{"href":"https:\/\/igrejavidacomdeus.com\/site\/wp-json\/wp\/v2\/types\/page"}],"author":[{"embeddable":true,"href":"https:\/\/igrejavidacomdeus.com\/site\/wp-json\/wp\/v2\/users\/8"}],"replies":[{"embeddable":true,"href":"https:\/\/igrejavidacomdeus.com\/site\/wp-json\/wp\/v2\/comments?post=1471"}],"version-history":[{"count":0,"href":"https:\/\/igrejavidacomdeus.com\/site\/wp-json\/wp\/v2\/pages\/1471\/revisions"}],"wp:attachment":[{"href":"https:\/\/igrejavidacomdeus.com\/site\/wp-json\/wp\/v2\/media?parent=1471"}],"curies":[{"name":"wp","href":"https:\/\/api.w.org\/{rel}","templated":true}]}}