{"id":1150,"date":"2021-06-09T01:35:54","date_gmt":"2021-06-09T01:35:54","guid":{"rendered":"https:\/\/igrejavidacomdeus.com\/site\/?page_id=1150"},"modified":"2022-03-18T21:27:31","modified_gmt":"2022-03-18T21:27:31","slug":"pr-borges-monteiro","status":"publish","type":"page","link":"https:\/\/igrejavidacomdeus.com\/site\/pr-borges-monteiro\/","title":{"rendered":"Pr Borges Monteiro"},"content":{"rendered":"<div class=\"wpb-content-wrapper\"><p>[vc_row][vc_column][vc_column_text]<\/p>\n<h4>Ol\u00e1 amigo(a), me o que esta enfrentando e vamos orar e pedir a Deus por sua causa. Se precisa de uma palavra amiga conte conosco. Deus te aben\u00e7oe<\/h4>\n<p>[\/vc_column_text][\/vc_column][\/vc_row][vc_row][vc_column width=&#8221;2\/3&#8243;]<div class=\"wpforms-container wpforms-container-full\" id=\"wpforms-2738\"><form id=\"wpforms-form-2738\" class=\"wpforms-validate wpforms-form\" data-formid=\"2738\" method=\"post\" enctype=\"multipart\/form-data\" action=\"\/site\/wp-json\/wp\/v2\/pages\/1150\" data-token=\"cec3e47d0f38c82504b39621cd8b4f84\"><noscript class=\"wpforms-error-noscript\">Ative o JavaScript no seu navegador para preencher este formul\u00e1rio.<\/noscript><div class=\"wpforms-field-container\"><div id=\"wpforms-2738-field_1-container\" class=\"wpforms-field wpforms-field-text\" data-field-id=\"1\"><label class=\"wpforms-field-label\" for=\"wpforms-2738-field_1\">Diga seu nome<\/label><input type=\"text\" id=\"wpforms-2738-field_1\" class=\"wpforms-field-medium\" name=\"wpforms[fields][1]\" ><\/div><div id=\"wpforms-2738-field_2-container\" class=\"wpforms-field wpforms-field-textarea\" data-field-id=\"2\"><label class=\"wpforms-field-label\" for=\"wpforms-2738-field_2\">Me diga o que acontence <span class=\"wpforms-required-label\">*<\/span><\/label><textarea id=\"wpforms-2738-field_2\" class=\"wpforms-field-small wpforms-field-required\" name=\"wpforms[fields][2]\" required><\/textarea><\/div><div id=\"wpforms-2738-field_4-container\" class=\"wpforms-field wpforms-field-phone\" data-field-id=\"4\"><label class=\"wpforms-field-label\" for=\"wpforms-2738-field_4\">Gostaria de colocar seu celular no grupo de whatsapp da Igreja<\/label><input type=\"tel\" id=\"wpforms-2738-field_4\" class=\"wpforms-field-small wpforms-smart-phone-field\" data-rule-smart-phone-field=\"true\" name=\"wpforms[fields][4]\" placeholder=\"xx xxxxx-xxxx\" ><\/div><\/div><div class=\"wpforms-submit-container\"><input type=\"hidden\" name=\"wpforms[id]\" value=\"2738\"><input type=\"hidden\" name=\"wpforms[author]\" value=\"8\"><button type=\"submit\" name=\"wpforms[submit]\" id=\"wpforms-submit-2738\" class=\"wpforms-submit\" aria-live=\"assertive\" value=\"wpforms-submit\">Enviar<\/button><\/div><\/form><\/div>  <!-- .wpforms-container -->[vc_single_image image=&#8221;1099&#8243; img_size=&#8221;inteira&#8221; alignment=&#8221;center&#8221; css_animation=&#8221;fadeIn&#8221;][\/vc_column][vc_column width=&#8221;1\/3&#8243;][vc_posts_slider count=&#8221;3&#8243; interval=&#8221;3&#8243; orderby=&#8221;rand&#8221;][\/vc_column][\/vc_row][vc_row][vc_column]<div  class=\"jeg_slider_wrapper jeg_slider_type_4_wrapper jeg_owlslider jnews_module__0_69f4f4e14c72c  \">\n                    <div class=\"jeg_slider_type_4 jeg_slider\" data-autoplay=\"true\" data-delay=\"3000\">\n                        <div class=\"jeg_slide_item_wrapper\"><div class=\"jeg_slide_item format-standard\" style=\"background-image: url(https:\/\/igrejavidacomdeus.com\/site\/wp-content\/uploads\/2023\/06\/oracao00.jpg)\">\n\t\t\t\t\t\n                    \n                    <div class=\"jeg_slide_caption\">\n                        <div class=\"jeg_caption_container\">\n                            <div class=\"jeg_post_category\">\n                                <a href=\"https:\/\/igrejavidacomdeus.com\/site\/category\/blog\/\" class=\"category-blog\">Blog<\/a>\n                            <\/div>\n                            <h2 class=\"jeg_post_title\">\n                                <a href=\"https:\/\/igrejavidacomdeus.com\/site\/oracao-da-meia-noite\/\">Ora\u00e7\u00e3o da Meia noite<\/a>\n                            <\/h2>\n                            <div class=\"jeg_post_meta\"><span class=\"jeg_meta_author\">by <a href=\"https:\/\/igrejavidacomdeus.com\/site\/author\/igrejavidacomdeus\/\">igrejavidacomdeus<\/a><\/span><span class=\"jeg_meta_date\"><\/span><\/div>\n                        <\/div>\n                    <\/div>\n                <\/div><\/div><div class=\"jeg_slide_item_wrapper\"><div class=\"jeg_slide_item format-standard\" style=\"background-image: url(https:\/\/igrejavidacomdeus.com\/site\/wp-content\/uploads\/2023\/06\/trocadeespirito.jpg)\">\n\t\t\t\t\t\n                    \n                    <div class=\"jeg_slide_caption\">\n                        <div class=\"jeg_caption_container\">\n                            <div class=\"jeg_post_category\">\n                                <a href=\"https:\/\/igrejavidacomdeus.com\/site\/category\/blog\/\" class=\"category-blog\">Blog<\/a>\n                            <\/div>\n                            <h2 class=\"jeg_post_title\">\n                                <a href=\"https:\/\/igrejavidacomdeus.com\/site\/a-troca-do-espirito\/\">A Troca do Esp\u00edrito<\/a>\n                            <\/h2>\n                            <div class=\"jeg_post_meta\"><span class=\"jeg_meta_author\">by <a href=\"https:\/\/igrejavidacomdeus.com\/site\/author\/igrejavidacomdeus\/\">igrejavidacomdeus<\/a><\/span><span class=\"jeg_meta_date\"><\/span><\/div>\n                        <\/div>\n                    <\/div>\n                <\/div><\/div><div class=\"jeg_slide_item_wrapper\"><div class=\"jeg_slide_item format-standard\" style=\"background-image: url(https:\/\/igrejavidacomdeus.com\/site\/wp-content\/uploads\/2023\/03\/reecontro-no-site.jpg)\">\n\t\t\t\t\t\n                    \n                    <div class=\"jeg_slide_caption\">\n                        <div class=\"jeg_caption_container\">\n                            <div class=\"jeg_post_category\">\n                                <a href=\"https:\/\/igrejavidacomdeus.com\/site\/category\/blog\/\" class=\"category-blog\">Blog<\/a>\n                            <\/div>\n                            <h2 class=\"jeg_post_title\">\n                                <a href=\"https:\/\/igrejavidacomdeus.com\/site\/reencontro\/\">REENCONTRO<\/a>\n                            <\/h2>\n                            <div class=\"jeg_post_meta\"><span class=\"jeg_meta_author\">by <a href=\"https:\/\/igrejavidacomdeus.com\/site\/author\/igrejavidacomdeus\/\">igrejavidacomdeus<\/a><\/span><span class=\"jeg_meta_date\"><\/span><\/div>\n                        <\/div>\n                    <\/div>\n                <\/div><\/div><div class=\"jeg_slide_item_wrapper\"><div class=\"jeg_slide_item format-standard\" style=\"background-image: url(https:\/\/igrejavidacomdeus.com\/site\/wp-content\/uploads\/2022\/08\/terca-1080x815.jpg)\">\n\t\t\t\t\t\n                    \n                    <div class=\"jeg_slide_caption\">\n                        <div class=\"jeg_caption_container\">\n                            <div class=\"jeg_post_category\">\n                                <a href=\"https:\/\/igrejavidacomdeus.com\/site\/category\/blog\/\" class=\"category-blog\">Blog<\/a>\n                            <\/div>\n                            <h2 class=\"jeg_post_title\">\n                                <a href=\"https:\/\/igrejavidacomdeus.com\/site\/verdade-seja-dita\/\">Verdade Seja Dita<\/a>\n                            <\/h2>\n                            <div class=\"jeg_post_meta\"><span class=\"jeg_meta_author\">by <a href=\"https:\/\/igrejavidacomdeus.com\/site\/author\/igrejavidacomdeus\/\">igrejavidacomdeus<\/a><\/span><span class=\"jeg_meta_date\"><\/span><\/div>\n                        <\/div>\n                    <\/div>\n                <\/div><\/div><div class=\"jeg_slide_item_wrapper\"><div class=\"jeg_slide_item format-standard\" style=\"background-image: url(https:\/\/igrejavidacomdeus.com\/site\/wp-content\/uploads\/2022\/08\/jejum-dia-21.jpg)\">\n\t\t\t\t\t\n                    \n                    <div class=\"jeg_slide_caption\">\n                        <div class=\"jeg_caption_container\">\n                            <div class=\"jeg_post_category\">\n                                <a href=\"https:\/\/igrejavidacomdeus.com\/site\/category\/21-dias-de-jejum-2022\/\" class=\"category-21-dias-de-jejum-2022\">21 dias de Jejum 2022<\/a>\n                            <\/div>\n                            <h2 class=\"jeg_post_title\">\n                                <a href=\"https:\/\/igrejavidacomdeus.com\/site\/termino-da-campanha-de-21-dias-de-jejum-e-oracao-deus-abencoe-a-todos-que-tiveram-a-oportunidade-de-participar-ouvindo-algumas-mensagens\/\">T\u00e9rmino da campanha de 21 dias de jejum e ora\u00e7\u00e3o. Deus aben\u00e7oe a todos que tiveram a oportunidade de participar ouvindo algumas mensagens<\/a>\n                            <\/h2>\n                            <div class=\"jeg_post_meta\"><span class=\"jeg_meta_author\">by <a href=\"https:\/\/igrejavidacomdeus.com\/site\/author\/igrejavidacomdeus\/\">igrejavidacomdeus<\/a><\/span><span class=\"jeg_meta_date\"><\/span><\/div>\n                        <\/div>\n                    <\/div>\n                <\/div><\/div>\n                    <\/div>\n                <\/div>[\/vc_column][vc_column]<div  class=\"jeg_slider_wrapper jeg_slider_type_7_wrapper jnews_module__1_69f4f4e14f5f2  \">\n                    <div class=\"jeg_slider_type_7 jeg_slider jeg_col_2o3 featured-left\" data-autoplay=\"\" data-delay=\"3000\" data-nav-prev=\"prev\" data-nav-next=\"next\">\n                        <div class=\"jeg_slide_item clearfix format-standard\">\n\t\t\t\t\t\n                    \n                    <div class=\"jeg_slide_image\" style=\"background-image: url(https:\/\/igrejavidacomdeus.com\/site\/wp-content\/uploads\/2023\/06\/oracao00.jpg)\">\n                \t\t<a href=\"https:\/\/igrejavidacomdeus.com\/site\/oracao-da-meia-noite\/\"><\/a>\n\t\t\t\t\t<\/div>\n                    <div class=\"jeg_slide_caption\">\n                        <div class=\"jeg_caption_container\">\n                        \t<div class=\"jeg_post_category\">\n\t                            <a href=\"https:\/\/igrejavidacomdeus.com\/site\/category\/blog\/\" class=\"category-blog\">Blog<\/a>\n\t                        <\/div>\n\t                        <h2 class=\"jeg_post_title\">\n\t                            <a href=\"https:\/\/igrejavidacomdeus.com\/site\/oracao-da-meia-noite\/\">Ora\u00e7\u00e3o da Meia noite<\/a>\n\t                        <\/h2>\n\t                        <div class=\"jeg_post_excerpt\">\n\t\t\t                    <p><\/p>\n\t\t\t                <\/div>\n                            <a href=\"https:\/\/igrejavidacomdeus.com\/site\/oracao-da-meia-noite\/\" class=\"jeg_readmore\">Read more<\/a>\n                        <\/div>\n                        <div class=\"jeg_block_nav \"> \n                        \t<a href=\"#\" class=\"prev\">\n                        \t\t<i class=\"fa fa-angle-left\"><\/i>\n                                prev\n                        \t<\/a> \n                        \t<a href=\"#\" class=\"next\">\n                                next\n                        \t\t<i class=\"fa fa-angle-right\"><\/i>\n                        \t<\/a> \n                        <\/div>\n                    <\/div>\n                <\/div><div class=\"jeg_slide_item clearfix format-standard\">\n\t\t\t\t\t\n                    \n                    <div class=\"jeg_slide_image\" style=\"background-image: url(https:\/\/igrejavidacomdeus.com\/site\/wp-content\/uploads\/2023\/06\/trocadeespirito.jpg)\">\n                \t\t<a href=\"https:\/\/igrejavidacomdeus.com\/site\/a-troca-do-espirito\/\"><\/a>\n\t\t\t\t\t<\/div>\n                    <div class=\"jeg_slide_caption\">\n                        <div class=\"jeg_caption_container\">\n                        \t<div class=\"jeg_post_category\">\n\t                            <a href=\"https:\/\/igrejavidacomdeus.com\/site\/category\/blog\/\" class=\"category-blog\">Blog<\/a>\n\t                        <\/div>\n\t                        <h2 class=\"jeg_post_title\">\n\t                            <a href=\"https:\/\/igrejavidacomdeus.com\/site\/a-troca-do-espirito\/\">A Troca do Esp\u00edrito<\/a>\n\t                        <\/h2>\n\t                        <div class=\"jeg_post_excerpt\">\n\t\t\t                    <p><\/p>\n\t\t\t                <\/div>\n                            <a href=\"https:\/\/igrejavidacomdeus.com\/site\/a-troca-do-espirito\/\" class=\"jeg_readmore\">Read more<\/a>\n                        <\/div>\n                        <div class=\"jeg_block_nav \"> \n                        \t<a href=\"#\" class=\"prev\">\n                        \t\t<i class=\"fa fa-angle-left\"><\/i>\n                                prev\n                        \t<\/a> \n                        \t<a href=\"#\" class=\"next\">\n                                next\n                        \t\t<i class=\"fa fa-angle-right\"><\/i>\n                        \t<\/a> \n                        <\/div>\n                    <\/div>\n                <\/div><div class=\"jeg_slide_item clearfix format-standard\">\n\t\t\t\t\t\n                    \n                    <div class=\"jeg_slide_image\" style=\"background-image: url(https:\/\/igrejavidacomdeus.com\/site\/wp-content\/uploads\/2023\/03\/reecontro-no-site.jpg)\">\n                \t\t<a href=\"https:\/\/igrejavidacomdeus.com\/site\/reencontro\/\"><\/a>\n\t\t\t\t\t<\/div>\n                    <div class=\"jeg_slide_caption\">\n                        <div class=\"jeg_caption_container\">\n                        \t<div class=\"jeg_post_category\">\n\t                            <a href=\"https:\/\/igrejavidacomdeus.com\/site\/category\/blog\/\" class=\"category-blog\">Blog<\/a>\n\t                        <\/div>\n\t                        <h2 class=\"jeg_post_title\">\n\t                            <a href=\"https:\/\/igrejavidacomdeus.com\/site\/reencontro\/\">REENCONTRO<\/a>\n\t                        <\/h2>\n\t                        <div class=\"jeg_post_excerpt\">\n\t\t\t                    <p>Ol\u00e1 amigos gostaria de contar com a colabora\u00e7\u00e3o de TODOS para a realiza\u00e7\u00e3o deste culto REENCONTRO aberto para todos. Onde...<\/p>\n\t\t\t                <\/div>\n                            <a href=\"https:\/\/igrejavidacomdeus.com\/site\/reencontro\/\" class=\"jeg_readmore\">Read more<\/a>\n                        <\/div>\n                        <div class=\"jeg_block_nav \"> \n                        \t<a href=\"#\" class=\"prev\">\n                        \t\t<i class=\"fa fa-angle-left\"><\/i>\n                                prev\n                        \t<\/a> \n                        \t<a href=\"#\" class=\"next\">\n                                next\n                        \t\t<i class=\"fa fa-angle-right\"><\/i>\n                        \t<\/a> \n                        <\/div>\n                    <\/div>\n                <\/div><div class=\"jeg_slide_item clearfix format-standard\">\n\t\t\t\t\t\n                    \n                    <div class=\"jeg_slide_image\" style=\"background-image: url(https:\/\/igrejavidacomdeus.com\/site\/wp-content\/uploads\/2022\/08\/terca-750x375.jpg)\">\n                \t\t<a href=\"https:\/\/igrejavidacomdeus.com\/site\/verdade-seja-dita\/\"><\/a>\n\t\t\t\t\t<\/div>\n                    <div class=\"jeg_slide_caption\">\n                        <div class=\"jeg_caption_container\">\n                        \t<div class=\"jeg_post_category\">\n\t                            <a href=\"https:\/\/igrejavidacomdeus.com\/site\/category\/blog\/\" class=\"category-blog\">Blog<\/a>\n\t                        <\/div>\n\t                        <h2 class=\"jeg_post_title\">\n\t                            <a href=\"https:\/\/igrejavidacomdeus.com\/site\/verdade-seja-dita\/\">Verdade Seja Dita<\/a>\n\t                        <\/h2>\n\t                        <div class=\"jeg_post_excerpt\">\n\t\t\t                    <p><\/p>\n\t\t\t                <\/div>\n                            <a href=\"https:\/\/igrejavidacomdeus.com\/site\/verdade-seja-dita\/\" class=\"jeg_readmore\">Read more<\/a>\n                        <\/div>\n                        <div class=\"jeg_block_nav \"> \n                        \t<a href=\"#\" class=\"prev\">\n                        \t\t<i class=\"fa fa-angle-left\"><\/i>\n                                prev\n                        \t<\/a> \n                        \t<a href=\"#\" class=\"next\">\n                                next\n                        \t\t<i class=\"fa fa-angle-right\"><\/i>\n                        \t<\/a> \n                        <\/div>\n                    <\/div>\n                <\/div><div class=\"jeg_slide_item clearfix format-standard\">\n\t\t\t\t\t\n                    \n                    <div class=\"jeg_slide_image\" style=\"background-image: url(https:\/\/igrejavidacomdeus.com\/site\/wp-content\/uploads\/2022\/08\/jejum-dia-21-600x375.jpg)\">\n                \t\t<a href=\"https:\/\/igrejavidacomdeus.com\/site\/termino-da-campanha-de-21-dias-de-jejum-e-oracao-deus-abencoe-a-todos-que-tiveram-a-oportunidade-de-participar-ouvindo-algumas-mensagens\/\"><\/a>\n\t\t\t\t\t<\/div>\n                    <div class=\"jeg_slide_caption\">\n                        <div class=\"jeg_caption_container\">\n                        \t<div class=\"jeg_post_category\">\n\t                            <a href=\"https:\/\/igrejavidacomdeus.com\/site\/category\/21-dias-de-jejum-2022\/\" class=\"category-21-dias-de-jejum-2022\">21 dias de Jejum 2022<\/a>\n\t                        <\/div>\n\t                        <h2 class=\"jeg_post_title\">\n\t                            <a href=\"https:\/\/igrejavidacomdeus.com\/site\/termino-da-campanha-de-21-dias-de-jejum-e-oracao-deus-abencoe-a-todos-que-tiveram-a-oportunidade-de-participar-ouvindo-algumas-mensagens\/\">T\u00e9rmino da campanha de 21 dias de jejum e ora\u00e7\u00e3o. Deus aben\u00e7oe a todos que tiveram a oportunidade de participar ouvindo algumas mensagens<\/a>\n\t                        <\/h2>\n\t                        <div class=\"jeg_post_excerpt\">\n\t\t\t                    <p><\/p>\n\t\t\t                <\/div>\n                            <a href=\"https:\/\/igrejavidacomdeus.com\/site\/termino-da-campanha-de-21-dias-de-jejum-e-oracao-deus-abencoe-a-todos-que-tiveram-a-oportunidade-de-participar-ouvindo-algumas-mensagens\/\" class=\"jeg_readmore\">Read more<\/a>\n                        <\/div>\n                        <div class=\"jeg_block_nav \"> \n                        \t<a href=\"#\" class=\"prev\">\n                        \t\t<i class=\"fa fa-angle-left\"><\/i>\n                                prev\n                        \t<\/a> \n                        \t<a href=\"#\" class=\"next\">\n                                next\n                        \t\t<i class=\"fa fa-angle-right\"><\/i>\n                        \t<\/a> \n                        <\/div>\n                    <\/div>\n                <\/div>\n                    <\/div>\n                    \n                <\/div>[\/vc_column][\/vc_row][vc_row][vc_column]<div  class=\"jeg_postblock_1 jeg_postblock jeg_module_hook jeg_pagination_disable jeg_col_2o3 jnews_module__2_69f4f4e150fe3   \" data-unique=\"jnews_module__2_69f4f4e150fe3\">\n\t\t\t\t\t\n\t\t\t\t\t<div class=\"jeg_block_container jeg_load_more_flag\">\n\t\t\t\t\t\n\t\t\t\t\t<div class=\"jeg_posts row\">\n\t\t\t\t\t<article class=\"jeg_post jeg_pl_lg_1 col-sm-6 format-standard\">\n\t\t\t\t\t\t<div class=\"jeg_thumb\">\n\t\t\t\t\t\n\t\t\t\t\t<a href=\"https:\/\/igrejavidacomdeus.com\/site\/oracao-da-meia-noite\/\"><div class=\"thumbnail-container animate-lazy  size-500 \"><img loading=\"lazy\" decoding=\"async\" width=\"360\" height=\"180\" src=\"https:\/\/igrejavidacomdeus.com\/site\/wp-content\/themes\/jnews\/assets\/img\/jeg-empty.png\" class=\"attachment-jnews-360x180 size-jnews-360x180 lazyload wp-post-image\" alt=\"Ora\u00e7\u00e3o da Meia noite\" data-src=\"https:\/\/igrejavidacomdeus.com\/site\/wp-content\/uploads\/2023\/06\/oracao00-360x180.jpg\" data-srcset=\"\" data-sizes=\"auto\" data-expand=\"700\" \/><\/div><\/a>\n\t\t\t\t\t<div class=\"jeg_post_category\">\n\t\t\t\t\t\t<span><a href=\"https:\/\/igrejavidacomdeus.com\/site\/category\/blog\/\" class=\"category-blog\">Blog<\/a><\/span>\n\t\t\t\t\t<\/div>\n\t\t\t\t<\/div>\n\t\t\t\t<div class=\"jeg_postblock_content\">\n\t\t\t\t\t<h3 property=\"headline\" class=\"jeg_post_title\">\n\t\t\t\t\t\t<a href=\"https:\/\/igrejavidacomdeus.com\/site\/oracao-da-meia-noite\/\">Ora\u00e7\u00e3o da Meia noite<\/a>\n\t\t\t\t\t<\/h3>\n\t\t\t\t\t<div class=\"jeg_post_meta\"><div class=\"jeg_meta_author\"><span class=\"by\">by<\/span> <a href=\"https:\/\/igrejavidacomdeus.com\/site\/author\/igrejavidacomdeus\/\">igrejavidacomdeus<\/a><\/div><div class=\"jeg_meta_date\"><a href=\"https:\/\/igrejavidacomdeus.com\/site\/oracao-da-meia-noite\/\"><i class=\"fa fa-clock-o\"><\/i> <\/a><\/div><div class=\"jeg_meta_comment\"><a href=\"https:\/\/igrejavidacomdeus.com\/site\/oracao-da-meia-noite\/\" ><i class=\"fa fa-comment-o\"><\/i> 0 <\/a><\/div><\/div>\n\t\t\t\t\t<div class=\"jeg_post_excerpt\">\n\t\t\t\t\t\t<p><\/p>\n\t\t\t\t\t\t<a href=\"https:\/\/igrejavidacomdeus.com\/site\/oracao-da-meia-noite\/\" class=\"jeg_readmore\">Read more<\/a>\n\t\t\t\t\t<\/div>\n\t\t\t\t<\/div>\n\t\t\t\t\t<\/article>\n\t\t\t\t\t<div class=\"jeg_postsmall col-sm-6\">\n\t\t\t\t\t\t<article class=\"jeg_post jeg_pl_sm format-standard\">\n\t\t\t\t\t<div class=\"jeg_thumb\">\n\t\t\t\t\t\t\n\t\t\t\t\t\t<a href=\"https:\/\/igrejavidacomdeus.com\/site\/a-troca-do-espirito\/\">\n\t\t\t\t\t\t\t<div class=\"thumbnail-container animate-lazy  size-715 \"><img loading=\"lazy\" decoding=\"async\" width=\"120\" height=\"86\" src=\"https:\/\/igrejavidacomdeus.com\/site\/wp-content\/themes\/jnews\/assets\/img\/jeg-empty.png\" class=\"attachment-jnews-120x86 size-jnews-120x86 lazyload wp-post-image\" alt=\"A Troca do Esp\u00edrito\" sizes=\"auto, (max-width: 120px) 100vw, 120px\" data-src=\"https:\/\/igrejavidacomdeus.com\/site\/wp-content\/uploads\/2023\/06\/trocadeespirito-120x86.jpg\" data-srcset=\"https:\/\/igrejavidacomdeus.com\/site\/wp-content\/uploads\/2023\/06\/trocadeespirito-120x86.jpg 120w, https:\/\/igrejavidacomdeus.com\/site\/wp-content\/uploads\/2023\/06\/trocadeespirito-350x250.jpg 350w\" data-sizes=\"auto\" data-expand=\"700\" \/><\/div>\n\t\t\t\t\t\t<\/a>\n\t\t\t\t\t<\/div>\n\t\t\t\t\t<div class=\"jeg_postblock_content\">\n\t\t\t\t\t\t<h3 class=\"jeg_post_title\">\n\t\t\t\t\t\t\t<a href=\"https:\/\/igrejavidacomdeus.com\/site\/a-troca-do-espirito\/\">A Troca do Esp\u00edrito<\/a>\n\t\t\t\t\t\t<\/h3>\n\t\t\t\t\t\t<div class=\"jeg_post_meta\"><div class=\"jeg_meta_date\"><a href=\"https:\/\/igrejavidacomdeus.com\/site\/a-troca-do-espirito\/\" ><i class=\"fa fa-clock-o\"><\/i> <\/a><\/div><\/div>\n\t\t\t\t\t<\/div>\n\t\t\t\t<\/article><article class=\"jeg_post jeg_pl_sm format-standard\">\n\t\t\t\t\t<div class=\"jeg_thumb\">\n\t\t\t\t\t\t\n\t\t\t\t\t\t<a href=\"https:\/\/igrejavidacomdeus.com\/site\/reencontro\/\">\n\t\t\t\t\t\t\t<div class=\"thumbnail-container animate-lazy  size-715 \"><img loading=\"lazy\" decoding=\"async\" width=\"120\" height=\"86\" src=\"https:\/\/igrejavidacomdeus.com\/site\/wp-content\/themes\/jnews\/assets\/img\/jeg-empty.png\" class=\"attachment-jnews-120x86 size-jnews-120x86 lazyload wp-post-image\" alt=\"REENCONTRO\" sizes=\"auto, (max-width: 120px) 100vw, 120px\" data-src=\"https:\/\/igrejavidacomdeus.com\/site\/wp-content\/uploads\/2023\/03\/reecontro-no-site-120x86.jpg\" data-srcset=\"https:\/\/igrejavidacomdeus.com\/site\/wp-content\/uploads\/2023\/03\/reecontro-no-site-120x86.jpg 120w, https:\/\/igrejavidacomdeus.com\/site\/wp-content\/uploads\/2023\/03\/reecontro-no-site-350x250.jpg 350w\" data-sizes=\"auto\" data-expand=\"700\" \/><\/div>\n\t\t\t\t\t\t<\/a>\n\t\t\t\t\t<\/div>\n\t\t\t\t\t<div class=\"jeg_postblock_content\">\n\t\t\t\t\t\t<h3 class=\"jeg_post_title\">\n\t\t\t\t\t\t\t<a href=\"https:\/\/igrejavidacomdeus.com\/site\/reencontro\/\">REENCONTRO<\/a>\n\t\t\t\t\t\t<\/h3>\n\t\t\t\t\t\t<div class=\"jeg_post_meta\"><div class=\"jeg_meta_date\"><a href=\"https:\/\/igrejavidacomdeus.com\/site\/reencontro\/\" ><i class=\"fa fa-clock-o\"><\/i> <\/a><\/div><\/div>\n\t\t\t\t\t<\/div>\n\t\t\t\t<\/article><article class=\"jeg_post jeg_pl_sm format-standard\">\n\t\t\t\t\t<div class=\"jeg_thumb\">\n\t\t\t\t\t\t\n\t\t\t\t\t\t<a href=\"https:\/\/igrejavidacomdeus.com\/site\/verdade-seja-dita\/\">\n\t\t\t\t\t\t\t<div class=\"thumbnail-container animate-lazy  size-715 \"><img loading=\"lazy\" decoding=\"async\" width=\"120\" height=\"86\" src=\"https:\/\/igrejavidacomdeus.com\/site\/wp-content\/themes\/jnews\/assets\/img\/jeg-empty.png\" class=\"attachment-jnews-120x86 size-jnews-120x86 lazyload wp-post-image\" alt=\"Verdade Seja Dita\" sizes=\"auto, (max-width: 120px) 100vw, 120px\" data-src=\"https:\/\/igrejavidacomdeus.com\/site\/wp-content\/uploads\/2022\/08\/terca-120x86.jpg\" data-srcset=\"https:\/\/igrejavidacomdeus.com\/site\/wp-content\/uploads\/2022\/08\/terca-120x86.jpg 120w, https:\/\/igrejavidacomdeus.com\/site\/wp-content\/uploads\/2022\/08\/terca-350x250.jpg 350w, https:\/\/igrejavidacomdeus.com\/site\/wp-content\/uploads\/2022\/08\/terca-750x536.jpg 750w\" data-sizes=\"auto\" data-expand=\"700\" \/><\/div>\n\t\t\t\t\t\t<\/a>\n\t\t\t\t\t<\/div>\n\t\t\t\t\t<div class=\"jeg_postblock_content\">\n\t\t\t\t\t\t<h3 class=\"jeg_post_title\">\n\t\t\t\t\t\t\t<a href=\"https:\/\/igrejavidacomdeus.com\/site\/verdade-seja-dita\/\">Verdade Seja Dita<\/a>\n\t\t\t\t\t\t<\/h3>\n\t\t\t\t\t\t<div class=\"jeg_post_meta\"><div class=\"jeg_meta_date\"><a href=\"https:\/\/igrejavidacomdeus.com\/site\/verdade-seja-dita\/\" ><i class=\"fa fa-clock-o\"><\/i> <\/a><\/div><\/div>\n\t\t\t\t\t<\/div>\n\t\t\t\t<\/article><article class=\"jeg_post jeg_pl_sm format-standard\">\n\t\t\t\t\t<div class=\"jeg_thumb\">\n\t\t\t\t\t\t\n\t\t\t\t\t\t<a href=\"https:\/\/igrejavidacomdeus.com\/site\/termino-da-campanha-de-21-dias-de-jejum-e-oracao-deus-abencoe-a-todos-que-tiveram-a-oportunidade-de-participar-ouvindo-algumas-mensagens\/\">\n\t\t\t\t\t\t\t<div class=\"thumbnail-container animate-lazy  size-715 \"><img loading=\"lazy\" decoding=\"async\" width=\"120\" height=\"86\" src=\"https:\/\/igrejavidacomdeus.com\/site\/wp-content\/themes\/jnews\/assets\/img\/jeg-empty.png\" class=\"attachment-jnews-120x86 size-jnews-120x86 lazyload wp-post-image\" alt=\"T\u00e9rmino da campanha de 21 dias de jejum e ora\u00e7\u00e3o. Deus aben\u00e7oe a todos que tiveram a oportunidade de participar ouvindo algumas mensagens\" sizes=\"auto, (max-width: 120px) 100vw, 120px\" data-src=\"https:\/\/igrejavidacomdeus.com\/site\/wp-content\/uploads\/2022\/08\/jejum-dia-21-120x86.jpg\" data-srcset=\"https:\/\/igrejavidacomdeus.com\/site\/wp-content\/uploads\/2022\/08\/jejum-dia-21-120x86.jpg 120w, https:\/\/igrejavidacomdeus.com\/site\/wp-content\/uploads\/2022\/08\/jejum-dia-21-350x250.jpg 350w\" data-sizes=\"auto\" data-expand=\"700\" \/><\/div>\n\t\t\t\t\t\t<\/a>\n\t\t\t\t\t<\/div>\n\t\t\t\t\t<div class=\"jeg_postblock_content\">\n\t\t\t\t\t\t<h3 class=\"jeg_post_title\">\n\t\t\t\t\t\t\t<a href=\"https:\/\/igrejavidacomdeus.com\/site\/termino-da-campanha-de-21-dias-de-jejum-e-oracao-deus-abencoe-a-todos-que-tiveram-a-oportunidade-de-participar-ouvindo-algumas-mensagens\/\">T\u00e9rmino da campanha de 21 dias de jejum e ora\u00e7\u00e3o. Deus aben\u00e7oe a todos que tiveram a oportunidade de participar ouvindo algumas mensagens<\/a>\n\t\t\t\t\t\t<\/h3>\n\t\t\t\t\t\t<div class=\"jeg_post_meta\"><div class=\"jeg_meta_date\"><a href=\"https:\/\/igrejavidacomdeus.com\/site\/termino-da-campanha-de-21-dias-de-jejum-e-oracao-deus-abencoe-a-todos-que-tiveram-a-oportunidade-de-participar-ouvindo-algumas-mensagens\/\" ><i class=\"fa fa-clock-o\"><\/i> <\/a><\/div><\/div>\n\t\t\t\t\t<\/div>\n\t\t\t\t<\/article>\n\t\t\t\t\t<\/div>\n\t\t\t\t<\/div>\n\t\t\t\t\t<div class='module-overlay'>\n\t\t\t\t    <div class='preloader_type preloader_dot'>\n\t\t\t\t        <div class=\"module-preloader jeg_preloader dot\">\n\t\t\t\t            <span><\/span><span><\/span><span><\/span>\n\t\t\t\t        <\/div>\n\t\t\t\t        <div class=\"module-preloader jeg_preloader circle\">\n\t\t\t\t            <div class=\"jnews_preloader_circle_outer\">\n\t\t\t\t                <div class=\"jnews_preloader_circle_inner\"><\/div>\n\t\t\t\t            <\/div>\n\t\t\t\t        <\/div>\n\t\t\t\t        <div class=\"module-preloader jeg_preloader square\">\n\t\t\t\t            <div class=\"jeg_square\">\n\t\t\t\t                <div class=\"jeg_square_inner\"><\/div>\n\t\t\t\t            <\/div>\n\t\t\t\t        <\/div>\n\t\t\t\t    <\/div>\n\t\t\t\t<\/div>\n\t\t\t\t<\/div>\n\t\t\t\t<div class=\"jeg_block_navigation\">\n\t\t\t\t\t<div class='navigation_overlay'><div class='module-preloader jeg_preloader'><span><\/span><span><\/span><span><\/span><\/div><\/div>\n\t\t\t\t\t\n\t\t\t\t\t\n\t\t\t\t<\/div>\n\t\t\t\t\t\n\t\t\t\t\t<script>var jnews_module__2_69f4f4e150fe3 = {\"header_icon\":\"\",\"first_title\":\"\",\"second_title\":\"\",\"url\":\"\",\"header_type\":\"heading_6\",\"header_background\":\"\",\"header_secondary_background\":\"\",\"header_text_color\":\"\",\"header_line_color\":\"\",\"header_accent_color\":\"\",\"header_filter_category\":\"\",\"header_filter_author\":\"\",\"header_filter_tag\":\"\",\"header_filter_text\":\"All\",\"post_type\":\"post\",\"content_type\":\"all\",\"number_post\":\"5\",\"post_offset\":\"0\",\"unique_content\":\"disable\",\"include_post\":\"\",\"exclude_post\":\"\",\"include_category\":\"\",\"exclude_category\":\"\",\"include_author\":\"\",\"include_tag\":\"\",\"exclude_tag\":\"\",\"product_brand\":\"\",\"product_cat\":\"\",\"product_tag\":\"\",\"sort_by\":\"latest\",\"date_format\":\"default\",\"date_format_custom\":\"Y\\\/m\\\/d\",\"excerpt_length\":\"20\",\"excerpt_ellipsis\":\"...\",\"force_normal_image_load\":\"\",\"pagination_mode\":\"disable\",\"pagination_nextprev_showtext\":\"\",\"pagination_number_post\":5,\"pagination_scroll_limit\":0,\"boxed\":\"\",\"boxed_shadow\":\"\",\"el_id\":\"\",\"el_class\":\"\",\"scheme\":\"\",\"column_width\":\"auto\",\"title_color\":\"\",\"accent_color\":\"\",\"alt_color\":\"\",\"excerpt_color\":\"\",\"css\":\"\",\"compatible_column_notice\":\"\",\"paged\":1,\"column_class\":\"jeg_col_2o3\",\"class\":\"jnews_block_1\"};<\/script>\n\t\t\t\t<\/div>[\/vc_column][\/vc_row]<\/p>\n<\/div>","protected":false},"excerpt":{"rendered":"<p>[vc_row][vc_column][vc_column_text] Ol\u00e1 amigo(a), me o que esta enfrentando e vamos orar e pedir a Deus por sua causa. Se precisa de uma palavra amiga conte conosco. Deus te aben\u00e7oe [\/vc_column_text][\/vc_column][\/vc_row][vc_row][vc_column width=&#8221;2\/3&#8243;][vc_single_image image=&#8221;1099&#8243; img_size=&#8221;inteira&#8221; alignment=&#8221;center&#8221; css_animation=&#8221;fadeIn&#8221;][\/vc_column][vc_column width=&#8221;1\/3&#8243;][vc_posts_slider count=&#8221;3&#8243; interval=&#8221;3&#8243; orderby=&#8221;rand&#8221;][\/vc_column][\/vc_row][vc_row][vc_column][\/vc_column][vc_column][\/vc_column][\/vc_row][vc_row][vc_column][\/vc_column][\/vc_row]<\/p>\n","protected":false},"author":8,"featured_media":0,"parent":0,"menu_order":0,"comment_status":"closed","ping_status":"closed","template":"","meta":{"footnotes":""},"class_list":["post-1150","page","type-page","status-publish","hentry"],"_links":{"self":[{"href":"https:\/\/igrejavidacomdeus.com\/site\/wp-json\/wp\/v2\/pages\/1150","targetHints":{"allow":["GET"]}}],"collection":[{"href":"https:\/\/igrejavidacomdeus.com\/site\/wp-json\/wp\/v2\/pages"}],"about":[{"href":"https:\/\/igrejavidacomdeus.com\/site\/wp-json\/wp\/v2\/types\/page"}],"author":[{"embeddable":true,"href":"https:\/\/igrejavidacomdeus.com\/site\/wp-json\/wp\/v2\/users\/8"}],"replies":[{"embeddable":true,"href":"https:\/\/igrejavidacomdeus.com\/site\/wp-json\/wp\/v2\/comments?post=1150"}],"version-history":[{"count":11,"href":"https:\/\/igrejavidacomdeus.com\/site\/wp-json\/wp\/v2\/pages\/1150\/revisions"}],"predecessor-version":[{"id":2753,"href":"https:\/\/igrejavidacomdeus.com\/site\/wp-json\/wp\/v2\/pages\/1150\/revisions\/2753"}],"wp:attachment":[{"href":"https:\/\/igrejavidacomdeus.com\/site\/wp-json\/wp\/v2\/media?parent=1150"}],"curies":[{"name":"wp","href":"https:\/\/api.w.org\/{rel}","templated":true}]}}